{"id":12053,"date":"2026-04-10T16:44:41","date_gmt":"2026-04-10T14:44:41","guid":{"rendered":"https:\/\/commercialaudio.pl\/?post_type=product&#038;p=12053"},"modified":"2026-04-11T11:03:02","modified_gmt":"2026-04-11T09:03:02","slug":"kabel-wieloparowy-z-indywidualnymi-powlokami-par-van-damme-blue-series-studio-grade-up-ofc-pre-jacketed-multicore","status":"publish","type":"product","link":"https:\/\/commercialaudio.pl\/cs\/produkt\/kabel-wieloparowy-z-indywidualnymi-powlokami-par-van-damme-blue-series-studio-grade-up-ofc-pre-jacketed-multicore\/","title":{"rendered":"V\u00edce\u017eilov\u00fd kabel s povlaky pro jednotliv\u00e9 p\u00e1ry - Van Damme Blue Series Studio Grade UP-OFC Pre-Jacketed Multicore"},"content":{"rendered":"<h1 style=\"text-align: center;\"><b>VAN DAMME BLUE SERIES STUDIO GRADE UP-OFC PRE-JACKETED MULTICORE &#8211; KABEL WIELOPAROWY Z INDYWIDUALNYMI POW\u0141OKAMI PAR<\/b><\/h1>\n<p><span style=\"font-weight: 400;\">Tento analogov\u00fd v\u00edcep\u00e1rov\u00fd kabel s jednotliv\u011b izolovan\u00fdmi p\u00e1ry je kabelem prvn\u00ed volby pro profesion\u00e1ln\u00ed u\u017eivatele. Je mimo\u0159\u00e1dn\u011b pru\u017en\u00fd, zvukov\u011b transparentn\u00ed a promy\u0161len\u00fd do nejmen\u0161\u00edch detail\u016f \u2013 jednotliv\u00e9 p\u00e1ry maj\u00ed dvoj\u00ed ozna\u010den\u00ed: jak \u010d\u00edseln\u00e9, tak barevn\u00e9. Tento kabel s p\u0159ehledem spl\u0148uje p\u0159\u00edsn\u00e9 po\u017eadavky studiov\u00fdch in\u017een\u00fdr\u016f, instala\u010dn\u00edch technik\u016f i v\u00fdrobc\u016f za\u0159\u00edzen\u00ed. Byl \u00fasp\u011b\u0161n\u011b zaveden a je \u0161iroce pou\u017e\u00edv\u00e1n ve studi\u00edch po cel\u00e9m sv\u011bt\u011b \u2013 od stanice BBC a\u017e po legend\u00e1rn\u00ed Abbey Road.<\/span><\/p>\n<h4><strong>Technick\u00e9 specifikace:<\/strong><\/h4>\n<ul>\n<li><strong>Maxim\u00e1ln\u00ed d\u00e9lka c\u00edvky <\/strong>500 m<\/li>\n<li><strong>Kabely <\/strong>28 x 0,10 neizolovan\u00fdch vodi\u010d\u016f z ultra\u010dist\u00e9 bezkysl\u00edkat\u00e9 m\u011bdi<\/li>\n<li><strong>Rozm\u011bry kabel\u016f<\/strong> 28 \u00d7 0,10 mm, 0,22 mm\u00b2, AWG 24\/28<\/li>\n<li><strong>Izolace<\/strong> Polypropylen<\/li>\n<li><strong>Typ displeje<\/strong> Hlin\u00edko-polyesterov\u00e1 f\u00f3lie o tlou\u0161\u0165ce 24 \u00b5m &gt;150% kryt\u00ed<\/li>\n<li><strong>Parot\u011bsn\u00e1 izolace <\/strong>PVC kompozit, barva saf\u00edrov\u011b modr\u00e1 RAL 5003<\/li>\n<li><strong>Odvodn\u00ed potrub\u00ed<\/strong> 19 \u00d7 0,12 mm, poc\u00ednovan\u00e1 bezkysl\u00edkov\u00e1 m\u011b\u010f nejvy\u0161\u0161\u00ed \u010distoty<\/li>\n<\/ul>\n<h5><strong>Celkov\u00e1 konstrukce<\/strong><\/h5>\n<ul>\n<li><strong>Materi\u00e1l vn\u011bj\u0161\u00edho pl\u00e1\u0161t\u011b<\/strong> Pru\u017en\u00fd PVC kompozit, barva Jet Black RAL 9005<\/li>\n<li><strong>Polom\u011br ohybu<\/strong> 10n\u00e1sobek celkov\u00e9ho pr\u016fm\u011bru<\/li>\n<li><strong>Odpor<\/strong>\n<ul>\n<li>Vodi\u010d 90 \u03a9\/km<\/li>\n<li>Izolace &gt;5000 M\u03a9\/km<\/li>\n<\/ul>\n<\/li>\n<li><strong>Kapacita<\/strong>\n<ul>\n<li>Mezi j\u00e1dry 100 pF\/m<\/li>\n<li>Mezi j\u00e1drem a st\u00edn\u011bn\u00edm 200 pF\/m<\/li>\n<\/ul>\n<\/li>\n<\/ul>\n<ul>\n<li style=\"list-style-type: none;\"><\/li>\n<\/ul>\n<div id=\"product-specifications\" class=\"vc_row wpb_row vc_row-fluid vc_custom_1538047796574\">\n<div class=\"wpb_column vc_column_container vc_col-sm-12\">\n<div class=\"vc_column-inner\">\n<div class=\"wpb_wrapper\">\n<div class=\"vc_tta-container\" data-vc-action=\"collapse\">\n<div class=\"vc_general vc_tta vc_tta-tabs vc_tta-color-grey vc_tta-style-classic vc_tta-shape-square vc_tta-o-shape-group vc_tta-tabs-position-top vc_tta-controls-align-left\">\n<div class=\"vc_tta-panels-container\">\n<div class=\"vc_tta-panels\">\n<div id=\"1537534903486-fd935797-f35124df-956f\" class=\"vc_tta-panel vc_active\" data-vc-content=\".vc_tta-panel-body\">\n<div class=\"vc_tta-panel-body\">\n<div class=\"wpb_vc_table wpb_content_element spec-tables spec-tables\">\n<table style=\"height: 92px; width: 1027px; border-style: solid; border-color: #000000;\" border=\"3px\">\n<tbody>\n<tr class=\"vc-th\" style=\"height: 23px;\">\n<td class=\"vc_table_cell\" style=\"height: 23px; width: 145px;\"><span class=\"vc_table_content\">\u010c\u00edslo modelu\u00a0<\/span><\/td>\n<td class=\"vc_table_cell\" style=\"height: 23px; width: 596px;\"><span class=\"vc_table_content\">Popis<\/span><\/td>\n<td style=\"width: 142px;\"><span class=\"vc_table_content\">K\u00f3d RAL<\/span><\/td>\n<td class=\"vc_table_cell\" style=\"height: 23px; width: 144px;\"><span class=\"vc_table_content\">D\u00e9lka c\u00edvky\u00a0<\/span><\/td>\n<\/tr>\n<tr>\n<td class=\"vc_table_cell\" style=\"width: 145px;\"><span class=\"vc_table_content\">268-202-060<\/span><\/td>\n<td class=\"vc_table_cell\" style=\"width: 596px;\"><span class=\"vc_table_content\">Van Damme Blue Series Studio Grade, 2 p\u00e1ry v\u00edce\u017eilov\u00fdch kabel\u016f<\/span><\/td>\n<td class=\"vc_table_cell\" style=\"width: 142px;\"><span class=\"vc_table_content\">7.50<\/span><\/td>\n<td class=\"vc_table_cell\" style=\"width: 144px;\"><span class=\"vc_table_content\">500 m<\/span><\/td>\n<\/tr>\n<tr>\n<td class=\"vc_table_cell\" style=\"width: 145px;\"><span class=\"vc_table_content\">268-204-060<\/span><\/td>\n<td class=\"vc_table_cell\" style=\"width: 596px;\"><span class=\"vc_table_content\">Van Damme Blue Series Studio Grade, 4 p\u00e1ry v\u00edce\u017eilov\u00fdch kabel\u016f<\/span><\/td>\n<td class=\"vc_table_cell\" style=\"width: 142px;\"><span class=\"vc_table_content\">9.60<\/span><\/td>\n<td class=\"vc_table_cell\" style=\"width: 144px;\"><span class=\"vc_table_content\">500 m<\/span><\/td>\n<\/tr>\n<tr>\n<td class=\"vc_table_cell\" style=\"width: 145px;\"><span class=\"vc_table_content\">268-208-060<\/span><\/td>\n<td class=\"vc_table_cell\" style=\"width: 596px;\"><span class=\"vc_table_content\">Van Damme Blue Series Studio Grade, 8 p\u00e1r\u016f, v\u00edce\u017eilov\u00e9 kabely<\/span><\/td>\n<td class=\"vc_table_cell\" style=\"width: 142px;\"><span class=\"vc_table_content\">12.20<\/span><\/td>\n<td class=\"vc_table_cell\" style=\"width: 144px;\"><span class=\"vc_table_content\">500 m<\/span><\/td>\n<\/tr>\n<tr>\n<td class=\"vc_table_cell\" style=\"width: 145px;\"><span class=\"vc_table_content\">268-212-060<\/span><\/td>\n<td class=\"vc_table_cell\" style=\"width: 596px;\"><span class=\"vc_table_content\">Van Damme Blue Series Studio Grade, 12 p\u00e1r\u016f, v\u00edce\u017eilov\u00e9 kabely<\/span><\/td>\n<td class=\"vc_table_cell\" style=\"width: 142px;\"><span class=\"vc_table_content\">14.30<\/span><\/td>\n<td class=\"vc_table_cell\" style=\"width: 144px;\"><span class=\"vc_table_content\">500 m<\/span><\/td>\n<\/tr>\n<tr>\n<td class=\"vc_table_cell\" style=\"width: 145px;\"><span class=\"vc_table_content\">268-216-060<\/span><\/td>\n<td class=\"vc_table_cell\" style=\"width: 596px;\"><span class=\"vc_table_content\">Van Damme Blue Series Studio Grade, 16 p\u00e1r\u016f, v\u00edce\u017eilov\u00e9 kabely<\/span><\/td>\n<td class=\"vc_table_cell\" style=\"width: 142px;\"><span class=\"vc_table_content\">16.30<\/span><\/td>\n<td class=\"vc_table_cell\" style=\"width: 144px;\"><span class=\"vc_table_content\">500 m<\/span><\/td>\n<\/tr>\n<tr>\n<td class=\"vc_table_cell\" style=\"width: 145px;\"><span class=\"vc_table_content\">268-224-060<\/span><\/td>\n<td class=\"vc_table_cell\" style=\"width: 596px;\"><span class=\"vc_table_content\">Van Damme Blue Series Studio Grade, 24 p\u00e1r\u016f, v\u00edce\u017eilov\u00e9 kabely<\/span><\/td>\n<td class=\"vc_table_cell\" style=\"width: 142px;\"><span class=\"vc_table_content\">20.80<\/span><\/td>\n<td class=\"vc_table_cell\" style=\"width: 144px;\"><span class=\"vc_table_content\">500 m<\/span><\/td>\n<\/tr>\n<tr>\n<td class=\"vc_table_cell\" style=\"width: 145px;\"><span class=\"vc_table_content\">268-232-060<\/span><\/td>\n<td class=\"vc_table_cell\" style=\"width: 596px;\"><span class=\"vc_table_content\">Van Damme Blue Series Studio Grade, 32 p\u00e1r\u016f, v\u00edce\u017eilov\u00e9 kabely<\/span><\/td>\n<td class=\"vc_table_cell\" style=\"width: 142px;\"><span class=\"vc_table_content\">22.10<\/span><\/td>\n<td class=\"vc_table_cell\" style=\"width: 144px;\"><span class=\"vc_table_content\">500 m<\/span><\/td>\n<\/tr>\n<tr>\n<td class=\"vc_table_cell\" style=\"width: 145px;\"><span class=\"vc_table_content\">268-248-090<\/span><\/td>\n<td class=\"vc_table_cell\" style=\"width: 596px;\"><span class=\"vc_table_content\">Van Damme Blue Series Studio Grade, 48 p\u00e1r\u016f, v\u00edce\u017eilov\u00e9 kabely<\/span><\/td>\n<td class=\"vc_table_cell\" style=\"width: 142px;\"><span class=\"vc_table_content\">26.30<\/span><\/td>\n<td class=\"vc_table_cell\" style=\"width: 144px;\"><span class=\"vc_table_content\">500 m<\/span><\/td>\n<\/tr>\n<\/tbody>\n<\/table>\n<\/div>\n<\/div>\n<\/div>\n<\/div>\n<\/div>\n<\/div>\n<\/div>\n<\/div>\n<\/div>\n<\/div>\n<\/div>\n<p>&nbsp;<\/p>","protected":false},"excerpt":{"rendered":"<h1 style=\"text-align: center;\"><b>VAN DAMME BLUE SERIES STUDIO GRADE UP-OFC p\u0159edizolovan\u00fd v\u00edce\u017eilov\u00fd kabel<\/b><\/h1>","protected":false},"featured_media":12054,"template":"","meta":{"_acf_changed":false,"_et_pb_use_builder":"","_et_pb_old_content":"","_et_gb_content_width":"","inline_featured_image":false},"product_cat":[302,300],"product_tag":[],"class_list":["post-12053","product","type-product","status-publish","has-post-thumbnail","product_cat-kable-analogowe","product_cat-van-damme","first","instock","shipping-taxable","product-type-simple"],"acf":[],"_links":{"self":[{"href":"https:\/\/commercialaudio.pl\/cs\/wp-json\/wp\/v2\/product\/12053","targetHints":{"allow":["GET"]}}],"collection":[{"href":"https:\/\/commercialaudio.pl\/cs\/wp-json\/wp\/v2\/product"}],"about":[{"href":"https:\/\/commercialaudio.pl\/cs\/wp-json\/wp\/v2\/types\/product"}],"wp:featuredmedia":[{"embeddable":true,"href":"https:\/\/commercialaudio.pl\/cs\/wp-json\/wp\/v2\/media\/12054"}],"wp:attachment":[{"href":"https:\/\/commercialaudio.pl\/cs\/wp-json\/wp\/v2\/media?parent=12053"}],"wp:term":[{"taxonomy":"product_cat","embeddable":true,"href":"https:\/\/commercialaudio.pl\/cs\/wp-json\/wp\/v2\/product_cat?post=12053"},{"taxonomy":"product_tag","embeddable":true,"href":"https:\/\/commercialaudio.pl\/cs\/wp-json\/wp\/v2\/product_tag?post=12053"}],"curies":[{"name":"wp","href":"https:\/\/api.w.org\/{rel}","templated":true}]}}