{"id":12179,"date":"2026-04-16T22:41:26","date_gmt":"2026-04-16T20:41:26","guid":{"rendered":"https:\/\/commercialaudio.pl\/?post_type=product&#038;p=12179"},"modified":"2026-04-21T10:00:06","modified_gmt":"2026-04-21T08:00:06","slug":"kabel-swiatlowodowy-van-damme-tourlight-tactical-fibre-cable","status":"publish","type":"product","link":"https:\/\/commercialaudio.pl\/cs\/produkt\/kabel-swiatlowodowy-van-damme-tourlight-tactical-fibre-cable\/","title":{"rendered":"Optick\u00fd kabel - taktick\u00fd optick\u00fd kabel Van Damme Tourlight"},"content":{"rendered":"<h1 style=\"text-align: center;\"><b>VAN DAMME TOURLIGHT TACTICAL FIBRE CABLE &#8211; KABEL \u015aWIAT\u0141OWODOWY<\/b><\/h1>\n<p><span style=\"font-weight: 400;\">Optick\u00e9 kabely Van Damme <\/span><b>Tourlight II Heavy Duty<\/b><span style=\"font-weight: 400;\"> a <\/span><b>Tourlight Low OD<\/b><span style=\"font-weight: 400;\"> byly navr\u017eeny tak, aby spl\u0148ovaly p\u0159\u00edsn\u00e9 po\u017eadavky trhu s venkovn\u00edmi p\u0159enosy (<\/span><b>OB<\/b><span style=\"font-weight: 400;\">), koncertn\u00edch turn\u00e9 (<\/span><b>turistika<\/b><span style=\"font-weight: 400;\">) a v oblasti po\u0159\u00e1d\u00e1n\u00ed akc\u00ed (<\/span><b>AV<\/b><span style=\"font-weight: 400;\">).<\/span><\/p>\n<p><span style=\"font-weight: 400;\">Konstrukce modelu <\/span><b>Tourlight II<\/b><span style=\"font-weight: 400;\"> \u2013 sest\u00e1vaj\u00edc\u00ed z vnit\u0159n\u00edho polyuretanov\u00e9ho pl\u00e1\u0161t\u011b nanesen\u00e9ho na j\u00e1dro z aramidov\u00e9 p\u0159\u00edze, pota\u017een\u00e9 sklen\u011bn\u00e9 p\u0159\u00edze a vn\u011bj\u0161\u00edho pl\u00e1\u0161t\u011b z PVC \u2013 zaru\u010duje vynikaj\u00edc\u00ed ochranu vl\u00e1ken a udr\u017een\u00ed jejich pohybu v p\u0159\u00edpustn\u00fdch mez\u00edch (<\/span><b>migra\u010dn\u00ed limity<\/b><span style=\"font-weight: 400;\">). Kabel <\/span><b>Tourlight Low OD<\/b><span style=\"font-weight: 400;\"> (se zmen\u0161en\u00fdm pr\u016fm\u011brem) m\u00e1 aramidov\u00e9 j\u00e1dro a pevn\u00fd vn\u011bj\u0161\u00ed pl\u00e1\u0161\u0165 z polyuretanu, d\u00edky \u010demu\u017e je optimalizov\u00e1n pro k\u0159\u00ed\u017een\u00ed a pou\u017eit\u00ed na kabelov\u00fdch bubnech.<\/span><\/p>\n<p><span style=\"font-weight: 400;\">Syst\u00e9my Tourlight jsou certifikov\u00e1ny spole\u010dnost\u00ed <\/span><b>Neutrik AG<\/b><span style=\"font-weight: 400;\"> pro pou\u017eit\u00ed s konektory <\/span><b>OpticalCon<\/b><span style=\"font-weight: 400;\">, jsou tak\u00e9 kompatibiln\u00ed s \u010do\u010dkov\u00fdmi konektory <\/span><b>HMA<\/b><span style=\"font-weight: 400;\"> (<\/span><b>Roz\u0161\u00ed\u0159en\u00fd paprsek<\/b><span style=\"font-weight: 400;\">) a dal\u0161\u00edmi podobn\u00fdmi \u0159e\u0161en\u00edmi. Hotov\u00e9 syst\u00e9my Tourlight si z\u00edskaly d\u016fv\u011bru profesion\u00e1l\u016f po cel\u00e9m sv\u011bt\u011b.<\/span><\/p>\n<h4><strong>Technick\u00e9 specifikace:<\/strong><\/h4>\n<h5><strong>Tourlight II:<br \/>\n<\/strong>288-004-050 OM3 multimodov\u00e9<\/h5>\n<ul>\n<li><strong>Typ vl\u00e1kna <\/strong>ISO\/IEC 11801 OM3<\/li>\n<li><strong>Pr\u016fm\u011br j\u00e1dra<\/strong> 50 \u00b1 2 \u00b5m<\/li>\n<li><strong>Pr\u016fm\u011br pl\u00e1\u0161t\u011b <\/strong>125 \u00b1 1 \u00b5m<\/li>\n<\/ul>\n<h5>OM3 multimode:<\/h5>\n<ul>\n<li><strong>Tlumen\u00ed p\u0159i 850 nm\u00a0<\/strong>\u2264 2,80 dB\/km<\/li>\n<li><strong>Tlumen\u00ed p\u0159i 1300 nm <\/strong><span class=\"vc_table_content\">\u2264 0,80 dB\/km<\/span><\/li>\n<li><strong>Propustnost @ 850 nm <\/strong>\u2265 1500 MHz\/km<\/li>\n<li><strong><strong>Propustnost p\u0159i 1300 nm <\/strong><\/strong>\u2265 500 MHz\/km<\/li>\n<\/ul>\n<h5>288-004-009<\/h5>\n<ul>\n<li><strong>Typ vl\u00e1kna <\/strong>ISO\/IEC 11801 OS1<\/li>\n<li><strong>Pr\u016fm\u011br j\u00e1dra<\/strong> 9 \u00b1 0,40 \u00b5m<\/li>\n<li><strong>Pr\u016fm\u011br pl\u00e1\u0161t\u011b <\/strong>125 \u00b1 0,7 \u00b5m<\/li>\n<\/ul>\n<h5>OS1 Singlemode:<\/h5>\n<ul>\n<li><strong><strong>Tlumen\u00ed p\u0159i 1310 nm <\/strong><\/strong>\u2264 0,35 dB\/km<\/li>\n<li><strong>Tlumen\u00ed @1383 nm\u00a0<\/strong>\u2264 0,35 dB\/km<\/li>\n<li><strong>Tlumen\u00ed p\u0159i 1550 nm\u00a0<\/strong>\u2264 0,25 dB\/km<\/li>\n<li><strong>Tlumen\u00ed p\u0159i 1625 nm\u00a0<\/strong>\u2264 0,28 dB\/km<\/li>\n<\/ul>\n<h5><strong>Celkov\u00e1 konstrukce:<\/strong><\/h5>\n<ul>\n<li><strong>Materi\u00e1l obkladu<\/strong> Poliesterov\u00fd elastomer<\/li>\n<li><strong>Pr\u016fm\u011br pokryt\u00ed<\/strong> 900 \u00b5m<\/li>\n<li><strong>Barvy<\/strong> Modr\u00e1, \u017elut\u00e1, \u010derven\u00e1, b\u00edl\u00e1<\/li>\n<li><strong>V\u00fdztu\u017en\u00e9 prvky<\/strong> Aramidov\u00e1 p\u0159\u00edze<\/li>\n<li><strong>Vnit\u0159n\u00ed vrstva<\/strong> Polyuretan<\/li>\n<li><strong>Brn\u011bn\u00ed<\/strong> Povlakovan\u00e1 sklen\u011bn\u00e1 p\u0159\u00edze<\/li>\n<li><strong>Materi\u00e1l povrchu<\/strong> Speci\u00e1ln\u00ed PVC kompozit v barv\u011b Jet Black RAL 9005<\/li>\n<li><strong>Celkov\u00fd pr\u016fm\u011br<\/strong> 8,50 \u00b1 0,50 mm<\/li>\n<li><strong>Polom\u011br ohybu<\/strong>a 10 \u00d7 celkov\u00fd pr\u016fm\u011br<\/li>\n<\/ul>\n<h5><strong>Mechanick\u00e9 zkou\u0161ky:<\/strong><\/h5>\n<ul>\n<li><strong>Pevnostn\u00ed vlastnosti p\u0159i tahu <\/strong>IEC 60794-1-2-E1: 2400 N<\/li>\n<li><strong>Odolnost proti rozdrcen\u00ed <\/strong>IEC 60794-1-2-E3: 4000 N\/100 mm<\/li>\n<li><strong>\u00dader <\/strong>IEC 60794-1-2-E4: 15 Nm<\/li>\n<\/ul>\n<h5><strong>Tourlight Low OD:<br \/>\n<\/strong>288-104-050<\/h5>\n<ul>\n<li><strong>Typ vl\u00e1kna <\/strong>ISO\/IEC 11801 OM3<\/li>\n<li><strong>Pr\u016fm\u011br j\u00e1dra<\/strong> 50 \u00b1 2,5 \u00b5m<\/li>\n<li><strong>Pr\u016fm\u011br pl\u00e1\u0161t\u011b <\/strong>125 \u00b1 1 \u00b5m<\/li>\n<\/ul>\n<h5>OM3 multimode:<\/h5>\n<ul>\n<li><strong>Tlumen\u00ed p\u0159i 850 nm <\/strong>\u2264 2,80 dB\/km<\/li>\n<li><strong>Tlumen\u00ed p\u0159i 1300 nm\u00a0<\/strong>\u2264 0,80 dB\/km<\/li>\n<li><strong>Propustnost @ 850 nm\u00a0<\/strong>\u2265 1500 MHz\/km<\/li>\n<li><strong>Propustnost p\u0159i 1300 nm\u00a0<\/strong>\u2265 500 MHz\/km<\/li>\n<\/ul>\n<h5>288-104-009<\/h5>\n<ul>\n<li><strong>Typ vl\u00e1kna <\/strong>ISO\/IEC 11801 OS1<\/li>\n<li><strong>Pr\u016fm\u011br j\u00e1dra<\/strong> 9 \u00b1 0,40 \u00b5m<\/li>\n<li><strong>Pr\u016fm\u011br pl\u00e1\u0161t\u011b <\/strong>125 \u00b1 0,7 \u00b5m<\/li>\n<\/ul>\n<h5>OS1 Singlemode:<\/h5>\n<ul>\n<li><strong>Tlumen\u00ed p\u0159i 1310 nm\u00a0<\/strong>\u2264 0,35 dB\/km<\/li>\n<li><strong>Tlumen\u00ed p\u0159i 1550 nm\u00a0<\/strong>\u2264 0,25 dB\/km<\/li>\n<\/ul>\n<h5><strong>Celkov\u00e1 konstrukce:<\/strong><\/h5>\n<ul>\n<li><strong>Materi\u00e1l obkladu<\/strong> Poliesterov\u00fd elastomer<\/li>\n<li><strong>Pr\u016fm\u011br pokryt\u00ed<\/strong> 900 \u00b5m<\/li>\n<li><strong>Barvy<\/strong> Modr\u00e1, \u017elut\u00e1, \u010derven\u00e1, b\u00edl\u00e1<\/li>\n<li><strong>V\u00fdztu\u017en\u00e9 prvky<\/strong> Aramidov\u00e1 p\u0159\u00edze<\/li>\n<li><strong>Materi\u00e1l povrchu<\/strong> Speci\u00e1ln\u00ed PVC kompozit v barv\u011b Jet Black RAL 9005<\/li>\n<li><strong>Celkov\u00fd pr\u016fm\u011br<\/strong> 5,80 \u00b1 0,30 mm<\/li>\n<li><strong>Polom\u011br ohybu<\/strong>a 15 \u00d7 celkov\u00fd pr\u016fm\u011br<\/li>\n<\/ul>\n<h5><strong>Mechanick\u00e9 zkou\u0161ky:<\/strong><\/h5>\n<ul>\n<li><strong>Pevnostn\u00ed vlastnosti p\u0159i tahu <\/strong>IEC 60794-1-2-E1: 2400 N<\/li>\n<\/ul>\n<ul>\n<li style=\"list-style-type: none;\"><\/li>\n<\/ul>\n<div id=\"product-specifications\" class=\"vc_row wpb_row vc_row-fluid vc_custom_1538047796574\">\n<div class=\"wpb_column vc_column_container vc_col-sm-12\">\n<div class=\"vc_column-inner\">\n<div class=\"wpb_wrapper\">\n<div class=\"vc_tta-container\" data-vc-action=\"collapse\"><\/div>\n<\/div>\n<\/div>\n<\/div>\n<\/div>\n<div id=\"product-specifications\" class=\"vc_row wpb_row vc_row-fluid vc_custom_1538047796574\">\n<div class=\"wpb_column vc_column_container vc_col-sm-12\">\n<div class=\"vc_column-inner\">\n<div class=\"wpb_wrapper\">\n<div class=\"vc_tta-container\" data-vc-action=\"collapse\">\n<div class=\"vc_general vc_tta vc_tta-tabs vc_tta-color-grey vc_tta-style-classic vc_tta-shape-square vc_tta-o-shape-group vc_tta-tabs-position-top vc_tta-controls-align-left\">\n<div class=\"vc_tta-panels-container\">\n<div class=\"vc_tta-panels\">\n<div id=\"1537534903486-fd935797-f35124df-956f\" class=\"vc_tta-panel vc_active\" data-vc-content=\".vc_tta-panel-body\">\n<div class=\"vc_tta-panel-body\">\n<div class=\"wpb_vc_table wpb_content_element spec-tables spec-tables\">\n<table style=\"height: 48px; width: 1080px; border-style: solid; border-color: #000000;\" border=\"3px\">\n<tbody>\n<tr class=\"vc-th\" style=\"height: 23px;\">\n<td class=\"vc_table_cell\" style=\"height: 23px; width: 106px;\"><span class=\"vc_table_content\">\u010c\u00edslo modelu\u00a0<\/span><\/td>\n<td class=\"vc_table_cell\" style=\"height: 23px; width: 473px;\"><span class=\"vc_table_content\">Popis<\/span><\/td>\n<td style=\"width: 116px; height: 23px;\">D\u00e9lka c\u00edvky<\/td>\n<\/tr>\n<tr>\n<td class=\"vc_table_cell\" style=\"width: 106px;\"><span class=\"vc_table_content\">288-004-050<\/span><\/td>\n<td class=\"vc_table_cell\" style=\"width: 473px;\"><span class=\"vc_table_content\">Van Damme Tourlight II OM3, \u010dty\u0159\u017eilov\u00e9 multimodov\u00e9 optick\u00e9 vl\u00e1kno<\/span><\/td>\n<td class=\"vc_table_cell\" style=\"width: 116px;\"><span class=\"vc_table_content\">500 m<\/span><\/td>\n<\/tr>\n<tr>\n<td class=\"vc_table_cell\" style=\"width: 106px;\"><span class=\"vc_table_content\">288-004-009<\/span><\/td>\n<td class=\"vc_table_cell\" style=\"width: 473px;\"><span class=\"vc_table_content\">Van Damme Tourlight II OS1 jednovidov\u00e9 \u010dty\u0159j\u00e1drov\u00e9 optick\u00e9 vl\u00e1kno<\/span><\/td>\n<td class=\"vc_table_cell\" style=\"width: 116px;\"><span class=\"vc_table_content\">500 m<\/span><\/td>\n<\/tr>\n<tr>\n<td class=\"vc_table_cell\" style=\"width: 106px;\"><span class=\"vc_table_content\">288-104-050<\/span><\/td>\n<td class=\"vc_table_cell\" style=\"width: 473px;\"><span class=\"vc_table_content\">Van Damme Tourlight Low OD OM3 multimodov\u00e9 4-\u017eilov\u00e9 optick\u00e9 vl\u00e1kno<\/span><\/td>\n<td class=\"vc_table_cell\" style=\"width: 116px;\"><span class=\"vc_table_content\">500 m<\/span><\/td>\n<\/tr>\n<tr>\n<td class=\"vc_table_cell\" style=\"width: 106px;\"><span class=\"vc_table_content\">288-104-009<\/span><\/td>\n<td class=\"vc_table_cell\" style=\"width: 473px;\"><span class=\"vc_table_content\">Van Damme Tourlight Low OD OS1 jednovidov\u00e9 \u010dty\u0159\u017eilov\u00e9 optick\u00e9 vl\u00e1kno<\/span><\/td>\n<td class=\"vc_table_cell\" style=\"width: 116px;\"><span class=\"vc_table_content\">1 000 m<\/span><\/td>\n<\/tr>\n<tr>\n<td class=\"vc_table_cell\" style=\"width: 106px;\"><span class=\"vc_table_content\">268-662-022<\/span><\/td>\n<td class=\"vc_table_cell\" style=\"width: 473px;\"><span class=\"vc_table_content\">Van Damme TourCat 2 x Cat 6A, 2 x AES p\u00e1r, 3 x 2,5 mm\u00b2 v\u00edce\u017eilov\u00fd nap\u00e1jec\u00ed kabel<\/span><\/td>\n<td class=\"vc_table_cell\" style=\"width: 116px;\"><span class=\"vc_table_content\">500 m<\/span><\/td>\n<\/tr>\n<tr>\n<td class=\"vc_table_cell\" style=\"width: 106px;\"><span class=\"vc_table_content\">268-622-084<\/span><\/td>\n<td class=\"vc_table_cell\" style=\"width: 473px;\"><span class=\"vc_table_content\">Van Damme TourCat 4 x Cat 6A, 8 x AES p\u00e1ry, 3 x 2,5 mm\u00b2 v\u00edce\u017eilov\u00fd nap\u00e1jec\u00ed kabel<\/span><\/td>\n<td class=\"vc_table_cell\" style=\"width: 116px;\"><span class=\"vc_table_content\">500 m<\/span><\/td>\n<\/tr>\n<\/tbody>\n<\/table>\n<\/div>\n<\/div>\n<\/div>\n<\/div>\n<\/div>\n<\/div>\n<\/div>\n<\/div>\n<\/div>\n<\/div>\n<\/div>\n<p>&nbsp;<\/p>","protected":false},"excerpt":{"rendered":"<h1 style=\"text-align: center;\"><b>VAN DAMME TOURLIGHT TACTICAL FIBRE CABLE<\/b><\/h1>","protected":false},"featured_media":12180,"template":"","meta":{"_acf_changed":false,"_et_pb_use_builder":"","_et_pb_old_content":"","_et_gb_content_width":"","inline_featured_image":false},"product_cat":[309,311,300],"product_tag":[],"class_list":["post-12179","product","type-product","status-publish","has-post-thumbnail","product_cat-kable-cat-i-swiatlowodowe","product_cat-kable-swiatlowodowe","product_cat-van-damme","first","instock","shipping-taxable","product-type-simple"],"acf":[],"_links":{"self":[{"href":"https:\/\/commercialaudio.pl\/cs\/wp-json\/wp\/v2\/product\/12179","targetHints":{"allow":["GET"]}}],"collection":[{"href":"https:\/\/commercialaudio.pl\/cs\/wp-json\/wp\/v2\/product"}],"about":[{"href":"https:\/\/commercialaudio.pl\/cs\/wp-json\/wp\/v2\/types\/product"}],"wp:featuredmedia":[{"embeddable":true,"href":"https:\/\/commercialaudio.pl\/cs\/wp-json\/wp\/v2\/media\/12180"}],"wp:attachment":[{"href":"https:\/\/commercialaudio.pl\/cs\/wp-json\/wp\/v2\/media?parent=12179"}],"wp:term":[{"taxonomy":"product_cat","embeddable":true,"href":"https:\/\/commercialaudio.pl\/cs\/wp-json\/wp\/v2\/product_cat?post=12179"},{"taxonomy":"product_tag","embeddable":true,"href":"https:\/\/commercialaudio.pl\/cs\/wp-json\/wp\/v2\/product_tag?post=12179"}],"curies":[{"name":"wp","href":"https:\/\/api.w.org\/{rel}","templated":true}]}}