{"id":12189,"date":"2026-04-20T12:28:49","date_gmt":"2026-04-20T10:28:49","guid":{"rendered":"https:\/\/commercialaudio.pl\/?post_type=product&#038;p=12189"},"modified":"2026-04-20T13:48:55","modified_gmt":"2026-04-20T11:48:55","slug":"komorkowy-system-interkomowy-freespeak-cell","status":"publish","type":"product","link":"https:\/\/commercialaudio.pl\/cs\/produkt\/komorkowy-system-interkomowy-freespeak-cell\/","title":{"rendered":"Interkomov\u00fd syst\u00e9m Clear-Com FreeSpeak Cell"},"content":{"rendered":"<h3 style=\"text-align: center;\">FreeSpeak Cell je v\u00edcekan\u00e1lov\u00fd, duplexn\u00ed, digit\u00e1ln\u00ed mobiln\u00ed\ninterkomov\u00fd syst\u00e9m vyu\u017e\u00edvaj\u00edc\u00ed infrastrukturu LTE a 5G, kter\u00fd je sou\u010d\u00e1st\u00ed produktov\u00e9 \u0159ady FreeSpeak\u00ae.<\/h3>\r\n\r\n<h4><img loading=\"lazy\" decoding=\"async\" class=\"aligncenter wp-image-12202 size-full\" src=\"https:\/\/commercialaudio.pl\/wp-content\/uploads\/2026\/04\/1-3.jpg\" alt=\"mobiln\u00ed interkomov\u00fd syst\u00e9m\" width=\"2048\" height=\"2048\" srcset=\"https:\/\/commercialaudio.pl\/wp-content\/uploads\/2026\/04\/1-3.jpg 2048w, https:\/\/commercialaudio.pl\/wp-content\/uploads\/2026\/04\/1-3-1280x1280.jpg 1280w, https:\/\/commercialaudio.pl\/wp-content\/uploads\/2026\/04\/1-3-980x980.jpg 980w, https:\/\/commercialaudio.pl\/wp-content\/uploads\/2026\/04\/1-3-480x480.jpg 480w\" sizes=\"(min-width: 0px) and (max-width: 480px) 480px, (min-width: 481px) and (max-width: 980px) 980px, (min-width: 981px) and (max-width: 1280px) 1280px, (min-width: 1281px) 2048px, 100vw\" \/><\/h4>\r\nMobiln\u00ed interkomov\u00fd syst\u00e9m <a href=\"https:\/\/commercialaudio.pl\/cs\/product-category\/vyrobci\/clear-com\/bezprzewodowe_systemy_interkomowe_freespeak\/\" target=\"_blank\" rel=\"noopener\">FreeSpeak<\/a> Cell byl navr\u017een pro provoz ve ve\u0159ejn\u00fdch i soukrom\u00fdch s\u00edt\u00edch LTE a 5G a umo\u017e\u0148uje pln\u011b duplexn\u00ed bezdr\u00e1tovou komunikaci v rozs\u00e1hl\u00fdch geografick\u00fdch oblastech bez nutnosti tradi\u010dn\u00ed koordinace r\u00e1diov\u00fdch frekvenc\u00ed. FreeSpeak Cell p\u0159edstavuje p\u0159\u00edmou odpov\u011b\u010f na rostouc\u00ed p\u0159et\u00ed\u017een\u00ed p\u00e1sem UHF, DECT a Wi-Fi, zejm\u00e9na ve velk\u00fdch objektech a v prost\u0159ed\u00ed \u017eiv\u00fdch akc\u00ed s vysokou hustotou \u00fa\u010dastn\u00edk\u016f. \r\n\r\nNa rozd\u00edl od tradi\u010dn\u00edch bezdr\u00e1tov\u00fdch interkomov\u00fdch syst\u00e9m\u016f, kter\u00e9 jsou omezeny m\u00edstn\u00edm spektrem a fyzick\u00fdmi hranicemi dosahu, vyu\u017e\u00edv\u00e1 FreeSpeak Cell mobiln\u00ed s\u00edt\u011b k zaji\u0161t\u011bn\u00ed komunikace na mnohem v\u011bt\u0161\u00edch \u00fazem\u00edch s men\u0161\u00edm po\u010dtem komponent na m\u00edst\u011b. \u201eFreeSpeak Cell p\u0159edstavuje zm\u011bnu v p\u0159\u00edstupu produkce k bezdr\u00e1tov\u00fdm interkom\u016fm,\u201d uvedl Bob Boster, gener\u00e1ln\u00ed \u0159editel <a href=\"https:\/\/mkt.clearcom.com\/freespeak-cell\" target=\"_blank\" rel=\"noopener\">Clear-Com<\/a>. \u201eVyu\u017e\u00edv\u00e1me mobiln\u00ed infrastrukturu na \u00farovni oper\u00e1tor\u016f k profesion\u00e1ln\u00ed komunikaci, \u010d\u00edm\u017e zvy\u0161ujeme jak rozsah, tak i dosah.\u201d. \r\n<h4>Navr\u017eeno pro velk\u00e9 stavby a slo\u017eit\u00e9 produkce <\/h4>\r\nFreeSpeak Cell je ur\u010den pro pou\u017eit\u00ed ve velk\u00e9m m\u011b\u0159\u00edtku a v rozpt\u00fdlen\u00fdch prost\u0159ed\u00edch, kde mohou konven\u010dn\u00ed bezdr\u00e1tov\u00e9 syst\u00e9my nar\u00e1\u017eet na omezen\u00ed souvisej\u00edc\u00ed s kan\u00e1ly, dosahem nebo koordinac\u00ed spektra. \r\n\r\nSyst\u00e9m podporuje nasazen\u00ed zahrnuj\u00edc\u00ed 100 nebo v\u00edce vys\u00edla\u010d\u016f typu beltpack a lze jej \u0161k\u00e1lovat a\u017e na stovky u\u017eivatel\u016f v z\u00e1vislosti na konfiguraci s\u00edt\u011b. Jeliko\u017e funguje v s\u00edt\u00edch LTE a 5G, m\u016f\u017ee jeho dosah p\u0159esahovat hranice jedn\u00e9 budovy nebo are\u00e1lu, co\u017e umo\u017e\u0148uje komunikaci na rozs\u00e1hl\u00fdch \u00fazem\u00edch nebo v rozpt\u00fdlen\u00fdch v\u00fdrobn\u00edch oblastech.\r\n\r\n<img loading=\"lazy\" decoding=\"async\" class=\"wp-image-12203 size-full aligncenter\" src=\"https:\/\/commercialaudio.pl\/wp-content\/uploads\/2026\/04\/2-2.jpg\" alt=\"\" width=\"2048\" height=\"2048\" srcset=\"https:\/\/commercialaudio.pl\/wp-content\/uploads\/2026\/04\/2-2.jpg 2048w, https:\/\/commercialaudio.pl\/wp-content\/uploads\/2026\/04\/2-2-1280x1280.jpg 1280w, https:\/\/commercialaudio.pl\/wp-content\/uploads\/2026\/04\/2-2-980x980.jpg 980w, https:\/\/commercialaudio.pl\/wp-content\/uploads\/2026\/04\/2-2-480x480.jpg 480w\" sizes=\"(min-width: 0px) and (max-width: 480px) 480px, (min-width: 481px) and (max-width: 980px) 980px, (min-width: 981px) and (max-width: 1280px) 1280px, (min-width: 1281px) 2048px, 100vw\" \/>\r\n<h4>FreeSpeak Cell podporuje: <\/h4>\r\nPodpora s\u00edt\u00ed LTE a 5G\r\nSoukrom\u00e1 s\u00ed\u0165 LTE CBRS (p\u00e1smo 48) ve Spojen\u00fdch st\u00e1tech\nPodpora dvou SIM karet, v\u010detn\u011b fyzick\u00e9 SIM karty a eSIM\nGlob\u00e1ln\u00ed r\u00e1diov\u00e1 podpora v p\u00e1smech 700\u2013900 MHz a 1700\u20134200 MHz\r\nKonstrukce s dv\u011bma SIM kartami umo\u017e\u0148uje u\u017eivatel\u016fm nakonfigurovat p\u0159\u00edstup k soukrom\u00fdm mobiln\u00edm s\u00edt\u00edm, ve\u0159ejn\u00fdm s\u00edt\u00edm oper\u00e1tor\u016f nebo kombinaci obou, v z\u00e1vislosti na provozn\u00edch pot\u0159eb\u00e1ch. \r\n<h4>\u0158e\u0161en\u00ed ur\u010den\u00e9 pro operace velk\u00e9ho rozsahu v rozpt\u00fdlen\u00fdch prost\u0159ed\u00edch <\/h4>\r\nFreeSpeak Cell dopl\u0148uje st\u00e1vaj\u00edc\u00ed nab\u00eddku bezdr\u00e1tov\u00fdch interkomov\u00fdch syst\u00e9m\u016f FreeSpeak od spole\u010dnosti Clear\u2011Com a roz\u0161i\u0159uje dosah komunikace za fyzick\u00e9 hranice tradi\u010dn\u00edch syst\u00e9m\u016f zalo\u017een\u00fdch na r\u00e1diov\u00fdch frekvenc\u00edch. Zat\u00edmco syst\u00e9m FreeSpeak II je optimalizov\u00e1n pro uzav\u0159en\u00e9 prostory a lok\u00e1ln\u00ed produkce, FreeSpeak Cell byl navr\u017een s ohledem na rozs\u00e1hl\u00e1, rozpt\u00fdlen\u00e1 prost\u0159ed\u00ed, kter\u00e1 vy\u017eaduj\u00ed \u0161irok\u00fd dosah, vysokou hustotu u\u017eivatel\u016f a plynulou komunikaci v are\u00e1lech kampus\u016f, objekt\u016f nebo geograficky rozpt\u00fdlen\u00fdch produk\u010dn\u00edch z\u00f3n\u00e1ch. \r\n\r\n<img loading=\"lazy\" decoding=\"async\" class=\"aligncenter wp-image-12204 size-full\" src=\"https:\/\/commercialaudio.pl\/wp-content\/uploads\/2026\/04\/3-2.jpg\" alt=\"\" width=\"2048\" height=\"2048\" srcset=\"https:\/\/commercialaudio.pl\/wp-content\/uploads\/2026\/04\/3-2.jpg 2048w, https:\/\/commercialaudio.pl\/wp-content\/uploads\/2026\/04\/3-2-1280x1280.jpg 1280w, https:\/\/commercialaudio.pl\/wp-content\/uploads\/2026\/04\/3-2-980x980.jpg 980w, https:\/\/commercialaudio.pl\/wp-content\/uploads\/2026\/04\/3-2-480x480.jpg 480w\" sizes=\"(min-width: 0px) and (max-width: 480px) 480px, (min-width: 481px) and (max-width: 980px) 980px, (min-width: 981px) and (max-width: 1280px) 1280px, (min-width: 1281px) 2048px, 100vw\" \/>\r\n<h4>Infrastruktura a model implementace <\/h4>\r\nNa rozd\u00edl od tradi\u010dn\u00edch syst\u00e9m\u016f zalo\u017een\u00fdch na technologii DECT nebo UHF, kter\u00e9 vy\u017eaduj\u00ed rozm\u00edst\u011bn\u00ed lok\u00e1ln\u00edch vys\u00edla\u010d\u016f a p\u0159ij\u00edma\u010d\u016f po cel\u00e9m objektu, syst\u00e9m FreeSpeak Cell vyu\u017e\u00edv\u00e1 st\u00e1vaj\u00edc\u00ed mobiln\u00ed infrastrukturu. V objektech vybaven\u00fdch soukrom\u00fdmi s\u00edt\u011bmi LTE nebo 5G m\u016f\u017ee syst\u00e9m fungovat na z\u00e1klad\u011b t\u00e9to infrastruktury. V jin\u00fdch prost\u0159ed\u00edch m\u016f\u017ee vyu\u017e\u00edvat s\u00edt\u011b ve\u0159ejn\u00fdch oper\u00e1tor\u016f, pokud to umo\u017e\u0148uj\u00ed pokryt\u00ed a platn\u00e1 pravidla. \r\n\r\nTento p\u0159\u00edstup umo\u017e\u0148uje sn\u00ed\u017eit mno\u017estv\u00ed r\u00e1diov\u00e9 infrastruktury pot\u0159ebn\u00e9 na m\u00edst\u011b v p\u0159\u00edpad\u011b rozs\u00e1hl\u00fdch implementac\u00ed a zjednodu\u0161it koordinaci na trz\u00edch s omezen\u00fdm spektrem. \r\n\r\nSyst\u00e9m byl navr\u017een tak, aby podporoval v\u00edcekan\u00e1lovou, pln\u011b duplexn\u00ed hlasovou komunikaci soub\u011b\u017en\u011b s dal\u0161\u00edmi procesy prob\u00edhaj\u00edc\u00edmi ve stejn\u00e9 s\u00edti, v\u010detn\u011b aplikac\u00ed pro p\u0159enos dat a videa, v z\u00e1vislosti na konfiguraci s\u00edt\u011b a dostupn\u00e9 \u0161\u00ed\u0159ce p\u00e1sma. \r\n\r\nD\u00edky vyu\u017eit\u00ed mobiln\u00ed infrastruktury nam\u00edsto RF vys\u00edla\u010d\u016f a p\u0159ij\u00edma\u010d\u016f ur\u010den\u00fdch pro konkr\u00e9tn\u00ed objekty m\u016f\u017ee FreeSpeak Cell v\u00fdrazn\u011b sn\u00ed\u017eit mno\u017estv\u00ed do\u010dasn\u00e9ho vybaven\u00ed, kabel\u00e1\u017ee a koordinace frekvenc\u00ed, kter\u00e9 jsou obvykle p\u0159i velk\u00fdch produkc\u00edch vy\u017eadov\u00e1ny. Tento model umo\u017e\u0148uje t\u00fdm\u016fm rychlej\u0161\u00ed zav\u00e1d\u011bn\u00ed komunikace, snaz\u0161\u00ed \u0161k\u00e1lov\u00e1n\u00ed syst\u00e9m\u016f a p\u0159izp\u016fsobov\u00e1n\u00ed se m\u011bn\u00edc\u00edm se produk\u010dn\u00edm uspo\u0159\u00e1d\u00e1n\u00edm bez nutnosti rekonfigurace RF infrastruktury. \r\n\r\n<img loading=\"lazy\" decoding=\"async\" class=\"aligncenter wp-image-12205 size-full\" src=\"https:\/\/commercialaudio.pl\/wp-content\/uploads\/2026\/04\/4-2.jpg\" alt=\"\" width=\"1271\" height=\"1271\" srcset=\"https:\/\/commercialaudio.pl\/wp-content\/uploads\/2026\/04\/4-2.jpg 1271w, https:\/\/commercialaudio.pl\/wp-content\/uploads\/2026\/04\/4-2-980x980.jpg 980w, https:\/\/commercialaudio.pl\/wp-content\/uploads\/2026\/04\/4-2-480x480.jpg 480w\" sizes=\"(min-width: 0px) and (max-width: 480px) 480px, (min-width: 481px) and (max-width: 980px) 980px, (min-width: 981px) 1271px, 100vw\" \/>\r\n<h4>Trendy v oboru a v oblasti spektra <\/h4>\r\nExistuje n\u011bkolik kl\u00ed\u010dov\u00fdch faktor\u016f v tomto odv\u011btv\u00ed, kter\u00e9 p\u0159isp\u00edvaj\u00ed k p\u0159echodu na komunikaci zalo\u017eenou na mobiln\u00edch s\u00edt\u00edch. Pat\u0159\u00ed mezi n\u011b rostouc\u00ed p\u0159et\u00ed\u017een\u00ed tradi\u010dn\u00edch r\u00e1diov\u00fdch p\u00e1sem pro interkomy, vl\u00e1dou prov\u00e1d\u011bn\u00e9 p\u0159erozd\u011blov\u00e1n\u00ed spektra, kter\u00e9 v n\u011bkter\u00fdch regionech omezily dostupn\u00e9 UHF p\u00e1smo, a rozs\u00e1hl\u00e9 investice do soukrom\u00e9 infrastruktury LTE a 5G v objektech ve Spojen\u00fdch st\u00e1tech a v Evrop\u011b. \r\n\r\nZejm\u00e9na soukrom\u00e9 mobiln\u00ed p\u00e1smo CBRS ve Spojen\u00fdch st\u00e1tech umo\u017enilo podnik\u016fm a provozovatel\u016fm objekt\u016f zav\u00e1d\u011bt soukrom\u00e9 s\u00edt\u011b LTE pro provozn\u00ed syst\u00e9my, v\u010detn\u011b komunikace, prodejn\u00edch m\u00edst, kontroly p\u0159\u00edstupu a p\u0159ehr\u00e1v\u00e1n\u00ed videoz\u00e1znam\u016f. \r\n\r\nSyst\u00e9m FreeSpeak Cell byl navr\u017een tak, aby se do t\u011bchto implementac\u00ed integroval a z\u00e1rove\u0148 z\u016fstal kompatibiln\u00ed s \u0161ir\u0161\u00edm ekosyst\u00e9mem interkom\u016f Clear-Com. \r\n<h4>Integrace s platformami <\/h4>\r\nV sou\u010dasn\u00e9 dob\u011b je FreeSpeak Cell kompatibiln\u00ed s digit\u00e1ln\u00ed maticovou platformou Eclipse\u00ae HX. Integrace s platformou Arcadia\u00ae Central Station by m\u011bla prob\u011bhnout n\u011bkolik m\u011bs\u00edc\u016f po uveden\u00ed na trh, zat\u00edmco podpora Gen-IC\u00ae, cloudov\u00e9 interkomov\u00e9 platformy spole\u010dnosti Clear-Com, je pl\u00e1nov\u00e1na na druhou polovinu tohoto roku.","protected":false},"excerpt":{"rendered":"<h1 class=\"product_title entry-title\">Interkomov\u00fd syst\u00e9m Clear-Com FreeSpeak Cell<\/h1>","protected":false},"featured_media":12191,"template":"","meta":{"_acf_changed":false,"_et_pb_use_builder":"","_et_pb_old_content":"","_et_gb_content_width":"","inline_featured_image":false},"product_cat":[125,123],"product_tag":[143,148,152,131,138,132,134,135,133],"class_list":["post-12189","product","type-product","status-publish","has-post-thumbnail","product_cat-bezprzewodowe_systemy_interkomowe_freespeak","product_cat-clear-com","product_tag-beltpack","product_tag-bezprzewodowe-systemy-interkomowe","product_tag-bezprzewodowy-beltpack","product_tag-clear-com","product_tag-intercom","product_tag-interkom","product_tag-komunikacja","product_tag-lacznosc","product_tag-systemy-interkomowe","first","instock","shipping-taxable","product-type-simple"],"acf":[],"_links":{"self":[{"href":"https:\/\/commercialaudio.pl\/cs\/wp-json\/wp\/v2\/product\/12189","targetHints":{"allow":["GET"]}}],"collection":[{"href":"https:\/\/commercialaudio.pl\/cs\/wp-json\/wp\/v2\/product"}],"about":[{"href":"https:\/\/commercialaudio.pl\/cs\/wp-json\/wp\/v2\/types\/product"}],"wp:featuredmedia":[{"embeddable":true,"href":"https:\/\/commercialaudio.pl\/cs\/wp-json\/wp\/v2\/media\/12191"}],"wp:attachment":[{"href":"https:\/\/commercialaudio.pl\/cs\/wp-json\/wp\/v2\/media?parent=12189"}],"wp:term":[{"taxonomy":"product_cat","embeddable":true,"href":"https:\/\/commercialaudio.pl\/cs\/wp-json\/wp\/v2\/product_cat?post=12189"},{"taxonomy":"product_tag","embeddable":true,"href":"https:\/\/commercialaudio.pl\/cs\/wp-json\/wp\/v2\/product_tag?post=12189"}],"curies":[{"name":"wp","href":"https:\/\/api.w.org\/{rel}","templated":true}]}}