{"id":2109,"date":"2021-04-28T14:31:50","date_gmt":"2021-04-28T12:31:50","guid":{"rendered":"https:\/\/commercialaudio.pl\/?post_type=product&#038;p=2109"},"modified":"2023-12-08T09:26:28","modified_gmt":"2023-12-08T08:26:28","slug":"bose-videobar-vb1","status":"publish","type":"product","link":"https:\/\/commercialaudio.pl\/cs\/produkt\/bose-videobar-vb1\/","title":{"rendered":"Videobar VB1"},"content":{"rendered":"<h1 style=\"text-align: center;\"><b>BOSE VIDEOBAR VB1 \u2013 Kompletn\u00ed \u0159e\u0161en\u00ed pro videokonference!<\/b><\/h1>\n<p>&nbsp;<\/p>\n<p><img loading=\"lazy\" decoding=\"async\" class=\"size-full wp-image-2148 aligncenter\" src=\"https:\/\/commercialaudio.pl\/wp-content\/uploads\/2021\/04\/commercial-audio-bose-video-bar-vb1-5.jpg\" alt=\"Bose Videobar VB 1\" width=\"1000\" height=\"250\" srcset=\"https:\/\/commercialaudio.pl\/wp-content\/uploads\/2021\/04\/commercial-audio-bose-video-bar-vb1-5.jpg 1000w, https:\/\/commercialaudio.pl\/wp-content\/uploads\/2021\/04\/commercial-audio-bose-video-bar-vb1-5-980x245.jpg 980w, https:\/\/commercialaudio.pl\/wp-content\/uploads\/2021\/04\/commercial-audio-bose-video-bar-vb1-5-480x120.jpg 480w\" sizes=\"(min-width: 0px) and (max-width: 480px) 480px, (min-width: 481px) and (max-width: 980px) 980px, (min-width: 981px) 1000px, 100vw\" \/><\/p>\n<p>&nbsp;<\/p>\n<h2 style=\"text-align: center;\">Bose Videobar\u2122 VB1 je jedine\u010dn\u00e9 komplexn\u00ed videokonferen\u010dn\u00ed za\u0159\u00edzen\u00ed typu \u201ev\u0161e v jednom\u201c. Zapome\u0148te jednou prov\u017edy na spleti kabel\u016f, rozkl\u00e1d\u00e1n\u00ed mikrofon\u016f a hled\u00e1n\u00ed optim\u00e1ln\u00edho um\u00edst\u011bn\u00ed kamery. S Bose sta\u010d\u00ed jedno za\u0159\u00edzen\u00ed a jeden kabel!<\/h2>\n<p>&nbsp;<\/p>\n<div data-bynder-widget=\"video-item\" data-media-id=\"8845E370-300C-4E10-A8980B60AF3A290A\" data-width=\"\" data-autoplay=\"true\"><script id=\"bynder-widgets-js\" data-account-url=\"assets.bosecreative.com\" data-language=\"en\" src=\"https:\/\/d8ejoa1fys2rk.cloudfront.net\/bynder-embed\/latest\/bynder-embed.js\"><\/script><\/div>\n<p>&nbsp;<\/p>\n<h2 style=\"text-align: center;\">VB1 je kamera s rozli\u0161en\u00edm Ultra HD 4K, kter\u00e1 nab\u00edz\u00ed k\u0159i\u0161\u0165\u00e1lov\u011b \u010dist\u00fd a ostr\u00fd obraz, soustavu \u0161esti mikrofon\u016f s funkc\u00ed sm\u011brov\u00e9ho svazku a potla\u010den\u00ed ozv\u011bny a sadu reproduktor\u016f Bose nejvy\u0161\u0161\u00ed kvality. To v\u0161e je zabaleno do jednoho elegantn\u00edho pouzdra.<\/h2>\n<p>&nbsp;<\/p>\n<div data-bynder-widget=\"video-item\" data-media-id=\"78C703BE-6099-4050-8FCAE461ADD517B5\" data-width=\"\"><script id=\"bynder-widgets-js\" data-account-url=\"assets.bosecreative.com\" data-language=\"en\" src=\"https:\/\/d8ejoa1fys2rk.cloudfront.net\/bynder-embed\/latest\/bynder-embed.js\"><\/script><\/div>\n<p>&nbsp;<\/p>\n<h2 style=\"text-align: center;\">S VB1 uvid\u00edte v\u00edce, usly\u0161\u00edte v\u00edce a budete pracovat efektivn\u011bji!<\/h2>\n<p><img loading=\"lazy\" decoding=\"async\" class=\"aligncenter wp-image-4658 size-full\" src=\"https:\/\/commercialaudio.pl\/wp-content\/uploads\/2021\/04\/commercial_audio_bose_VB1_meeting.jpg\" alt=\"\" width=\"1920\" height=\"1280\" srcset=\"https:\/\/commercialaudio.pl\/wp-content\/uploads\/2021\/04\/commercial_audio_bose_VB1_meeting.jpg 1920w, https:\/\/commercialaudio.pl\/wp-content\/uploads\/2021\/04\/commercial_audio_bose_VB1_meeting-1280x853.jpg 1280w, https:\/\/commercialaudio.pl\/wp-content\/uploads\/2021\/04\/commercial_audio_bose_VB1_meeting-980x653.jpg 980w, https:\/\/commercialaudio.pl\/wp-content\/uploads\/2021\/04\/commercial_audio_bose_VB1_meeting-480x320.jpg 480w\" sizes=\"(min-width: 0px) and (max-width: 480px) 480px, (min-width: 481px) and (max-width: 980px) 980px, (min-width: 981px) and (max-width: 1280px) 1280px, (min-width: 1281px) 1920px, 100vw\" \/><\/p>\n<h2 style=\"text-align: center;\">Vdechn\u011bte konferen\u010dn\u00edm prostor\u016fm o rozm\u011brech a\u017e 6 x 6 m charakter zna\u010dky Bose d\u00edky univerz\u00e1ln\u00edmu \u0159e\u0161en\u00ed s p\u0159ipojen\u00edm p\u0159es USB, kter\u00e9 se instaluje rychle a snadno a zaji\u0161\u0165uje nejvy\u0161\u0161\u00ed kvalitu zvuku i obrazu.<\/h2>\n<p><img loading=\"lazy\" decoding=\"async\" class=\"aligncenter wp-image-4659 size-full\" src=\"https:\/\/commercialaudio.pl\/wp-content\/uploads\/2021\/04\/commercial_audio_bose_VB1_Right-Facing_Seethrough_I-STUDIO.jpg\" alt=\"\" width=\"1920\" height=\"1080\" srcset=\"https:\/\/commercialaudio.pl\/wp-content\/uploads\/2021\/04\/commercial_audio_bose_VB1_Right-Facing_Seethrough_I-STUDIO.jpg 1920w, https:\/\/commercialaudio.pl\/wp-content\/uploads\/2021\/04\/commercial_audio_bose_VB1_Right-Facing_Seethrough_I-STUDIO-1280x720.jpg 1280w, https:\/\/commercialaudio.pl\/wp-content\/uploads\/2021\/04\/commercial_audio_bose_VB1_Right-Facing_Seethrough_I-STUDIO-980x551.jpg 980w, https:\/\/commercialaudio.pl\/wp-content\/uploads\/2021\/04\/commercial_audio_bose_VB1_Right-Facing_Seethrough_I-STUDIO-480x270.jpg 480w\" sizes=\"(min-width: 0px) and (max-width: 480px) 480px, (min-width: 481px) and (max-width: 980px) 980px, (min-width: 981px) and (max-width: 1280px) 1280px, (min-width: 1281px) 1920px, 100vw\" \/><\/p>\n<h2 style=\"text-align: center;\">Matrice \u0161esti mikrofon\u016f vyu\u017e\u00edvaj\u00edc\u00ed technologii \u0159\u00edzen\u00ed sm\u011brov\u00e9ho paprsku, kter\u00e1 se aktivn\u011b zam\u011b\u0159uje na \u00fa\u010dastn\u00edky hovoru. D\u00edky tomu zn\u00ed rozhovor velmi p\u0159irozen\u011b. Nav\u00edc z\u00f3ny potla\u010den\u00ed pom\u00e1haj\u00ed eliminovat ne\u017e\u00e1douc\u00ed hluk a automatick\u00fd ekvaliz\u00e9r zaji\u0161\u0165uje optimalizovan\u00fd t\u00f3n hlasu v\u0161ech \u00fa\u010dastn\u00edk\u016f<\/h2>\n<p><img loading=\"lazy\" decoding=\"async\" class=\"aligncenter wp-image-4655 size-full\" src=\"https:\/\/commercialaudio.pl\/wp-content\/uploads\/2021\/04\/commercial_audio_bose_vb1_cam.jpg\" alt=\"\" width=\"1920\" height=\"1080\" srcset=\"https:\/\/commercialaudio.pl\/wp-content\/uploads\/2021\/04\/commercial_audio_bose_vb1_cam.jpg 1920w, https:\/\/commercialaudio.pl\/wp-content\/uploads\/2021\/04\/commercial_audio_bose_vb1_cam-1280x720.jpg 1280w, https:\/\/commercialaudio.pl\/wp-content\/uploads\/2021\/04\/commercial_audio_bose_vb1_cam-980x551.jpg 980w, https:\/\/commercialaudio.pl\/wp-content\/uploads\/2021\/04\/commercial_audio_bose_vb1_cam-480x270.jpg 480w\" sizes=\"(min-width: 0px) and (max-width: 480px) 480px, (min-width: 481px) and (max-width: 980px) 980px, (min-width: 981px) and (max-width: 1280px) 1280px, (min-width: 1281px) 1920px, 100vw\" \/><\/p>\n<h2 style=\"text-align: center;\">Kamera 4K Ultra HD nab\u00edz\u00ed \u0161irok\u00e9 zorn\u00e9 pole a nejvy\u0161\u0161\u00ed kvalitu obrazu, zat\u00edmco funkce AUTOFRAMING zaji\u0161\u0165uje v\u0161em \u00fa\u010dastn\u00edk\u016fm sch\u016fzky vynikaj\u00edc\u00ed viditelnost.<\/h2>\n<div class='one_half'>\n\t\t\t\t\t<p><img loading=\"lazy\" decoding=\"async\" class=\"aligncenter wp-image-4660 size-medium\" src=\"https:\/\/commercialaudio.pl\/wp-content\/uploads\/2021\/04\/commercial_audio_bose_vb1_teams_certified-300x83.png\" alt=\"\" width=\"300\" height=\"83\" srcset=\"https:\/\/commercialaudio.pl\/wp-content\/uploads\/2021\/04\/commercial_audio_bose_vb1_teams_certified-300x83.png 300w, https:\/\/commercialaudio.pl\/wp-content\/uploads\/2021\/04\/commercial_audio_bose_vb1_teams_certified-64x18.png 64w, https:\/\/commercialaudio.pl\/wp-content\/uploads\/2021\/04\/commercial_audio_bose_vb1_teams_certified.png 320w\" sizes=\"(max-width: 300px) 100vw, 300px\" \/>\n\t\t\t\t<\/div><br \/>\n<div class='one_half et_column_last'>\n\t\t\t\t\t<img loading=\"lazy\" decoding=\"async\" class=\"aligncenter wp-image-4661 size-medium\" src=\"https:\/\/commercialaudio.pl\/wp-content\/uploads\/2021\/04\/commercial_audio_bose_vb1_zoom_certified-300x265.png\" alt=\"\" width=\"300\" height=\"265\" srcset=\"https:\/\/commercialaudio.pl\/wp-content\/uploads\/2021\/04\/commercial_audio_bose_vb1_zoom_certified-300x265.png 300w, https:\/\/commercialaudio.pl\/wp-content\/uploads\/2021\/04\/commercial_audio_bose_vb1_zoom_certified-64x57.png 64w, https:\/\/commercialaudio.pl\/wp-content\/uploads\/2021\/04\/commercial_audio_bose_vb1_zoom_certified.png 320w\" sizes=\"(max-width: 300px) 100vw, 300px\" \/>\n\t\t\t\t<\/div><div class='clear'><\/div><\/p>\n<h2 style=\"text-align: center;\">Spolupracuje s aplikacemi Microsoft Teams, Zoom, Google Meet a dal\u0161\u00edmi a zaji\u0161\u0165uje lep\u0161\u00ed kvalitu obrazu a zvuku na obl\u00edben\u00fdch platform\u00e1ch pro videokonference.<\/h2>\n<p><img loading=\"lazy\" decoding=\"async\" class=\"aligncenter wp-image-4657 size-full\" src=\"https:\/\/commercialaudio.pl\/wp-content\/uploads\/2021\/04\/commercial_audio_bose_VB1_I-SIT.jpg\" alt=\"\" width=\"1928\" height=\"1285\" srcset=\"https:\/\/commercialaudio.pl\/wp-content\/uploads\/2021\/04\/commercial_audio_bose_VB1_I-SIT.jpg 1928w, https:\/\/commercialaudio.pl\/wp-content\/uploads\/2021\/04\/commercial_audio_bose_VB1_I-SIT-1280x853.jpg 1280w, https:\/\/commercialaudio.pl\/wp-content\/uploads\/2021\/04\/commercial_audio_bose_VB1_I-SIT-980x653.jpg 980w, https:\/\/commercialaudio.pl\/wp-content\/uploads\/2021\/04\/commercial_audio_bose_VB1_I-SIT-480x320.jpg 480w\" sizes=\"(min-width: 0px) and (max-width: 480px) 480px, (min-width: 481px) and (max-width: 980px) 980px, (min-width: 981px) and (max-width: 1280px) 1280px, (min-width: 1281px) 1928px, 100vw\" \/><\/p>\n<h2 style=\"text-align: center;\">Patentovan\u00e9 reproduktory Bose napln\u00ed m\u00edstnost zvukem nejvy\u0161\u0161\u00ed kvality z notebooku p\u0159ipojen\u00e9ho p\u0159es USB nebo bezdr\u00e1tov\u00e9ho za\u0159\u00edzen\u00ed Bluetooth\u00ae a posunou tak multimedi\u00e1ln\u00ed prezentace na vy\u0161\u0161\u00ed \u00farove\u0148.<\/h2>\n<p><img loading=\"lazy\" decoding=\"async\" class=\"aligncenter wp-image-4656 size-full\" src=\"https:\/\/commercialaudio.pl\/wp-content\/uploads\/2021\/04\/commercial_audio_bose_vb1_hand.png\" alt=\"\" width=\"1920\" height=\"806\" srcset=\"https:\/\/commercialaudio.pl\/wp-content\/uploads\/2021\/04\/commercial_audio_bose_vb1_hand.png 1920w, https:\/\/commercialaudio.pl\/wp-content\/uploads\/2021\/04\/commercial_audio_bose_vb1_hand-1280x537.png 1280w, https:\/\/commercialaudio.pl\/wp-content\/uploads\/2021\/04\/commercial_audio_bose_vb1_hand-980x411.png 980w, https:\/\/commercialaudio.pl\/wp-content\/uploads\/2021\/04\/commercial_audio_bose_vb1_hand-480x202.png 480w\" sizes=\"(min-width: 0px) and (max-width: 480px) 480px, (min-width: 481px) and (max-width: 980px) 980px, (min-width: 981px) and (max-width: 1280px) 1280px, (min-width: 1281px) 1920px, 100vw\" \/><\/p>\n<h2 style=\"text-align: center;\">D\u00edky p\u0159ipojen\u00ed pomoc\u00ed jedin\u00e9ho kabelu a elegantn\u00ed, nen\u00e1padn\u00e9 konstrukci bylo mo\u017en\u00e9 um\u00edstit reproduktory, mikrofony a elektroniku bl\u00edzko sebe a z\u00e1rove\u0148 zajistit vynikaj\u00edc\u00ed v\u00fdkon bez ru\u0161en\u00ed.<\/h2>\n<h1 style=\"text-align: center;\"><b>BOSE VIDEOBAR JE INTUITIVN\u00cd KONFEREN\u010cN\u00cd SYST\u00c9M<b><\/b><\/b><\/h1>\n<p><div class='one_fourth'>\n\t\t\t\t\t<img loading=\"lazy\" decoding=\"async\" class=\"size-medium wp-image-4664 aligncenter\" src=\"https:\/\/commercialaudio.pl\/wp-content\/uploads\/2021\/04\/commercial_audio_bose_vb1_tvmount-300x200.jpeg\" alt=\"\" width=\"300\" height=\"200\" \/>\n\t\t\t\t<\/div><br \/>\n<div class='one_fourth'>\n\t\t\t\t\t<img loading=\"lazy\" decoding=\"async\" class=\"size-medium wp-image-4663 aligncenter\" src=\"https:\/\/commercialaudio.pl\/wp-content\/uploads\/2021\/04\/commercial_audio_bose_vb1_remote_control-300x200.jpeg\" alt=\"\" width=\"300\" height=\"200\" \/>\n\t\t\t\t<\/div><br \/>\n<div class='one_fourth'>\n\t\t\t\t\t<img loading=\"lazy\" decoding=\"async\" class=\"size-medium wp-image-4666 aligncenter\" src=\"https:\/\/commercialaudio.pl\/wp-content\/uploads\/2021\/04\/commercial_audio_bose_vb1_wall_mount-300x200.jpeg\" alt=\"\" width=\"300\" height=\"200\" \/>\n\t\t\t\t<\/div><br \/>\n<div class='one_fourth et_column_last'>\n\t\t\t\t\t<img loading=\"lazy\" decoding=\"async\" class=\"size-medium wp-image-4662 aligncenter\" src=\"https:\/\/commercialaudio.pl\/wp-content\/uploads\/2021\/04\/commercial_audio_bose_vb1_design-300x200.jpeg\" alt=\"\" width=\"300\" height=\"200\" \/>\n\t\t\t\t<\/div><div class='clear'><\/div><\/p>\n<div class='one_half'>\n\t\t\t\t\t<h2 style=\"text-align: center;\">VB1 je vybaven speci\u00e1ln\u00ed z\u00e1kladnou, kter\u00e1 umo\u017e\u0148uje snadn\u00e9 um\u00edst\u011bn\u00ed za\u0159\u00edzen\u00ed na st\u016fl, a tak\u00e9 sadou pro mont\u00e1\u017e na ze\u010f. K dispozici je tak\u00e9 p\u0159\u00edslu\u0161enstv\u00ed, pomoc\u00ed kter\u00e9ho m\u016f\u017eete videobar p\u0159ipevnit k monitoru.<\/h2>\n\t\t\t\t<\/div><br \/>\n<div class='one_half et_column_last'>\n\t\t\t\t\t<img loading=\"lazy\" decoding=\"async\" class=\"alignright wp-image-4672 size-full\" src=\"https:\/\/commercialaudio.pl\/wp-content\/uploads\/2021\/04\/commercial_audio_bose_vb1_table_stand.jpg\" alt=\"\" width=\"814\" height=\"747\" srcset=\"https:\/\/commercialaudio.pl\/wp-content\/uploads\/2021\/04\/commercial_audio_bose_vb1_table_stand.jpg 814w, https:\/\/commercialaudio.pl\/wp-content\/uploads\/2021\/04\/commercial_audio_bose_vb1_table_stand-480x440.jpg 480w\" sizes=\"(min-width: 0px) and (max-width: 480px) 480px, (min-width: 481px) 814px, 100vw\" \/>\n\t\t\t\t<\/div><div class='clear'><\/div><\/p>\n<p><div class='one_half'>\n\t\t\t\t\t<img loading=\"lazy\" decoding=\"async\" class=\"alignleft wp-image-4671 size-full\" src=\"https:\/\/commercialaudio.pl\/wp-content\/uploads\/2021\/04\/commercial_audio_bose_vb1_on_wardrobe-1.jpg\" alt=\"\" width=\"1928\" height=\"1083\" srcset=\"https:\/\/commercialaudio.pl\/wp-content\/uploads\/2021\/04\/commercial_audio_bose_vb1_on_wardrobe-1.jpg 1928w, https:\/\/commercialaudio.pl\/wp-content\/uploads\/2021\/04\/commercial_audio_bose_vb1_on_wardrobe-1-1280x719.jpg 1280w, https:\/\/commercialaudio.pl\/wp-content\/uploads\/2021\/04\/commercial_audio_bose_vb1_on_wardrobe-1-980x550.jpg 980w, https:\/\/commercialaudio.pl\/wp-content\/uploads\/2021\/04\/commercial_audio_bose_vb1_on_wardrobe-1-480x270.jpg 480w\" sizes=\"(min-width: 0px) and (max-width: 480px) 480px, (min-width: 481px) and (max-width: 980px) 980px, (min-width: 981px) and (max-width: 1280px) 1280px, (min-width: 1281px) 1928px, 100vw\" \/>\n\t\t\t\t<\/div><br \/>\n<div class='one_half et_column_last'>\n\t\t\t\t\t<h2 style=\"text-align: center;\">Rychlou instalaci a \u0159e\u0161en\u00ed probl\u00e9m\u016f, stejn\u011b jako vzd\u00e1len\u00e9 aktualizace, spr\u00e1vu a monitorov\u00e1n\u00ed umo\u017e\u0148uje skute\u010dnost, \u017ee VB1 se integruje do st\u00e1vaj\u00edc\u00ed s\u00ed\u0165ov\u00e9 infrastruktury.<\/h2>\n\t\t\t\t<\/div><div class='clear'><\/div><\/p>\n<div class='one_half'>\n\t\t\t\t\t<h2 style=\"text-align: center;\">Software Bose Work Configuration slou\u017e\u00ed ke snadn\u00e9mu a rychl\u00e9mu po\u010d\u00e1te\u010dn\u00edmu nastaven\u00ed. Je k dispozici jako aplikace nebo prost\u0159ednictv\u00edm webov\u00e9ho prohl\u00ed\u017ee\u010de.<\/h2>\n\t\t\t\t<\/div><br \/>\n<div class='one_half et_column_last'>\n\t\t\t\t\t<img loading=\"lazy\" decoding=\"async\" class=\"alignright wp-image-4669 size-full\" src=\"https:\/\/commercialaudio.pl\/wp-content\/uploads\/2021\/04\/commercial_audio_bose_vb1_on_stand-1.jpg\" alt=\"\" width=\"1920\" height=\"1280\" srcset=\"https:\/\/commercialaudio.pl\/wp-content\/uploads\/2021\/04\/commercial_audio_bose_vb1_on_stand-1.jpg 1920w, https:\/\/commercialaudio.pl\/wp-content\/uploads\/2021\/04\/commercial_audio_bose_vb1_on_stand-1-1280x853.jpg 1280w, https:\/\/commercialaudio.pl\/wp-content\/uploads\/2021\/04\/commercial_audio_bose_vb1_on_stand-1-980x653.jpg 980w, https:\/\/commercialaudio.pl\/wp-content\/uploads\/2021\/04\/commercial_audio_bose_vb1_on_stand-1-480x320.jpg 480w\" sizes=\"(min-width: 0px) and (max-width: 480px) 480px, (min-width: 481px) and (max-width: 980px) 980px, (min-width: 981px) and (max-width: 1280px) 1280px, (min-width: 1281px) 1920px, 100vw\" \/>\n\t\t\t\t<\/div><div class='clear'><\/div><\/p>\n<div class='one_half'>\n\t\t\t\t\t<img loading=\"lazy\" decoding=\"async\" class=\"alignleft wp-image-4668 size-full\" src=\"https:\/\/commercialaudio.pl\/wp-content\/uploads\/2021\/04\/commercial_audio_bose_vb1_connectivity.jpg\" alt=\"\" width=\"1920\" height=\"1080\" srcset=\"https:\/\/commercialaudio.pl\/wp-content\/uploads\/2021\/04\/commercial_audio_bose_vb1_connectivity.jpg 1920w, https:\/\/commercialaudio.pl\/wp-content\/uploads\/2021\/04\/commercial_audio_bose_vb1_connectivity-1280x720.jpg 1280w, https:\/\/commercialaudio.pl\/wp-content\/uploads\/2021\/04\/commercial_audio_bose_vb1_connectivity-980x551.jpg 980w, https:\/\/commercialaudio.pl\/wp-content\/uploads\/2021\/04\/commercial_audio_bose_vb1_connectivity-480x270.jpg 480w\" sizes=\"(min-width: 0px) and (max-width: 480px) 480px, (min-width: 481px) and (max-width: 980px) 980px, (min-width: 981px) and (max-width: 1280px) 1280px, (min-width: 1281px) 1920px, 100vw\" \/>\n\t\t\t\t<\/div>\n<div class='one_half et_column_last'>\n\t\t\t\t\t<h2 style=\"text-align: center;\">Aplikacja mobilna Bose Work umo\u017cliwia sterowania urz\u0105dzeniami w czasie rzeczywistym z poziomu smartfona. Dzi\u0119ki niej masz \u0142atwy dost\u0119p do ustawie\u0144 g\u0142o\u015bno\u015bci, wyciszenia, panoramy, pochylenia, zoom&#8217;u, a tak\u017ce sterowania prezentacj\u0105 i parowaniem Bluetooth.<\/h2>\n\t\t\t\t<\/div><div class='clear'><\/div>\n<div class='one_half'>\n\t\t\t\t\t<h2 style=\"text-align: center;\">D\u00edky p\u0159ipojen\u00ed p\u0159es Bluetooth lze videobar pou\u017e\u00edvat jako samostatnou sadu pro handsfree hovory nebo k streamov\u00e1n\u00ed hudby.<\/h2>\n\t\t\t\t<\/div><br \/>\n<div class='one_half et_column_last'>\n\t\t\t\t\t<img loading=\"lazy\" decoding=\"async\" class=\"alignright wp-image-4670 size-full\" src=\"https:\/\/commercialaudio.pl\/wp-content\/uploads\/2021\/04\/commercial_audio_bose_vb1_on_wall-1.jpg\" alt=\"\" width=\"1920\" height=\"1280\" srcset=\"https:\/\/commercialaudio.pl\/wp-content\/uploads\/2021\/04\/commercial_audio_bose_vb1_on_wall-1.jpg 1920w, https:\/\/commercialaudio.pl\/wp-content\/uploads\/2021\/04\/commercial_audio_bose_vb1_on_wall-1-1280x853.jpg 1280w, https:\/\/commercialaudio.pl\/wp-content\/uploads\/2021\/04\/commercial_audio_bose_vb1_on_wall-1-980x653.jpg 980w, https:\/\/commercialaudio.pl\/wp-content\/uploads\/2021\/04\/commercial_audio_bose_vb1_on_wall-1-480x320.jpg 480w\" sizes=\"(min-width: 0px) and (max-width: 480px) 480px, (min-width: 481px) and (max-width: 980px) 980px, (min-width: 981px) and (max-width: 1280px) 1280px, (min-width: 1281px) 1920px, 100vw\" \/>\n\t\t\t\t<\/div><div class='clear'><\/div><\/p>\n<div class='one_half'>\n\t\t\t\t\t<img loading=\"lazy\" decoding=\"async\" class=\"alignleft wp-image-4673 size-full\" src=\"https:\/\/commercialaudio.pl\/wp-content\/uploads\/2021\/04\/commercial_audio_bose_vb1_tv_on_top.jpg\" alt=\"\" width=\"1920\" height=\"1313\" srcset=\"https:\/\/commercialaudio.pl\/wp-content\/uploads\/2021\/04\/commercial_audio_bose_vb1_tv_on_top.jpg 1920w, https:\/\/commercialaudio.pl\/wp-content\/uploads\/2021\/04\/commercial_audio_bose_vb1_tv_on_top-1280x875.jpg 1280w, https:\/\/commercialaudio.pl\/wp-content\/uploads\/2021\/04\/commercial_audio_bose_vb1_tv_on_top-980x670.jpg 980w, https:\/\/commercialaudio.pl\/wp-content\/uploads\/2021\/04\/commercial_audio_bose_vb1_tv_on_top-480x328.jpg 480w\" sizes=\"(min-width: 0px) and (max-width: 480px) 480px, (min-width: 481px) and (max-width: 980px) 980px, (min-width: 981px) and (max-width: 1280px) 1280px, (min-width: 1281px) 1920px, 100vw\" \/>\n\t\t\t\t<\/div>\n<div class='one_half et_column_last'>\n\t\t\t\t\t<h2 style=\"text-align: center;\">Je kompatibiln\u00ed s r\u016fzn\u00fdmi za\u0159\u00edzen\u00edmi jin\u00fdch v\u00fdrobc\u016f \u2013 dozv\u00edte se v\u00edce o na\u0161\u00ed s\u00edti <a href=\"https:\/\/pro.bose.com\/en_us\/solutions\/bose-work\/alliance-partner-network.html\" target=\"_blank\" rel=\"noopener\">S\u00ed\u0165 partner\u016f Alliance<\/a><\/h2>\n\t\t\t\t<\/div><div class='clear'><\/div>\n<div class='one_half'>\n\t\t\t\t\t<h2 style=\"text-align: center;\">P\u0159ipojen\u00ed: USB Type-C\u00ae, Wi-Fi, Ethernet 1 Gb\/s, Bluetooth, v\u00fdstup HDMI, vstup Aux 3,5 mm a 2-kontaktn\u00ed Euroblock GPI.<\/h2>\n\t\t\t\t<\/div><br \/>\n<div class='one_half et_column_last'>\n\t\t\t\t\t<img loading=\"lazy\" decoding=\"async\" class=\"alignright wp-image-4667 size-full\" src=\"https:\/\/commercialaudio.pl\/wp-content\/uploads\/2021\/04\/commercial_audio_bose_vb1_back.jpg\" alt=\"\" width=\"1920\" height=\"1080\" srcset=\"https:\/\/commercialaudio.pl\/wp-content\/uploads\/2021\/04\/commercial_audio_bose_vb1_back.jpg 1920w, https:\/\/commercialaudio.pl\/wp-content\/uploads\/2021\/04\/commercial_audio_bose_vb1_back-1280x720.jpg 1280w, https:\/\/commercialaudio.pl\/wp-content\/uploads\/2021\/04\/commercial_audio_bose_vb1_back-980x551.jpg 980w, https:\/\/commercialaudio.pl\/wp-content\/uploads\/2021\/04\/commercial_audio_bose_vb1_back-480x270.jpg 480w\" sizes=\"(min-width: 0px) and (max-width: 480px) 480px, (min-width: 481px) and (max-width: 980px) 980px, (min-width: 981px) and (max-width: 1280px) 1280px, (min-width: 1281px) 1920px, 100vw\" \/>\n\t\t\t\t<\/div><div class='clear'><\/div><br \/>\n<div class='one_half'>\n\t\t\t\t\t<img loading=\"lazy\" decoding=\"async\" class=\"aligncenter wp-image-4660 size-medium\" src=\"https:\/\/commercialaudio.pl\/wp-content\/uploads\/2021\/04\/commercial_audio_bose_vb1_infocomm_winner.png\" alt=\"\" width=\"300\" height=\"83\" \/>\n\t\t\t\t<\/div><br \/>\n<div class='one_half et_column_last'>\n\t\t\t\t\t<p><img loading=\"lazy\" decoding=\"async\" class=\"aligncenter wp-image-4661 size-medium\" src=\"https:\/\/commercialaudio.pl\/wp-content\/uploads\/2021\/04\/commercial_audio_bose_vb1_best_of_show.png\" alt=\"\" width=\"300\" height=\"265\" \/>\n\t\t\t\t<\/div><div class='clear'><\/div><\/p>\n<div data-bynder-widget=\"video-item\" data-media-id=\"C6F5034A-EF43-4AF3-A0CDE675079A71F4\" data-width=\"\"><script id=\"bynder-widgets-js\" data-account-url=\"assets.bosecreative.com\" data-language=\"en\" src=\"https:\/\/d8ejoa1fys2rk.cloudfront.net\/bynder-embed\/latest\/bynder-embed.js\"><\/script><\/div>","protected":false},"excerpt":{"rendered":"<h1 style=\"text-align: center;\"><strong>Videobar VB1<\/strong><\/h1>","protected":false},"featured_media":2143,"template":"","meta":{"_acf_changed":false,"_et_pb_use_builder":"","_et_pb_old_content":"","_et_gb_content_width":"","inline_featured_image":false},"product_cat":[17,69],"product_tag":[],"class_list":["post-2109","product","type-product","status-publish","has-post-thumbnail","product_cat-bose","product_cat-systemy_konferencyjne","first","instock","shipping-taxable","product-type-simple"],"acf":[],"_links":{"self":[{"href":"https:\/\/commercialaudio.pl\/cs\/wp-json\/wp\/v2\/product\/2109","targetHints":{"allow":["GET"]}}],"collection":[{"href":"https:\/\/commercialaudio.pl\/cs\/wp-json\/wp\/v2\/product"}],"about":[{"href":"https:\/\/commercialaudio.pl\/cs\/wp-json\/wp\/v2\/types\/product"}],"wp:featuredmedia":[{"embeddable":true,"href":"https:\/\/commercialaudio.pl\/cs\/wp-json\/wp\/v2\/media\/2143"}],"wp:attachment":[{"href":"https:\/\/commercialaudio.pl\/cs\/wp-json\/wp\/v2\/media?parent=2109"}],"wp:term":[{"taxonomy":"product_cat","embeddable":true,"href":"https:\/\/commercialaudio.pl\/cs\/wp-json\/wp\/v2\/product_cat?post=2109"},{"taxonomy":"product_tag","embeddable":true,"href":"https:\/\/commercialaudio.pl\/cs\/wp-json\/wp\/v2\/product_tag?post=2109"}],"curies":[{"name":"wp","href":"https:\/\/api.w.org\/{rel}","templated":true}]}}