{"id":8118,"date":"2024-05-16T17:31:42","date_gmt":"2024-05-16T15:31:42","guid":{"rendered":"https:\/\/commercialaudio.pl\/?page_id=8118"},"modified":"2024-05-21T00:26:41","modified_gmt":"2024-05-20T22:26:41","slug":"implementacja-amadeus-active-acoustics","status":"publish","type":"page","link":"https:\/\/commercialaudio.pl\/sk\/implementacja-amadeus-active-acoustics\/","title":{"rendered":"Implementacja Amadeus Active Acoustics"},"content":{"rendered":"<p>[et_pb_section fb_built=&#8221;1&#8243; _builder_version=&#8221;4.24.2&#8243; _module_preset=&#8221;default&#8221; background_enable_color=&#8221;off&#8221; background_image=&#8221;https:\/\/commercialaudio.pl\/wp-content\/uploads\/2024\/05\/AndermattSketch.jpg&#8221; background_position=&#8221;bottom_center&#8221; background_vertical_offset=&#8221;15%&#8221; height=&#8221;477px&#8221; global_colors_info=&#8221;{}&#8221;][et_pb_row _builder_version=&#8221;4.24.2&#8243; _module_preset=&#8221;default&#8221; global_colors_info=&#8221;{}&#8221;][et_pb_column type=&#8221;4_4&#8243; _builder_version=&#8221;4.24.2&#8243; _module_preset=&#8221;default&#8221; global_colors_info=&#8221;{}&#8221;][et_pb_text _builder_version=&#8221;4.24.2&#8243; _module_preset=&#8221;default&#8221; text_font=&#8221;Barlow SemiBold||||||||&#8221; text_text_color=&#8221;#FFFFFF&#8221; text_font_size=&#8221;100px&#8221; text_orientation=&#8221;center&#8221; custom_padding=&#8221;150px||||false|false&#8221; text_font_size_tablet=&#8221;76px&#8221; text_font_size_phone=&#8221;39px&#8221; text_font_size_last_edited=&#8221;on|desktop&#8221; global_colors_info=&#8221;{}&#8221;]<\/p>\n<p>IMPLEMENTACJA<\/p>\n<p>[\/et_pb_text][\/et_pb_column][\/et_pb_row][\/et_pb_section][et_pb_section fb_built=&#8221;1&#8243; _builder_version=&#8221;4.24.2&#8243; _module_preset=&#8221;default&#8221; custom_padding=&#8221;29px|||||&#8221; global_colors_info=&#8221;{}&#8221;][et_pb_row _builder_version=&#8221;4.16&#8243; _module_preset=&#8221;default&#8221; global_colors_info=&#8221;{}&#8221;][et_pb_column type=&#8221;4_4&#8243; _builder_version=&#8221;4.16&#8243; _module_preset=&#8221;default&#8221; global_colors_info=&#8221;{}&#8221;][et_pb_text _builder_version=&#8221;4.25.1&#8243; _module_preset=&#8221;default&#8221; text_text_color=&#8221;#000000&#8243; text_font_size=&#8221;1px&#8221; header_text_color=&#8221;#000000&#8243; header_font_size=&#8221;58px&#8221; header_2_text_color=&#8221;#000000&#8243; header_2_font_size=&#8221;30px&#8221; global_colors_info=&#8221;{}&#8221;]<\/p>\n<h1 style=\"text-align: center;\">Proces implementacji system\u00f3w<br \/>AMADEUS Active Acoustics<\/h1>\n<p>&nbsp;<\/p>\n<h3 style=\"text-align: center;\">W \u015bcis\u0142ej wsp\u00f3\u0142pracy z Twoim zespo\u0142em projektowym, akustykami, in\u017cynierami d\u017awi\u0119ku i muzykami, AMADEUS Active Acoustics tworzy odpowiednie ustawienia akustyczne, idealnie dostosowane do Twojej lokalizacji.<\/h3>\n<p>&nbsp;<\/p>\n<h2 style=\"text-align: center;\">5 Krok\u00f3w z AMADEUS w drodze do idealnej akustyki<\/h2>\n<p>&nbsp;<\/p>\n<h3 style=\"text-align: center;\">Udana instalacja AMADEUS odbywa si\u0119 w kilku fazach: Projektowanie, Instalacja, Strojenie Techniczne, Strojenie Artystyczne i Konserwacja.<\/h3>\n<p>[\/et_pb_text][\/et_pb_column][\/et_pb_row][et_pb_row _builder_version=&#8221;4.24.2&#8243; _module_preset=&#8221;default&#8221; global_colors_info=&#8221;{}&#8221;][et_pb_column type=&#8221;4_4&#8243; _builder_version=&#8221;4.24.2&#8243; _module_preset=&#8221;default&#8221; global_colors_info=&#8221;{}&#8221;][et_pb_image src=&#8221;https:\/\/commercialaudio.pl\/wp-content\/uploads\/2024\/05\/Amadeus-Active-Acoustics_Installation_Pfeildiagramm_v3.png&#8221; title_text=&#8221;Amadeus-Active-Acoustics_Installation_Pfeildiagramm_v3&#8243; _builder_version=&#8221;4.24.2&#8243; _module_preset=&#8221;default&#8221; global_colors_info=&#8221;{}&#8221;][\/et_pb_image][\/et_pb_column][\/et_pb_row][et_pb_row _builder_version=&#8221;4.24.2&#8243; _module_preset=&#8221;default&#8221; global_colors_info=&#8221;{}&#8221;][et_pb_column type=&#8221;4_4&#8243; _builder_version=&#8221;4.24.2&#8243; _module_preset=&#8221;default&#8221; global_colors_info=&#8221;{}&#8221;][et_pb_text _builder_version=&#8221;4.25.1&#8243; _module_preset=&#8221;default&#8221; hover_enabled=&#8221;0&#8243; global_colors_info=&#8221;{}&#8221; sticky_enabled=&#8221;0&#8243;]<\/p>\n<h3>Pomiary i dostrajanie muzyki s\u0105 kluczem do udanej instalacji. Wykwalifikowani i certyfikowani pracownicy s\u0105 cz\u0119\u015bci\u0105 tego procesu. AMADEUS prowadzi i doradza na wszystkich etapach. W zale\u017cno\u015bci od z\u0142o\u017cono\u015bci projektu czas trwania poszczeg\u00f3lnych etap\u00f3w mo\u017ce si\u0119 r\u00f3\u017cni\u0107.<\/h3>\n<p>&nbsp;<\/p>\n<h4>Pierwszy krok: <a href=\"https:\/\/commercialaudio.pl\/kontakt\/\" target=\"_blank\" rel=\"noopener\">Skontaktuj si\u0119 z nami!<\/a> Zaplanuj bezp\u0142atn\u0105, niewi\u0105\u017c\u0105c\u0105 konsultacj\u0119:<br \/>\u2192 <a href=\"mailto:t.nowicki.pl\">t.nowicki@caudio.pl<\/a><\/h4>\n<p>[\/et_pb_text][\/et_pb_column][\/et_pb_row][et_pb_row _builder_version=&#8221;4.24.2&#8243; _module_preset=&#8221;default&#8221; global_colors_info=&#8221;{}&#8221;][et_pb_column type=&#8221;4_4&#8243; _builder_version=&#8221;4.24.2&#8243; _module_preset=&#8221;default&#8221; global_colors_info=&#8221;{}&#8221;][et_pb_divider _builder_version=&#8221;4.24.2&#8243; _module_preset=&#8221;default&#8221; global_colors_info=&#8221;{}&#8221;][\/et_pb_divider][\/et_pb_column][\/et_pb_row][et_pb_row _builder_version=&#8221;4.24.2&#8243; _module_preset=&#8221;default&#8221; global_colors_info=&#8221;{}&#8221;][et_pb_column type=&#8221;4_4&#8243; _builder_version=&#8221;4.24.2&#8243; _module_preset=&#8221;default&#8221; global_colors_info=&#8221;{}&#8221;][et_pb_text _builder_version=&#8221;4.25.1&#8243; _module_preset=&#8221;default&#8221; hover_enabled=&#8221;0&#8243; global_colors_info=&#8221;{}&#8221; sticky_enabled=&#8221;0&#8243;]<\/p>\n<h1>System wp\u0142ywa na akustyk\u0119 pomieszczenia, ale nie jest to zauwa\u017calne. Brzmi bardzo naturalnie.<\/h1>\n<h4 style=\"text-align: right;\"><em>\u2014 Christian Simmen, Director of Engineering, <a href=\"https:\/\/www.andermatt-swissalps.ch\/en\/andermatt\/highlights\/andermatt-concert-hall\" target=\"_blank\" rel=\"noopener\">Andermatt Concert Hall<\/a><\/em><\/h4>\n<p>[\/et_pb_text][\/et_pb_column][\/et_pb_row][et_pb_row _builder_version=&#8221;4.24.2&#8243; _module_preset=&#8221;default&#8221; global_colors_info=&#8221;{}&#8221;][et_pb_column type=&#8221;4_4&#8243; _builder_version=&#8221;4.24.2&#8243; _module_preset=&#8221;default&#8221; global_colors_info=&#8221;{}&#8221;][et_pb_divider _builder_version=&#8221;4.24.2&#8243; _module_preset=&#8221;default&#8221; global_colors_info=&#8221;{}&#8221;][\/et_pb_divider][\/et_pb_column][\/et_pb_row][et_pb_row column_structure=&#8221;2_5,3_5&#8243; _builder_version=&#8221;4.24.2&#8243; _module_preset=&#8221;default&#8221; global_colors_info=&#8221;{}&#8221;][et_pb_column type=&#8221;2_5&#8243; _builder_version=&#8221;4.24.2&#8243; _module_preset=&#8221;default&#8221; global_colors_info=&#8221;{}&#8221;][et_pb_image src=&#8221;https:\/\/commercialaudio.pl\/wp-content\/uploads\/2024\/05\/CCSSuhl_UmbauNachhallakustik_2018_30.jpeg&#8221; title_text=&#8221;CCS+Suhl_Umbau+Nachhallakustik_2018_30&#8243; _builder_version=&#8221;4.24.2&#8243; _module_preset=&#8221;default&#8221; global_colors_info=&#8221;{}&#8221;][\/et_pb_image][\/et_pb_column][et_pb_column type=&#8221;3_5&#8243; _builder_version=&#8221;4.24.2&#8243; _module_preset=&#8221;default&#8221; global_colors_info=&#8221;{}&#8221;][et_pb_text _builder_version=&#8221;4.25.1&#8243; _module_preset=&#8221;default&#8221; text_font_size=&#8221;20px&#8221; global_colors_info=&#8221;{}&#8221;]<\/p>\n<p><strong>FAZA 1: PROJEKT<\/strong><\/p>\n<p>1. Okre\u015blenie wytycznych akustycznych dla przestrzeni ze szczeg\u00f3\u0142owym opisem scenariuszy akustycznych i ustawie\u0144 wst\u0119pnych.<\/p>\n<p>2. Wsparcie zespo\u0142u projektowego w zakresie integracji g\u0142o\u015bnik\u00f3w i mikrofon\u00f3w.<\/p>\n<p>3. Specyfikacja g\u0142o\u015bnik\u00f3w, mikrofon\u00f3w i innych element\u00f3w systemu.<\/p>\n<p>[\/et_pb_text][\/et_pb_column][\/et_pb_row][et_pb_row column_structure=&#8221;2_5,3_5&#8243; _builder_version=&#8221;4.24.2&#8243; _module_preset=&#8221;default&#8221; global_colors_info=&#8221;{}&#8221;][et_pb_column type=&#8221;2_5&#8243; _builder_version=&#8221;4.24.2&#8243; _module_preset=&#8221;default&#8221; global_colors_info=&#8221;{}&#8221;][et_pb_image src=&#8221;https:\/\/commercialaudio.pl\/wp-content\/uploads\/2024\/05\/AmadeusActiveAcoustics_System-Configuration.jpeg&#8221; title_text=&#8221;AmadeusActiveAcoustics_System-Configuration&#8221; _builder_version=&#8221;4.24.2&#8243; _module_preset=&#8221;default&#8221; global_colors_info=&#8221;{}&#8221;][\/et_pb_image][\/et_pb_column][et_pb_column type=&#8221;3_5&#8243; _builder_version=&#8221;4.24.2&#8243; _module_preset=&#8221;default&#8221; global_colors_info=&#8221;{}&#8221;][et_pb_text _builder_version=&#8221;4.25.1&#8243; _module_preset=&#8221;default&#8221; text_font_size=&#8221;20px&#8221; global_colors_info=&#8221;{}&#8221;]<\/p>\n<p><strong>FAZA 2: INSTALACJA<\/strong><\/p>\n<p>4. G\u0142o\u015bniki, mikrofony, okablowanie i stojaki techniczne s\u0105 instalowane przez integratora systemu (nie jest to wykonywane przez AMADEUS Acoustics).<\/p>\n<p>5. AMADEUS wspiera integratora systemu we wszelkich nadchodz\u0105cych kwestiach.<\/p>\n<p>[\/et_pb_text][\/et_pb_column][\/et_pb_row][et_pb_row column_structure=&#8221;2_5,3_5&#8243; _builder_version=&#8221;4.24.2&#8243; _module_preset=&#8221;default&#8221; global_colors_info=&#8221;{}&#8221;][et_pb_column type=&#8221;2_5&#8243; _builder_version=&#8221;4.24.2&#8243; _module_preset=&#8221;default&#8221; global_colors_info=&#8221;{}&#8221;][et_pb_image src=&#8221;https:\/\/commercialaudio.pl\/wp-content\/uploads\/2024\/05\/amadeus9.jpeg&#8221; title_text=&#8221;amadeus9&#8243; _builder_version=&#8221;4.24.2&#8243; _module_preset=&#8221;default&#8221; global_colors_info=&#8221;{}&#8221;][\/et_pb_image][\/et_pb_column][et_pb_column type=&#8221;3_5&#8243; _builder_version=&#8221;4.24.2&#8243; _module_preset=&#8221;default&#8221; global_colors_info=&#8221;{}&#8221;][et_pb_text _builder_version=&#8221;4.25.1&#8243; _module_preset=&#8221;default&#8221; text_font_size=&#8221;20px&#8221; global_colors_info=&#8221;{}&#8221;]<\/p>\n<p><strong>FAZA 3: DOSTRAJANIE TECHNICZNE (KALIBRACJA)<\/strong><\/p>\n<p>6. Podstawowa kalibracja wszystkich komponent\u00f3w systemu<\/p>\n<p>7. Konfiguracja AMADEUS Core dla konkretnego miejsca<\/p>\n<p>\u2192 Szacowany czas: oko\u0142o 2-3 dni (w zale\u017cno\u015bci od z\u0142o\u017cono\u015bci projektu)<\/p>\n<p>[\/et_pb_text][\/et_pb_column][\/et_pb_row][et_pb_row column_structure=&#8221;2_5,3_5&#8243; _builder_version=&#8221;4.24.2&#8243; _module_preset=&#8221;default&#8221; global_colors_info=&#8221;{}&#8221;][et_pb_column type=&#8221;2_5&#8243; _builder_version=&#8221;4.24.2&#8243; _module_preset=&#8221;default&#8221; global_colors_info=&#8221;{}&#8221;][et_pb_image src=&#8221;https:\/\/commercialaudio.pl\/wp-content\/uploads\/2024\/05\/AmadeusActiveAcoustis_ArtisticTuning_3.jpeg&#8221; title_text=&#8221;AmadeusActiveAcoustis_ArtisticTuning_3&#8243; _builder_version=&#8221;4.24.2&#8243; _module_preset=&#8221;default&#8221; global_colors_info=&#8221;{}&#8221;][\/et_pb_image][\/et_pb_column][et_pb_column type=&#8221;3_5&#8243; _builder_version=&#8221;4.24.2&#8243; _module_preset=&#8221;default&#8221; global_colors_info=&#8221;{}&#8221;][et_pb_text _builder_version=&#8221;4.25.1&#8243; _module_preset=&#8221;default&#8221; text_font_size=&#8221;20px&#8221; global_colors_info=&#8221;{}&#8221;]<\/p>\n<p><strong>FAZA 4: STROJENIE ARTYSTYCZNE (FINETUNING)<\/strong><\/p>\n<p>8. Dostrajanie i optymalizacja preset\u00f3w poprzez ods\u0142uch i pomiary akustyczne.<\/p>\n<p>9. Optymalizacja wcze\u015bniej zmierzonego presetu technicznego<\/p>\n<p>10. Pr\u00f3by z muzykami i orkiestr\u0105<\/p>\n<p>\u2192 Przewidywany czas: oko\u0142o 1-2 dni<\/p>\n<p>[\/et_pb_text][\/et_pb_column][\/et_pb_row][et_pb_row column_structure=&#8221;2_5,3_5&#8243; _builder_version=&#8221;4.24.2&#8243; _module_preset=&#8221;default&#8221; global_colors_info=&#8221;{}&#8221;][et_pb_column type=&#8221;2_5&#8243; _builder_version=&#8221;4.24.2&#8243; _module_preset=&#8221;default&#8221; global_colors_info=&#8221;{}&#8221;][et_pb_image src=&#8221;https:\/\/commercialaudio.pl\/wp-content\/uploads\/2024\/05\/CCSSuhl_UmbauNachhallakustik_2018_27.jpeg&#8221; title_text=&#8221;CCS+Suhl_Umbau+Nachhallakustik_2018_27&#8243; _builder_version=&#8221;4.24.2&#8243; _module_preset=&#8221;default&#8221; global_colors_info=&#8221;{}&#8221;][\/et_pb_image][\/et_pb_column][et_pb_column type=&#8221;3_5&#8243; _builder_version=&#8221;4.24.2&#8243; _module_preset=&#8221;default&#8221; global_colors_info=&#8221;{}&#8221;][et_pb_text _builder_version=&#8221;4.25.1&#8243; _module_preset=&#8221;default&#8221; text_font_size=&#8221;20px&#8221; global_colors_info=&#8221;{}&#8221;]<\/p>\n<p><strong>FAZA 5: KONSERWACJA I BIE\u017b\u0104CE WSPARCIE<\/strong><\/p>\n<p>Po kilku miesi\u0105cach lub roku zalecamy konserwacj\u0119 w celu sprawdzenia jako\u015bci akustyki. W razie potrzeby mo\u017cemy stworzy\u0107 adaptacje oryginalnych ustawie\u0144 wst\u0119pnych, aby lepiej odpowiada\u0142y potrzebom przestrzeni. Ponadto oferujemy do\u017cywotnie wsparcie.<\/p>\n<p>\u2192 Zr\u00f3b pierwszy krok: Um\u00f3w si\u0119 na bezp\u0142atn\u0105, niezobowi\u0105zuj\u0105c\u0105 konsultacj\u0119.<\/p>\n<p>[\/et_pb_text][\/et_pb_column][\/et_pb_row][et_pb_row _builder_version=&#8221;4.24.2&#8243; _module_preset=&#8221;default&#8221; global_colors_info=&#8221;{}&#8221;][et_pb_column type=&#8221;4_4&#8243; _builder_version=&#8221;4.24.2&#8243; _module_preset=&#8221;default&#8221; global_colors_info=&#8221;{}&#8221;][et_pb_button button_url=&#8221;mailto:t.nowicki@caudio.pl&#8221; url_new_window=&#8221;on&#8221; button_text=&#8221;Um\u00f3w si\u0119 na bezp\u0142atn\u0105 konsultacje&#8221; button_alignment=&#8221;center&#8221; _builder_version=&#8221;4.24.2&#8243; _module_preset=&#8221;default&#8221; custom_button=&#8221;on&#8221; button_text_color=&#8221;#FFFFFF&#8221; button_bg_color=&#8221;#000000&#8243; button_border_width=&#8221;2px&#8221; button_border_radius=&#8221;29px&#8221; global_colors_info=&#8221;{}&#8221;][\/et_pb_button][\/et_pb_column][\/et_pb_row][et_pb_row _builder_version=&#8221;4.24.2&#8243; _module_preset=&#8221;default&#8221; global_colors_info=&#8221;{}&#8221;][et_pb_column type=&#8221;4_4&#8243; _builder_version=&#8221;4.24.2&#8243; _module_preset=&#8221;default&#8221; global_colors_info=&#8221;{}&#8221;][et_pb_divider _builder_version=&#8221;4.24.2&#8243; _module_preset=&#8221;default&#8221; global_colors_info=&#8221;{}&#8221;][\/et_pb_divider][\/et_pb_column][\/et_pb_row][et_pb_row _builder_version=&#8221;4.24.2&#8243; _module_preset=&#8221;default&#8221; global_colors_info=&#8221;{}&#8221;][et_pb_column type=&#8221;4_4&#8243; _builder_version=&#8221;4.24.2&#8243; _module_preset=&#8221;default&#8221; global_colors_info=&#8221;{}&#8221;][et_pb_text _builder_version=&#8221;4.24.2&#8243; _module_preset=&#8221;default&#8221; global_colors_info=&#8221;{}&#8221;]<\/p>\n<h1>To fascynuj\u0105ce, jak du\u017cy zakres dynamiki zapewnia sala koncertowa Andermatt. Oferuje wysoki stopie\u0144 intymno\u015bci, a jednocze\u015bnie brzmi jak wi\u0119ksza sala. Jako muzyk nie ma si\u0119 czym martwi\u0107 &#8211; to tylko kwestia tworzenia muzyki.<\/h1>\n<h4 style=\"text-align: right;\"><em>\u2014 Jonathan Brett, conductor, Andermatt Concert Hall<\/em><\/h4>\n<p>[\/et_pb_text][\/et_pb_column][\/et_pb_row][\/et_pb_section]<\/p>\n","protected":false},"excerpt":{"rendered":"<p>IMPLEMENTACJAProces implementacji system\u00f3wAMADEUS Active Acoustics &nbsp; W \u015bcis\u0142ej wsp\u00f3\u0142pracy z Twoim zespo\u0142em projektowym, akustykami, in\u017cynierami d\u017awi\u0119ku i muzykami, AMADEUS Active Acoustics tworzy odpowiednie ustawienia akustyczne, idealnie dostosowane do Twojej lokalizacji. &nbsp; 5 Krok\u00f3w z AMADEUS w drodze do idealnej akustyki &nbsp; Udana instalacja AMADEUS odbywa si\u0119 w kilku fazach: Projektowanie, Instalacja, Strojenie Techniczne, Strojenie Artystyczne [&hellip;]<\/p>\n","protected":false},"author":5,"featured_media":0,"parent":0,"menu_order":0,"comment_status":"closed","ping_status":"closed","template":"","meta":{"_acf_changed":false,"_et_pb_use_builder":"on","_et_pb_old_content":"","_et_gb_content_width":"","inline_featured_image":false,"footnotes":""},"class_list":["post-8118","page","type-page","status-publish","hentry"],"acf":[],"_links":{"self":[{"href":"https:\/\/commercialaudio.pl\/sk\/wp-json\/wp\/v2\/pages\/8118","targetHints":{"allow":["GET"]}}],"collection":[{"href":"https:\/\/commercialaudio.pl\/sk\/wp-json\/wp\/v2\/pages"}],"about":[{"href":"https:\/\/commercialaudio.pl\/sk\/wp-json\/wp\/v2\/types\/page"}],"author":[{"embeddable":true,"href":"https:\/\/commercialaudio.pl\/sk\/wp-json\/wp\/v2\/users\/5"}],"replies":[{"embeddable":true,"href":"https:\/\/commercialaudio.pl\/sk\/wp-json\/wp\/v2\/comments?post=8118"}],"version-history":[{"count":15,"href":"https:\/\/commercialaudio.pl\/sk\/wp-json\/wp\/v2\/pages\/8118\/revisions"}],"predecessor-version":[{"id":8367,"href":"https:\/\/commercialaudio.pl\/sk\/wp-json\/wp\/v2\/pages\/8118\/revisions\/8367"}],"wp:attachment":[{"href":"https:\/\/commercialaudio.pl\/sk\/wp-json\/wp\/v2\/media?parent=8118"}],"curies":[{"name":"wp","href":"https:\/\/api.w.org\/{rel}","templated":true}]}}