{"id":8139,"date":"2024-05-19T23:18:38","date_gmt":"2024-05-19T21:18:38","guid":{"rendered":"https:\/\/commercialaudio.pl\/?page_id=8139"},"modified":"2024-05-21T15:23:55","modified_gmt":"2024-05-21T13:23:55","slug":"specifikacie-aktivnej-akustiky-amadeus","status":"publish","type":"page","link":"https:\/\/commercialaudio.pl\/sk\/amadeus-active-acoustics-specyfikacja\/","title":{"rendered":"Specyfikacja techniczna Amadeus Active Acoustics"},"content":{"rendered":"<p>[et_pb_section fb_built=&#8221;1&#8243; _builder_version=&#8221;4.25.1&#8243; _module_preset=&#8221;default&#8221; background_enable_color=&#8221;off&#8221; background_image=&#8221;https:\/\/commercialaudio.pl\/wp-content\/uploads\/2024\/05\/CCSSuhl_UmbauNachhallakustik_2018_27.jpeg&#8221; background_position=&#8221;bottom_center&#8221; background_vertical_offset=&#8221;70%&#8221; height=&#8221;477px&#8221; custom_padding=&#8221;6px||||false|false&#8221; filter_contrast=&#8221;130%&#8221; hover_enabled=&#8221;0&#8243; global_colors_info=&#8221;{}&#8221; disabled_on=&#8221;on|on|off&#8221; sticky_enabled=&#8221;0&#8243;][et_pb_row _builder_version=&#8221;4.25.1&#8243; _module_preset=&#8221;default&#8221; width=&#8221;100%&#8221; global_colors_info=&#8221;{}&#8221;][et_pb_column type=&#8221;4_4&#8243; _builder_version=&#8221;4.24.2&#8243; _module_preset=&#8221;default&#8221; global_colors_info=&#8221;{}&#8221;][et_pb_text _builder_version=&#8221;4.25.1&#8243; _module_preset=&#8221;default&#8221; text_font=&#8221;Barlow SemiBold||||||||&#8221; text_text_color=&#8221;#FFFFFF&#8221; text_font_size=&#8221;51px&#8221; text_line_height=&#8221;1em&#8221; text_orientation=&#8221;center&#8221; custom_margin_tablet=&#8221;&#8221; custom_margin_phone=&#8221;&#8221; custom_margin_last_edited=&#8221;on|phone&#8221; custom_padding=&#8221;90px|201px|||false|false&#8221; text_font_size_tablet=&#8221;76px&#8221; text_font_size_phone=&#8221;35px&#8221; text_font_size_last_edited=&#8221;on|desktop&#8221; text_text_shadow_style=&#8221;preset2&#8243; global_colors_info=&#8221;{}&#8221;]<\/p>\n<p>PONAD 20 LAT DO\u015aWIADCZENIA<br \/>W PROJEKTOWANIU<\/p>\n<p>[\/et_pb_text][\/et_pb_column][\/et_pb_row][\/et_pb_section][et_pb_section fb_built=&#8221;1&#8243; _builder_version=&#8221;4.25.1&#8243; _module_preset=&#8221;default&#8221; background_enable_color=&#8221;off&#8221; background_image=&#8221;https:\/\/commercialaudio.pl\/wp-content\/uploads\/2024\/05\/CCSSuhl_UmbauNachhallakustik_2018_27.jpeg&#8221; background_position=&#8221;bottom_center&#8221; background_vertical_offset=&#8221;70%&#8221; height=&#8221;477px&#8221; custom_padding=&#8221;6px||||false|false&#8221; filter_contrast=&#8221;130%&#8221; hover_enabled=&#8221;0&#8243; global_colors_info=&#8221;{}&#8221; disabled_on=&#8221;off|off|on&#8221; sticky_enabled=&#8221;0&#8243;][et_pb_row _builder_version=&#8221;4.25.1&#8243; _module_preset=&#8221;default&#8221; width=&#8221;100%&#8221; global_colors_info=&#8221;{}&#8221;][et_pb_column type=&#8221;4_4&#8243; _builder_version=&#8221;4.24.2&#8243; _module_preset=&#8221;default&#8221; global_colors_info=&#8221;{}&#8221;][et_pb_text _builder_version=&#8221;4.25.1&#8243; _module_preset=&#8221;default&#8221; text_font=&#8221;Barlow SemiBold||||||||&#8221; text_text_color=&#8221;#FFFFFF&#8221; text_font_size=&#8221;51px&#8221; text_line_height=&#8221;1em&#8221; text_orientation=&#8221;center&#8221; custom_margin_tablet=&#8221;&#8221; custom_margin_phone=&#8221;&#8221; custom_margin_last_edited=&#8221;on|phone&#8221; custom_padding=&#8221;90px||||false|false&#8221; hover_enabled=&#8221;0&#8243; text_font_size_tablet=&#8221;76px&#8221; text_font_size_phone=&#8221;35px&#8221; text_font_size_last_edited=&#8221;on|desktop&#8221; text_text_shadow_style=&#8221;preset2&#8243; global_colors_info=&#8221;{}&#8221; sticky_enabled=&#8221;0&#8243;]<\/p>\n<p style=\"text-align: center;\">PONAD 20 LAT DO\u015aWIADCZENIA<br \/>W PROJEKTOWANIU<\/p>\n<p>[\/et_pb_text][\/et_pb_column][\/et_pb_row][\/et_pb_section][et_pb_section fb_built=&#8221;1&#8243; _builder_version=&#8221;4.24.2&#8243; _module_preset=&#8221;default&#8221; custom_padding=&#8221;29px|||||&#8221; global_colors_info=&#8221;{}&#8221;][et_pb_row _builder_version=&#8221;4.16&#8243; _module_preset=&#8221;default&#8221; global_colors_info=&#8221;{}&#8221;][et_pb_column type=&#8221;4_4&#8243; _builder_version=&#8221;4.16&#8243; _module_preset=&#8221;default&#8221; global_colors_info=&#8221;{}&#8221;][et_pb_text _builder_version=&#8221;4.24.2&#8243; _module_preset=&#8221;default&#8221; text_text_color=&#8221;#000000&#8243; text_font_size=&#8221;1px&#8221; header_text_color=&#8221;#000000&#8243; header_font_size=&#8221;58px&#8221; header_2_text_color=&#8221;#000000&#8243; header_2_font_size=&#8221;30px&#8221; custom_padding=&#8221;||0px|||&#8221; hover_enabled=&#8221;0&#8243; global_colors_info=&#8221;{}&#8221; sticky_enabled=&#8221;0&#8243;]<\/p>\n<h1>Specyfikacja techniczna AMADEUS<\/h1>\n<p>&nbsp;<\/p>\n<h3>AMADEUS Active Acoustics to prze\u0142omowy system elektroakustyczny, kt\u00f3ry zapewnia zmienn\u0105 akustyk\u0119, wzmocnienie pog\u0142osu i wci\u0105gaj\u0105cy d\u017awi\u0119k w przestrzeniach muzycznych, wydarzeniach, konferencjach, pokazach lub muzeach. Mo\u017ce dostosowa\u0107 akustyk\u0119 ka\u017cdego pomieszczenia.<\/h3>\n<p>&nbsp;<\/p>\n<h2>AMADEUS CORE: DOSKONA\u0141Y D\u0179WI\u0118K DZI\u0118KI PO\u0141\u0104CZENIU SPRZ\u0118TU, OPROGRAMOWANIA I KNOW-HOW<\/h2>\n<p>&nbsp;<\/p>\n<h3>System Active Acoustics sk\u0142ada si\u0119 z g\u0142o\u015bnik\u00f3w, mikrofon\u00f3w, wej\u015b\u0107\/wyj\u015b\u0107 audio, AMADEUS Core, interfejsu sterowania i us\u0142ug. AMADEUS Active Acoustics dostarcza rdze\u0144, us\u0142ugi projektowania i strojenia ca\u0142ego systemu.<\/h3>\n<p>[\/et_pb_text][\/et_pb_column][\/et_pb_row][et_pb_row _builder_version=&#8221;4.24.2&#8243; _module_preset=&#8221;default&#8221; global_colors_info=&#8221;{}&#8221;][et_pb_column type=&#8221;4_4&#8243; _builder_version=&#8221;4.24.2&#8243; _module_preset=&#8221;default&#8221; global_colors_info=&#8221;{}&#8221;][et_pb_image src=&#8221;https:\/\/commercialaudio.pl\/wp-content\/uploads\/2024\/05\/AmadeusActiveAcoustics_System-Configuration.jpeg&#8221; title_text=&#8221;AmadeusActiveAcoustics_System-Configuration&#8221; _builder_version=&#8221;4.24.2&#8243; _module_preset=&#8221;default&#8221; global_colors_info=&#8221;{}&#8221;][\/et_pb_image][et_pb_text _builder_version=&#8221;4.24.2&#8243; _module_preset=&#8221;default&#8221; global_colors_info=&#8221;{}&#8221;]<\/p>\n<h6 style=\"text-align: center;\">Schemat przedstawia wyposa\u017cenie niezb\u0119dne do kompletnej instalacji systemu AMADEUS.<\/h6>\n<p>[\/et_pb_text][\/et_pb_column][\/et_pb_row][et_pb_row _builder_version=&#8221;4.24.2&#8243; _module_preset=&#8221;default&#8221; global_colors_info=&#8221;{}&#8221;][et_pb_column type=&#8221;4_4&#8243; _builder_version=&#8221;4.24.2&#8243; _module_preset=&#8221;default&#8221; global_colors_info=&#8221;{}&#8221;][et_pb_text _builder_version=&#8221;4.24.2&#8243; _module_preset=&#8221;default&#8221; global_colors_info=&#8221;{}&#8221;]<\/p>\n<h4>Ustawieniami akustycznymi (presetami) mo\u017cna sterowa\u0107 z laptopa, tabletu, a nawet telefonu za pomoc\u0105 sieci lokalnej lub Wi-Fi.<\/h4>\n<h4><\/h4>\n<h4>G\u0142\u00f3wn\u0105 cz\u0119\u015bci\u0105 instalacji jest projekt systemu i integracja architektoniczna g\u0142o\u015bnik\u00f3w i mikrofon\u00f3w. AMADEUS wspiera zesp\u00f3\u0142 projektowy na ka\u017cdym etapie tego procesu.<\/h4>\n<h4><\/h4>\n<h4>Po instalacji system jest kalibrowany przez zesp\u00f3\u0142 in\u017cynier\u00f3w AMADEUS, a ustawienia wst\u0119pne s\u0105 dostosowywane do konkretnych potrzeb przestrzeni. Proces ten odbywa si\u0119 w \u015bcis\u0142ej wsp\u00f3\u0142pracy z muzykami i technikami domu.<\/h4>\n<h4><\/h4>\n<h4>W niekt\u00f3rych przypadkach korzystne mo\u017ce by\u0107 wsparcie koncert\u00f3w i wydarze\u0144. Zesp\u00f3\u0142 AMADEUS mo\u017ce zapewni\u0107 doskona\u0142e wsparcie na miejscu.<\/h4>\n<p>[\/et_pb_text][\/et_pb_column][\/et_pb_row][et_pb_row column_structure=&#8221;2_5,3_5&#8243; _builder_version=&#8221;4.24.2&#8243; _module_preset=&#8221;default&#8221; global_colors_info=&#8221;{}&#8221;][et_pb_column type=&#8221;2_5&#8243; _builder_version=&#8221;4.24.2&#8243; _module_preset=&#8221;default&#8221; global_colors_info=&#8221;{}&#8221;][et_pb_image src=&#8221;https:\/\/commercialaudio.pl\/wp-content\/uploads\/2024\/05\/AmadeusActiveAcoustics_Andermatt_Matrix.jpeg&#8221; title_text=&#8221;AmadeusActiveAcoustics_Andermatt_Matrix&#8221; _builder_version=&#8221;4.24.2&#8243; _module_preset=&#8221;default&#8221; global_colors_info=&#8221;{}&#8221;][\/et_pb_image][\/et_pb_column][et_pb_column type=&#8221;3_5&#8243; _builder_version=&#8221;4.24.2&#8243; _module_preset=&#8221;default&#8221; global_colors_info=&#8221;{}&#8221;][et_pb_text ul_item_indent=&#8221;30px&#8221; _builder_version=&#8221;4.24.2&#8243; _module_preset=&#8221;default&#8221; ul_font_size=&#8221;15px&#8221; ul_line_height=&#8221;3em&#8221; global_colors_info=&#8221;{}&#8221;]<\/p>\n<h2>G\u0142\u00f3wne korzy\u015bci to:<\/h2>\n<ul>\n<li>\n<h4>Zmienna akustyka<\/h4>\n<\/li>\n<li>\n<h4>Lepsza jako\u015b\u0107 akustyczna<\/h4>\n<\/li>\n<li>\n<h4>Bezpiecze\u0144stwo inwestycji w przestrze\u0144<\/h4>\n<\/li>\n<li>\n<h4>\u0141atwa obs\u0142uga i konserwacja<\/h4>\n<\/li>\n<li>\n<h4>Niezale\u017cno\u015b\u0107 od marki: wsp\u00f3\u0142pracuje z mikrofonem lub g\u0142o\u015bnikiem dowolnej marki<\/h4>\n<\/li>\n<\/ul>\n<p>[\/et_pb_text][\/et_pb_column][\/et_pb_row][et_pb_row _builder_version=&#8221;4.24.2&#8243; _module_preset=&#8221;default&#8221; global_colors_info=&#8221;{}&#8221;][et_pb_column type=&#8221;4_4&#8243; _builder_version=&#8221;4.24.2&#8243; _module_preset=&#8221;default&#8221; global_colors_info=&#8221;{}&#8221;][et_pb_text _builder_version=&#8221;4.24.2&#8243; _module_preset=&#8221;default&#8221; global_colors_info=&#8221;{}&#8221;]<\/p>\n<h4 style=\"text-align: left;\"><em>Je\u015bli potrzebujesz dalszej pomocy lub chcesz um\u00f3wi\u0107 si\u0119 na rozmow\u0119, napisz do nas: t.nowicki@caudio.pl<\/em><\/h4>\n<p>[\/et_pb_text][\/et_pb_column][\/et_pb_row][et_pb_row _builder_version=&#8221;4.24.2&#8243; _module_preset=&#8221;default&#8221; global_colors_info=&#8221;{}&#8221;][et_pb_column type=&#8221;4_4&#8243; _builder_version=&#8221;4.24.2&#8243; _module_preset=&#8221;default&#8221; global_colors_info=&#8221;{}&#8221;][et_pb_divider _builder_version=&#8221;4.24.2&#8243; _module_preset=&#8221;default&#8221; global_colors_info=&#8221;{}&#8221;][\/et_pb_divider][\/et_pb_column][\/et_pb_row][et_pb_row _builder_version=&#8221;4.24.2&#8243; _module_preset=&#8221;default&#8221; global_colors_info=&#8221;{}&#8221;][et_pb_column type=&#8221;4_4&#8243; _builder_version=&#8221;4.24.2&#8243; _module_preset=&#8221;default&#8221; global_colors_info=&#8221;{}&#8221;][et_pb_text _builder_version=&#8221;4.24.2&#8243; _module_preset=&#8221;default&#8221; custom_margin=&#8221;-40px||||false|false&#8221; global_colors_info=&#8221;{}&#8221;]<\/p>\n<h2 style=\"text-align: center;\">DOKUMENTY TECHNICZNE<\/h2>\n<h4 style=\"text-align: center;\">Poni\u017csze dokumenty zapewniaj\u0105 bardziej szczeg\u00f3\u0142owy wgl\u0105d w funkcjonalno\u015b\u0107 i specyfikacje techniczne:<\/h4>\n<p>[\/et_pb_text][\/et_pb_column][\/et_pb_row][et_pb_row column_structure=&#8221;3_4,1_4&#8243; _builder_version=&#8221;4.24.2&#8243; _module_preset=&#8221;default&#8221; global_colors_info=&#8221;{}&#8221;][et_pb_column type=&#8221;3_4&#8243; _builder_version=&#8221;4.24.2&#8243; _module_preset=&#8221;default&#8221; global_colors_info=&#8221;{}&#8221;][et_pb_text _builder_version=&#8221;4.24.2&#8243; _module_preset=&#8221;default&#8221; global_colors_info=&#8221;{}&#8221;]<\/p>\n<h3 style=\"text-align: center;\">BIA\u0141A KSI\u0118GA AMADEUS<\/h3>\n<h4 style=\"text-align: left;\"><\/h4>\n<h4 style=\"text-align: center;\">Niniejszy dokument opisuje funkcje i specyfikacje techniczne.<\/h4>\n<h4 style=\"text-align: center;\"><\/h4>\n<h4 style=\"text-align: center;\">Aby dowiedzie\u0107 si\u0119 wi\u0119cej, kliknij dokument dotycz\u0105cy funkcjonalno\u015bci i specyfikacji technicznej poni\u017cej.<\/h4>\n<p>[\/et_pb_text][et_pb_button button_url=&#8221;https:\/\/commercialaudio.pl\/wp-content\/uploads\/2024\/05\/201105_AmadeusSpecsneutralENfinaleditedbyNI-1.pdf&#8221; url_new_window=&#8221;on&#8221; button_text=&#8221;Pobierz dokument %22SPECYFIKACJA I FUNKCJONALNO\u015a\u0106%22&#8243; button_alignment=&#8221;center&#8221; _builder_version=&#8221;4.24.2&#8243; _module_preset=&#8221;default&#8221; custom_button=&#8221;on&#8221; button_text_size=&#8221;20px&#8221; button_text_color=&#8221;#FFFFFF&#8221; button_bg_color=&#8221;#0a0a0a&#8221; button_border_width=&#8221;0px&#8221; button_border_radius=&#8221;46px&#8221; button_letter_spacing=&#8221;1px&#8221; button_font=&#8221;Barlow SemiBold||||||||&#8221; custom_padding=&#8221;40px||40px||true|false&#8221; box_shadow_style=&#8221;preset1&#8243; global_colors_info=&#8221;{}&#8221;][\/et_pb_button][\/et_pb_column][et_pb_column type=&#8221;1_4&#8243; _builder_version=&#8221;4.24.2&#8243; _module_preset=&#8221;default&#8221; global_colors_info=&#8221;{}&#8221;][et_pb_image src=&#8221;https:\/\/commercialaudio.pl\/wp-content\/uploads\/2024\/05\/201105_AmadeusActiceAcoustics_Functionalities_TechSpecs.jpeg&#8221; title_text=&#8221;201105_AmadeusActiceAcoustics_Functionalities_TechSpecs&#8221; _builder_version=&#8221;4.24.2&#8243; _module_preset=&#8221;default&#8221; global_colors_info=&#8221;{}&#8221;][\/et_pb_image][\/et_pb_column][\/et_pb_row][et_pb_row column_structure=&#8221;3_4,1_4&#8243; _builder_version=&#8221;4.24.2&#8243; _module_preset=&#8221;default&#8221; global_colors_info=&#8221;{}&#8221;][et_pb_column type=&#8221;3_4&#8243; _builder_version=&#8221;4.24.2&#8243; _module_preset=&#8221;default&#8221; global_colors_info=&#8221;{}&#8221;][et_pb_text _builder_version=&#8221;4.24.2&#8243; _module_preset=&#8221;default&#8221; global_colors_info=&#8221;{}&#8221;]<\/p>\n<h3 style=\"text-align: center;\">KARTA KATALOGOWA AMADEUS CORE<\/h3>\n<h4 style=\"text-align: center;\"><\/h4>\n<h4 style=\"text-align: center;\">Niniejszy dokument opisuje szczeg\u00f3\u0142y techniczne procesora sygna\u0142owego AMADEUS Core.<\/h4>\n<h4 style=\"text-align: center;\"><\/h4>\n<h4 style=\"text-align: center;\">Aby dowiedzie\u0107 si\u0119 wi\u0119cej, kliknij dokument poni\u017cej.<\/h4>\n<p>[\/et_pb_text][et_pb_button button_url=&#8221;https:\/\/commercialaudio.pl\/wp-content\/uploads\/2024\/05\/2022_Amadeus-Core_Datasheet_en.pdf&#8221; url_new_window=&#8221;on&#8221; button_text=&#8221;Pobierz dokument %22KARTA KATALOGOWA AMADEUS CORE%22&#8243; button_alignment=&#8221;center&#8221; _builder_version=&#8221;4.24.2&#8243; _module_preset=&#8221;default&#8221; custom_button=&#8221;on&#8221; button_text_size=&#8221;20px&#8221; button_text_color=&#8221;#FFFFFF&#8221; button_bg_color=&#8221;#0a0a0a&#8221; button_border_width=&#8221;0px&#8221; button_border_radius=&#8221;46px&#8221; button_letter_spacing=&#8221;1px&#8221; button_font=&#8221;Barlow SemiBold||||||||&#8221; custom_margin=&#8221;70px||||false|false&#8221; custom_padding=&#8221;40px||40px||true|false&#8221; box_shadow_style=&#8221;preset1&#8243; global_colors_info=&#8221;{}&#8221;][\/et_pb_button][\/et_pb_column][et_pb_column type=&#8221;1_4&#8243; _builder_version=&#8221;4.24.2&#8243; _module_preset=&#8221;default&#8221; global_colors_info=&#8221;{}&#8221;][et_pb_image src=&#8221;https:\/\/commercialaudio.pl\/wp-content\/uploads\/2024\/05\/2022_Amadeus-Core_Datasheet_en_Strona_1.jpg&#8221; title_text=&#8221;2022_Amadeus-Core_Datasheet_en_Strona_1&#8243; _builder_version=&#8221;4.24.2&#8243; _module_preset=&#8221;default&#8221; global_colors_info=&#8221;{}&#8221;][\/et_pb_image][\/et_pb_column][\/et_pb_row][et_pb_row _builder_version=&#8221;4.24.2&#8243; _module_preset=&#8221;default&#8221; global_colors_info=&#8221;{}&#8221;][et_pb_column type=&#8221;4_4&#8243; _builder_version=&#8221;4.24.2&#8243; _module_preset=&#8221;default&#8221; global_colors_info=&#8221;{}&#8221;][et_pb_divider _builder_version=&#8221;4.24.2&#8243; _module_preset=&#8221;default&#8221; global_colors_info=&#8221;{}&#8221;][\/et_pb_divider][et_pb_text _builder_version=&#8221;4.24.2&#8243; _module_preset=&#8221;default&#8221; global_colors_info=&#8221;{}&#8221;]<\/p>\n<h2 style=\"text-align: center;\">PRZEJRZYJ KOLEKCJ\u0118 NAJNOWSZYCH CASE STUDIES AMADEUS<\/h2>\n<p>[\/et_pb_text][\/et_pb_column][\/et_pb_row][et_pb_row column_structure=&#8221;1_4,1_4,1_4,1_4&#8243; _builder_version=&#8221;4.24.2&#8243; _module_preset=&#8221;default&#8221; global_colors_info=&#8221;{}&#8221;][et_pb_column type=&#8221;1_4&#8243; _builder_version=&#8221;4.24.2&#8243; _module_preset=&#8221;default&#8221; global_colors_info=&#8221;{}&#8221;][et_pb_image src=&#8221;https:\/\/commercialaudio.pl\/wp-content\/uploads\/2024\/05\/Zrzut-ekranu-2024-05-17-o-11.14.48.jpg&#8221; title_text=&#8221;Zrzut ekranu 2024-05-17 o 11.14.48&#8243; _builder_version=&#8221;4.24.2&#8243; _module_preset=&#8221;default&#8221; global_colors_info=&#8221;{}&#8221;][\/et_pb_image][et_pb_text _builder_version=&#8221;4.24.2&#8243; _module_preset=&#8221;default&#8221; global_colors_info=&#8221;{}&#8221;]<\/p>\n<h4 style=\"text-align: center;\">Centrum kongresowe Alpbach<\/h4>\n<p style=\"text-align: center;\">Multifunkcyjna hala mieszcz\u0105ca 850 miejsc<\/p>\n<p>[\/et_pb_text][et_pb_button button_url=&#8221;https:\/\/commercialaudio.pl\/wp-content\/uploads\/2024\/05\/Alpbach.pdf&#8221; url_new_window=&#8221;on&#8221; button_text=&#8221;Przeczytaj&#8221; button_alignment=&#8221;center&#8221; _builder_version=&#8221;4.25.1&#8243; _module_preset=&#8221;default&#8221; custom_button=&#8221;on&#8221; button_text_color=&#8221;#FFFFFF&#8221; button_bg_color=&#8221;#000000&#8243; button_border_width=&#8221;2px&#8221; button_border_radius=&#8221;29px&#8221; global_colors_info=&#8221;{}&#8221;][\/et_pb_button][\/et_pb_column][et_pb_column type=&#8221;1_4&#8243; _builder_version=&#8221;4.24.2&#8243; _module_preset=&#8221;default&#8221; global_colors_info=&#8221;{}&#8221;][et_pb_image src=&#8221;https:\/\/commercialaudio.pl\/wp-content\/uploads\/2024\/05\/Zrzut-ekranu-2024-05-17-o-11.14.31.jpg&#8221; title_text=&#8221;Zrzut ekranu 2024-05-17 o 11.14.31&#8243; _builder_version=&#8221;4.24.2&#8243; _module_preset=&#8221;default&#8221; global_colors_info=&#8221;{}&#8221;][\/et_pb_image][et_pb_text _builder_version=&#8221;4.24.2&#8243; _module_preset=&#8221;default&#8221; global_colors_info=&#8221;{}&#8221;]<\/p>\n<h4 style=\"text-align: center;\">Fundacja Beyeler<\/h4>\n<p style=\"text-align: center;\">Aktywna akustyka i 3D Audio dla ma\u0142ej sali wystawowej<\/p>\n<p>[\/et_pb_text][et_pb_button button_url=&#8221;https:\/\/commercialaudio.pl\/wp-content\/uploads\/2024\/05\/Beyeler.pdf&#8221; url_new_window=&#8221;on&#8221; button_text=&#8221;Przeczytaj&#8221; button_alignment=&#8221;center&#8221; _builder_version=&#8221;4.25.1&#8243; _module_preset=&#8221;default&#8221; custom_button=&#8221;on&#8221; button_text_color=&#8221;#FFFFFF&#8221; button_bg_color=&#8221;#000000&#8243; button_border_width=&#8221;2px&#8221; button_border_radius=&#8221;29px&#8221; global_colors_info=&#8221;{}&#8221;][\/et_pb_button][\/et_pb_column][et_pb_column type=&#8221;1_4&#8243; _builder_version=&#8221;4.24.2&#8243; _module_preset=&#8221;default&#8221; global_colors_info=&#8221;{}&#8221;][et_pb_image src=&#8221;https:\/\/commercialaudio.pl\/wp-content\/uploads\/2024\/05\/Zrzut-ekranu-2024-05-17-o-11.14.20.jpg&#8221; title_text=&#8221;Zrzut ekranu 2024-05-17 o 11.14.20&#8243; _builder_version=&#8221;4.24.2&#8243; _module_preset=&#8221;default&#8221; global_colors_info=&#8221;{}&#8221;][\/et_pb_image][et_pb_text _builder_version=&#8221;4.24.2&#8243; _module_preset=&#8221;default&#8221; global_colors_info=&#8221;{}&#8221;]<\/p>\n<h4>Sala koncertowa Andrematt<\/h4>\n<p style=\"text-align: center;\">Sala koncertowa mieszcz\u0105ca 650 miejsc<\/p>\n<p>[\/et_pb_text][et_pb_button button_url=&#8221;https:\/\/commercialaudio.pl\/wp-content\/uploads\/2024\/05\/Andermatt.pdf&#8221; url_new_window=&#8221;on&#8221; button_text=&#8221;Przeczytaj&#8221; button_alignment=&#8221;center&#8221; _builder_version=&#8221;4.25.1&#8243; _module_preset=&#8221;default&#8221; custom_button=&#8221;on&#8221; button_text_color=&#8221;#FFFFFF&#8221; button_bg_color=&#8221;#000000&#8243; button_border_width=&#8221;2px&#8221; button_border_radius=&#8221;29px&#8221; global_colors_info=&#8221;{}&#8221;][\/et_pb_button][\/et_pb_column][et_pb_column type=&#8221;1_4&#8243; _builder_version=&#8221;4.24.2&#8243; _module_preset=&#8221;default&#8221; global_colors_info=&#8221;{}&#8221;][et_pb_image src=&#8221;https:\/\/commercialaudio.pl\/wp-content\/uploads\/2024\/05\/Zrzut-ekranu-2024-05-17-o-11.14.02.jpg&#8221; title_text=&#8221;Zrzut ekranu 2024-05-17 o 11.14.02&#8243; _builder_version=&#8221;4.24.2&#8243; _module_preset=&#8221;default&#8221; global_colors_info=&#8221;{}&#8221;][\/et_pb_image][et_pb_text _builder_version=&#8221;4.24.2&#8243; _module_preset=&#8221;default&#8221; global_colors_info=&#8221;{}&#8221;]<\/p>\n<h4 style=\"text-align: center;\">007 Elements &#8211; \u015awiat Jamesa Bonda w Solden<\/h4>\n<p style=\"text-align: center;\">Muzeum z instalacj\u0105 interaktywn\u0105<\/p>\n<p>[\/et_pb_text][et_pb_button button_url=&#8221;https:\/\/commercialaudio.pl\/wp-content\/uploads\/2024\/05\/007-1.pdf&#8221; url_new_window=&#8221;on&#8221; button_text=&#8221;Przeczytaj&#8221; button_alignment=&#8221;center&#8221; _builder_version=&#8221;4.25.1&#8243; _module_preset=&#8221;default&#8221; custom_button=&#8221;on&#8221; button_text_color=&#8221;#FFFFFF&#8221; button_bg_color=&#8221;#000000&#8243; button_border_width=&#8221;2px&#8221; button_border_radius=&#8221;29px&#8221; global_colors_info=&#8221;{}&#8221;][\/et_pb_button][\/et_pb_column][\/et_pb_row][et_pb_row _builder_version=&#8221;4.24.2&#8243; _module_preset=&#8221;default&#8221; global_colors_info=&#8221;{}&#8221;][et_pb_column type=&#8221;4_4&#8243; _builder_version=&#8221;4.24.2&#8243; _module_preset=&#8221;default&#8221; global_colors_info=&#8221;{}&#8221;][et_pb_divider _builder_version=&#8221;4.24.2&#8243; _module_preset=&#8221;default&#8221; global_colors_info=&#8221;{}&#8221;][\/et_pb_divider][\/et_pb_column][\/et_pb_row][et_pb_row column_structure=&#8221;1_3,1_3,1_3&#8243; _builder_version=&#8221;4.24.2&#8243; _module_preset=&#8221;default&#8221; global_colors_info=&#8221;{}&#8221;][et_pb_column type=&#8221;1_3&#8243; _builder_version=&#8221;4.24.2&#8243; _module_preset=&#8221;default&#8221; global_colors_info=&#8221;{}&#8221;][et_pb_image src=&#8221;https:\/\/commercialaudio.pl\/wp-content\/uploads\/2024\/05\/ISRA_2019_evaluation_active_acoustics.jpeg&#8221; title_text=&#8221;ISRA_2019_evaluation_active_acoustics&#8221; _builder_version=&#8221;4.24.2&#8243; _module_preset=&#8221;default&#8221; global_colors_info=&#8221;{}&#8221;][\/et_pb_image][et_pb_text _builder_version=&#8221;4.25.1&#8243; _module_preset=&#8221;default&#8221; global_colors_info=&#8221;{}&#8221;]<\/p>\n<h4 style=\"text-align: center;\">OCENA AKUSTYCZNA POMIESZCZE\u0143 Z AKTYWNYMI SYSTEMAMI AKUSTYCZNYMI &#8211; WYNIKI POMIAR\u00d3W<\/h4>\n<p>[\/et_pb_text][et_pb_button button_url=&#8221;https:\/\/commercialaudio.pl\/wp-content\/uploads\/2024\/05\/ISRA_2019_evaluation_active_acoustics.pdf&#8221; url_new_window=&#8221;on&#8221; button_text=&#8221;Pobierz&#8221; button_alignment=&#8221;center&#8221; _builder_version=&#8221;4.25.1&#8243; _module_preset=&#8221;default&#8221; custom_button=&#8221;on&#8221; button_text_color=&#8221;#FFFFFF&#8221; button_bg_color=&#8221;#000000&#8243; button_border_width=&#8221;2px&#8221; button_border_radius=&#8221;29px&#8221; global_colors_info=&#8221;{}&#8221;][\/et_pb_button][\/et_pb_column][et_pb_column type=&#8221;1_3&#8243; _builder_version=&#8221;4.24.2&#8243; _module_preset=&#8221;default&#8221; global_colors_info=&#8221;{}&#8221;][et_pb_image src=&#8221;https:\/\/commercialaudio.pl\/wp-content\/uploads\/2024\/05\/KaiserWernerRohde_ActiveAcoustics_TMT2016.jpeg&#8221; title_text=&#8221;KaiserWernerRohde_ActiveAcoustics_TMT2016&#8243; _builder_version=&#8221;4.24.2&#8243; _module_preset=&#8221;default&#8221; global_colors_info=&#8221;{}&#8221;][\/et_pb_image][et_pb_text _builder_version=&#8221;4.25.1&#8243; _module_preset=&#8221;default&#8221; global_colors_info=&#8221;{}&#8221;]<\/p>\n<h4 style=\"text-align: center;\">AKTYWNA AKUSTYKA, WZMOCNIENIE MOWY I MASKOWANIE HA\u0141ASU W OBIEKTACH WIELOFUNKCYJNYCH<\/h4>\n<p>[\/et_pb_text][et_pb_button button_url=&#8221;https:\/\/commercialaudio.pl\/wp-content\/uploads\/2024\/05\/KaiserWernerRohde_ActiveAcoustics_TMT2016.pdf&#8221; url_new_window=&#8221;on&#8221; button_text=&#8221;Pobierz&#8221; button_alignment=&#8221;center&#8221; _builder_version=&#8221;4.25.1&#8243; _module_preset=&#8221;default&#8221; custom_button=&#8221;on&#8221; button_text_color=&#8221;#FFFFFF&#8221; button_bg_color=&#8221;#000000&#8243; button_border_width=&#8221;2px&#8221; button_border_radius=&#8221;29px&#8221; global_colors_info=&#8221;{}&#8221;][\/et_pb_button][\/et_pb_column][et_pb_column type=&#8221;1_3&#8243; _builder_version=&#8221;4.24.2&#8243; _module_preset=&#8221;default&#8221; global_colors_info=&#8221;{}&#8221;][et_pb_image src=&#8221;https:\/\/commercialaudio.pl\/wp-content\/uploads\/2024\/05\/amadeus_case_study.png&#8221; title_text=&#8221;amadeus_case_study&#8221; _builder_version=&#8221;4.24.2&#8243; _module_preset=&#8221;default&#8221; border_width_all=&#8221;1px&#8221; border_color_all=&#8221;#969696&#8243; global_colors_info=&#8221;{}&#8221;][\/et_pb_image][et_pb_text _builder_version=&#8221;4.25.1&#8243; _module_preset=&#8221;default&#8221; global_colors_info=&#8221;{}&#8221;]<\/p>\n<h4 style=\"text-align: center;\">PRACA Z AKUSTYK\u0104 POMIESZCZENIA JAKO IN\u017bYNIER D\u0179WI\u0118KU Z WYKORZYSTANIEM AKTYWNEJ AKUSTYKI<\/h4>\n<p>[\/et_pb_text][et_pb_button button_url=&#8221;https:\/\/commercialaudio.pl\/wp-content\/uploads\/2024\/05\/AES2020_Presentation_Kaiser.pdf&#8221; url_new_window=&#8221;on&#8221; button_text=&#8221;Pobierz&#8221; button_alignment=&#8221;center&#8221; _builder_version=&#8221;4.25.1&#8243; _module_preset=&#8221;default&#8221; custom_button=&#8221;on&#8221; button_text_color=&#8221;#FFFFFF&#8221; button_bg_color=&#8221;#000000&#8243; button_border_width=&#8221;2px&#8221; button_border_radius=&#8221;29px&#8221; global_colors_info=&#8221;{}&#8221;][\/et_pb_button][\/et_pb_column][\/et_pb_row][\/et_pb_section]<\/p>\n","protected":false},"excerpt":{"rendered":"<p>PONAD 20 LAT DO\u015aWIADCZENIAW PROJEKTOWANIUPONAD 20 LAT DO\u015aWIADCZENIAW PROJEKTOWANIUSpecyfikacja techniczna AMADEUS &nbsp; AMADEUS Active Acoustics to prze\u0142omowy system elektroakustyczny, kt\u00f3ry zapewnia zmienn\u0105 akustyk\u0119, wzmocnienie pog\u0142osu i wci\u0105gaj\u0105cy d\u017awi\u0119k w przestrzeniach muzycznych, wydarzeniach, konferencjach, pokazach lub muzeach. Mo\u017ce dostosowa\u0107 akustyk\u0119 ka\u017cdego pomieszczenia. &nbsp; AMADEUS CORE: DOSKONA\u0141Y D\u0179WI\u0118K DZI\u0118KI PO\u0141\u0104CZENIU SPRZ\u0118TU, OPROGRAMOWANIA I KNOW-HOW &nbsp; System Active [&hellip;]<\/p>\n","protected":false},"author":5,"featured_media":0,"parent":0,"menu_order":0,"comment_status":"closed","ping_status":"closed","template":"","meta":{"_acf_changed":false,"_et_pb_use_builder":"on","_et_pb_old_content":"","_et_gb_content_width":"","inline_featured_image":false,"footnotes":""},"class_list":["post-8139","page","type-page","status-publish","hentry"],"acf":[],"_links":{"self":[{"href":"https:\/\/commercialaudio.pl\/sk\/wp-json\/wp\/v2\/pages\/8139","targetHints":{"allow":["GET"]}}],"collection":[{"href":"https:\/\/commercialaudio.pl\/sk\/wp-json\/wp\/v2\/pages"}],"about":[{"href":"https:\/\/commercialaudio.pl\/sk\/wp-json\/wp\/v2\/types\/page"}],"author":[{"embeddable":true,"href":"https:\/\/commercialaudio.pl\/sk\/wp-json\/wp\/v2\/users\/5"}],"replies":[{"embeddable":true,"href":"https:\/\/commercialaudio.pl\/sk\/wp-json\/wp\/v2\/comments?post=8139"}],"version-history":[{"count":21,"href":"https:\/\/commercialaudio.pl\/sk\/wp-json\/wp\/v2\/pages\/8139\/revisions"}],"predecessor-version":[{"id":8408,"href":"https:\/\/commercialaudio.pl\/sk\/wp-json\/wp\/v2\/pages\/8139\/revisions\/8408"}],"wp:attachment":[{"href":"https:\/\/commercialaudio.pl\/sk\/wp-json\/wp\/v2\/media?parent=8139"}],"curies":[{"name":"wp","href":"https:\/\/api.w.org\/{rel}","templated":true}]}}