{"id":11626,"date":"2026-03-07T13:44:24","date_gmt":"2026-03-07T12:44:24","guid":{"rendered":"https:\/\/commercialaudio.pl\/?post_type=product&#038;p=11626"},"modified":"2026-03-08T18:13:02","modified_gmt":"2026-03-08T17:13:02","slug":"glosnik-scienny-bose-professional-dm12","status":"publish","type":"product","link":"https:\/\/commercialaudio.pl\/sk\/produkt\/glosnik-scienny-bose-professional-dm12\/","title":{"rendered":"N\u00e1stenn\u00fd reproduktor - Bose Professional DesignMax DM12SE"},"content":{"rendered":"<h1 style=\"text-align: center;\"><strong>Bose Professional DesignMax DM12SE<\/strong><\/h1>\n<h2 style=\"text-align: center;\"><strong>N\u00e1stenn\u00fd reproduktor<\/strong><\/h2>\n<p><a href=\"https:\/\/boseprofessional.com\/\" target=\"_blank\" rel=\"noopener\">Bose Professional<\/a> DesignMax DM12SE je odoln\u00fd vo\u010di poveternostn\u00fdm vplyvom, \u0161irokop\u00e1smov\u00fd 12-palcov\u00fd koaxi\u00e1lny reproduktor ur\u010den\u00fd na povrchov\u00fa mont\u00e1\u017e, ktor\u00fd zais\u0165uje hlbok\u00e9 basy a kon\u0161tantn\u00e9 ku\u017ee\u013eov\u00e9 vy\u017earovanie zvuku v uhle 102\u00b0. Spojen\u00edm vysok\u00e9ho v\u00fdstupn\u00e9ho v\u00fdkonu, jasnej zrozumite\u013enosti a elegantn\u00e9ho vzh\u013eadu, ktor\u00fdm je t\u00e1to s\u00e9ria zn\u00e1ma <a href=\"https:\/\/commercialaudio.pl\/sk\/produkt\/dizajn-max\/\" target=\"_blank\" rel=\"noopener\">DesignMax<\/a>, poskytuje flexibilitu, ktor\u00fa integr\u00e1tori potrebuj\u00fa pri in\u0161tal\u00e1ci\u00e1ch v interi\u00e9roch aj exteri\u00e9roch v priestoroch ur\u010den\u00fdch na podujatia, v hotelierstve, v n\u00e1bo\u017eensk\u00fdch objektoch a v obchodn\u00fdch priestoroch.<\/p>\n<p><strong style=\"color: #333333; font-size: 22px;\">K\u013e\u00fa\u010dov\u00e9 vlastnosti:<\/strong><\/p>\n<ul>\n<li>12-palcov\u00fd koaxi\u00e1lny meni\u010d zais\u0165uje \u010dist\u00fd zvuk v celom frekven\u010dnom rozsahu a kon\u0161tantn\u00fd ku\u017ee\u013eov\u00fd uhol vy\u017earovania 102\u00b0.<\/li>\n<li>Puzdro odoln\u00e9 vo\u010di poveternostn\u00fdm vplyvom, vyroben\u00e9 vstrekovan\u00edm, zaru\u010duje spo\u013eahlivos\u0165 tak v interi\u00e9ri, ako aj v exteri\u00e9ri.<\/li>\n<li>Hlubok\u00e9 basy a\u017e do 38 Hz zais\u0165uj\u00fa v\u00fdkonn\u00fd v\u00fdkon v n\u00edzkych frekvenci\u00e1ch.<\/li>\n<li>Kon\u0161trukcia s osou z bodov\u00fdm zdrojom zvuku zais\u0165uje \u010distotu a rovnomernos\u0165 zvuku v celom priestore.<\/li>\n<li>Odoln\u00fd oto\u010dn\u00fd a sklopn\u00fd dr\u017eiak ur\u010den\u00fd na vonkaj\u0161ie pou\u017eitie umo\u017e\u0148uje r\u00fdchlu mont\u00e1\u017e, presn\u00e9 nastavenie a dlhodob\u00fa spo\u013eahlivos\u0165.<\/li>\n<li>Tov\u00e1rensk\u00e9 optimalizovan\u00e9 nastavenia pre zosil\u0148ova\u010de a procesory Bose Professional.<\/li>\n<li>K dispoz\u00edcii v \u010diernom alebo bielom vyhotoven\u00ed, ktor\u00e9 lad\u00ed s elegantn\u00fdm dizajnom DesignMax.<\/li>\n<\/ul>\n<p><strong style=\"color: #333333; font-size: 22px;\">Pou\u017eitie:<\/strong><\/p>\n<ul>\n<li>Maloobchod<\/li>\n<li>Re\u0161taur\u00e1cie<\/li>\n<li>Bary a kr\u010dmy<\/li>\n<li>Pohostinstvo<\/li>\n<li>Fitness<\/li>\n<li>Kancel\u00e1rie<\/li>\n<\/ul>","protected":false},"excerpt":{"rendered":"<h1 style=\"text-align: center;\"><b>BOSE PROFESSIONAL DESIGNMAX DM12SE<\/b><\/h1>","protected":false},"featured_media":11660,"template":"","meta":{"_acf_changed":false,"_et_pb_use_builder":"","_et_pb_old_content":"","_et_gb_content_width":"","inline_featured_image":false},"product_cat":[17],"product_tag":[],"class_list":["post-11626","product","type-product","status-publish","has-post-thumbnail","product_cat-bose","first","instock","shipping-taxable","product-type-simple"],"acf":[],"_links":{"self":[{"href":"https:\/\/commercialaudio.pl\/sk\/wp-json\/wp\/v2\/product\/11626","targetHints":{"allow":["GET"]}}],"collection":[{"href":"https:\/\/commercialaudio.pl\/sk\/wp-json\/wp\/v2\/product"}],"about":[{"href":"https:\/\/commercialaudio.pl\/sk\/wp-json\/wp\/v2\/types\/product"}],"wp:featuredmedia":[{"embeddable":true,"href":"https:\/\/commercialaudio.pl\/sk\/wp-json\/wp\/v2\/media\/11660"}],"wp:attachment":[{"href":"https:\/\/commercialaudio.pl\/sk\/wp-json\/wp\/v2\/media?parent=11626"}],"wp:term":[{"taxonomy":"product_cat","embeddable":true,"href":"https:\/\/commercialaudio.pl\/sk\/wp-json\/wp\/v2\/product_cat?post=11626"},{"taxonomy":"product_tag","embeddable":true,"href":"https:\/\/commercialaudio.pl\/sk\/wp-json\/wp\/v2\/product_tag?post=11626"}],"curies":[{"name":"wp","href":"https:\/\/api.w.org\/{rel}","templated":true}]}}