{"id":12050,"date":"2026-04-10T16:30:58","date_gmt":"2026-04-10T14:30:58","guid":{"rendered":"https:\/\/commercialaudio.pl\/?post_type=product&#038;p=12050"},"modified":"2026-04-10T16:42:58","modified_gmt":"2026-04-10T14:42:58","slug":"kabel-typu-patch-cord-van-damme-pro-grade-xke-unbalanced-pro-patch","status":"publish","type":"product","link":"https:\/\/commercialaudio.pl\/sk\/produkt\/kabel-typu-patch-cord-van-damme-pro-grade-xke-unbalanced-pro-patch\/","title":{"rendered":"Patch k\u00e1bel - Van Damme Pro Grade XKE Unbalanced Pro-Patch"},"content":{"rendered":"<h1 style=\"text-align: center;\"><b>VAN DAMME PRO GRADE XKE UNBALANCED PRO-PATCH &#8211;\u00a0 KABEL TYPU PATCH-CORD<\/b><\/h1>\n<p><span style=\"font-weight: 400;\">Asymetrick\u00fd k\u00e1bel typu patch-cord Van Damme Pro Grade XKE je verziou klasick\u00e9ho n\u00e1strojov\u00e9ho k\u00e1bla Classic XKE so zn\u00ed\u017een\u00fdm celkov\u00fdm priemerom, ur\u010den\u00e1 aj pre asymetrick\u00e9 audio sign\u00e1ly. Tento k\u00e1bel sa osved\u010duje najm\u00e4 v pr\u00edpade konektorov, ako s\u00fa mono mini jacky a niektor\u00e9 konektory RCA (cinch), pre ktor\u00e9 by sa vonkaj\u0161\u00ed priemer 6,00 mm klasick\u00e9ho in\u0161trument\u00e1lneho k\u00e1bla uk\u00e1zal ako pr\u00edli\u0161 ve\u013ek\u00fd.<\/span><\/p>\n<h4><strong>Technick\u00e9 \u0161pecifik\u00e1cie:<\/strong><\/h4>\n<ul>\n<li><strong>Maxim\u00e1lna d\u013a\u017eka cievky 1<\/strong>00 m<\/li>\n<li><strong>K\u00e1ble <\/strong>3 x 0,20 neizolovan\u00fdch vodi\u010dov z bezkysl\u00edkovej medi pokrytej striebrom<br \/>\n4 x 0,20 mm neizolovan\u00fdch vodi\u010dov z ultra\u010distej bezkysl\u00edkovej medi<\/li>\n<li><strong>Rozmery k\u00e1blov<\/strong> 7 \u00d7 0,20 mm, 0,22 mm\u00b2, AWG 24\/7<\/li>\n<li><strong>Izol\u00e1cia<\/strong> Penov\u00fd polyetyl\u00e9n<\/li>\n<li><strong>Obrazovka 1<\/strong> 0,40 mm vodiv\u00fd termoplast<\/li>\n<li><strong>Obrazovka 2<\/strong> 80 x 0,10 mm, \u0161pir\u00e1lov\u00fd, s hust\u00fdm z\u00e1berom, z neizolovanej bezkysl\u00edkovej medi<\/li>\n<li><strong>Materi\u00e1l povrchu<\/strong> Pru\u017en\u00fd, prieh\u013eadn\u00fd kompozit z PVC<\/li>\n<li><strong>Celkov\u00fd priemer<\/strong> 4,50 \u00b1 0,15 mm<\/li>\n<li><strong>Odpor<\/strong>\n<ul>\n<li>Vodi\u010d 90 \u03a9\/km<\/li>\n<li>Izol\u00e1cia &gt;5000 M\u03a9\/km<\/li>\n<\/ul>\n<\/li>\n<li><strong>Kapacita<\/strong>\n<ul>\n<li>Medzi jadrom a stienen\u00edm 90 pF\/m<\/li>\n<\/ul>\n<\/li>\n<\/ul>\n<ul>\n<li style=\"list-style-type: none;\"><\/li>\n<\/ul>\n<div id=\"product-specifications\" class=\"vc_row wpb_row vc_row-fluid vc_custom_1538047796574\">\n<div class=\"wpb_column vc_column_container vc_col-sm-12\">\n<div class=\"vc_column-inner\">\n<div class=\"wpb_wrapper\">\n<div class=\"vc_tta-container\" data-vc-action=\"collapse\">\n<div class=\"vc_general vc_tta vc_tta-tabs vc_tta-color-grey vc_tta-style-classic vc_tta-shape-square vc_tta-o-shape-group vc_tta-tabs-position-top vc_tta-controls-align-left\">\n<div class=\"vc_tta-panels-container\">\n<div class=\"vc_tta-panels\">\n<div id=\"1537534903486-fd935797-f35124df-956f\" class=\"vc_tta-panel vc_active\" data-vc-content=\".vc_tta-panel-body\">\n<div class=\"vc_tta-panel-body\">\n<div class=\"wpb_vc_table wpb_content_element spec-tables spec-tables\">\n<table style=\"height: 92px; width: 1027px; border-style: solid; border-color: #000000;\" border=\"3px\">\n<tbody>\n<tr class=\"vc-th\" style=\"height: 23px;\">\n<td class=\"vc_table_cell\" style=\"height: 23px; width: 145px;\"><span class=\"vc_table_content\">\u010c\u00edslo modelu\u00a0<\/span><\/td>\n<td class=\"vc_table_cell\" style=\"height: 23px; width: 596px;\"><span class=\"vc_table_content\">Popis<\/span><\/td>\n<td style=\"width: 142px;\"><span class=\"vc_table_content\">K\u00f3d RAL<\/span><\/td>\n<td class=\"vc_table_cell\" style=\"height: 23px; width: 144px;\"><span class=\"vc_table_content\">D\u013a\u017eka cievky\u00a0<\/span><\/td>\n<\/tr>\n<tr>\n<td class=\"vc_table_cell\" style=\"width: 145px;\"><span class=\"vc_table_content\">268-005-000<\/span><\/td>\n<td class=\"vc_table_cell\" style=\"width: 596px;\"><span class=\"vc_table_content\">Van Damme Pro Grade XKE Unbalanced Pro-patch k\u00e1bel, \u010dierny<\/span><\/td>\n<td class=\"vc_table_cell\" style=\"width: 142px;\"><span class=\"vc_table_content\">RAL 9005<\/span><\/td>\n<td class=\"vc_table_cell\" style=\"width: 144px;\"><span class=\"vc_table_content\">100 m<\/span><\/td>\n<\/tr>\n<tr>\n<td class=\"vc_table_cell\" style=\"width: 145px;\"><span class=\"vc_table_content\">268-019-060<\/span><\/td>\n<td class=\"vc_table_cell\" style=\"width: 596px;\"><span class=\"vc_table_content\">Van Damme Pro Grade XKE nesymetrick\u00fd k\u00e1bel Pro-patch v ultramar\u00ednovo modrej farbe<\/span><\/td>\n<td class=\"vc_table_cell\" style=\"width: 142px;\"><span class=\"vc_table_content\">RAL 5002<\/span><\/td>\n<td class=\"vc_table_cell\" style=\"width: 144px;\"><span class=\"vc_table_content\">100 m<\/span><\/td>\n<\/tr>\n<tr>\n<td class=\"vc_table_cell\" style=\"width: 145px;\"><span class=\"vc_table_content\">268-032-020<\/span><\/td>\n<td class=\"vc_table_cell\" style=\"width: 596px;\"><span class=\"vc_table_content\">Van Damme Pro Grade XKE nesymetrick\u00fd k\u00e1bel Pro-patch, dopravn\u00e1 \u010derven\u00e1<\/span><\/td>\n<td class=\"vc_table_cell\" style=\"width: 142px;\"><span class=\"vc_table_content\">RAL 3020<\/span><\/td>\n<td class=\"vc_table_cell\" style=\"width: 144px;\"><span class=\"vc_table_content\">100 m<\/span><\/td>\n<\/tr>\n<\/tbody>\n<\/table>\n<\/div>\n<\/div>\n<\/div>\n<\/div>\n<\/div>\n<\/div>\n<\/div>\n<\/div>\n<\/div>\n<\/div>\n<\/div>\n<p>&nbsp;<\/p>","protected":false},"excerpt":{"rendered":"<h1 style=\"text-align: center;\"><b>VAN DAMME PRO GRADE XKE UNBALANCED PRO-PATCH<\/b><\/h1>","protected":false},"featured_media":12051,"template":"","meta":{"_acf_changed":false,"_et_pb_use_builder":"","_et_pb_old_content":"","_et_gb_content_width":"","inline_featured_image":false},"product_cat":[302,300],"product_tag":[],"class_list":["post-12050","product","type-product","status-publish","has-post-thumbnail","product_cat-kable-analogowe","product_cat-van-damme","first","instock","shipping-taxable","product-type-simple"],"acf":[],"_links":{"self":[{"href":"https:\/\/commercialaudio.pl\/sk\/wp-json\/wp\/v2\/product\/12050","targetHints":{"allow":["GET"]}}],"collection":[{"href":"https:\/\/commercialaudio.pl\/sk\/wp-json\/wp\/v2\/product"}],"about":[{"href":"https:\/\/commercialaudio.pl\/sk\/wp-json\/wp\/v2\/types\/product"}],"wp:featuredmedia":[{"embeddable":true,"href":"https:\/\/commercialaudio.pl\/sk\/wp-json\/wp\/v2\/media\/12051"}],"wp:attachment":[{"href":"https:\/\/commercialaudio.pl\/sk\/wp-json\/wp\/v2\/media?parent=12050"}],"wp:term":[{"taxonomy":"product_cat","embeddable":true,"href":"https:\/\/commercialaudio.pl\/sk\/wp-json\/wp\/v2\/product_cat?post=12050"},{"taxonomy":"product_tag","embeddable":true,"href":"https:\/\/commercialaudio.pl\/sk\/wp-json\/wp\/v2\/product_tag?post=12050"}],"curies":[{"name":"wp","href":"https:\/\/api.w.org\/{rel}","templated":true}]}}