{"id":12078,"date":"2026-04-12T08:46:44","date_gmt":"2026-04-12T06:46:44","guid":{"rendered":"https:\/\/commercialaudio.pl\/?post_type=product&#038;p=12078"},"modified":"2026-04-29T14:28:58","modified_gmt":"2026-04-29T12:28:58","slug":"kabel-wieloparowy-110-ohm-z-indywidualnymi-powlokami-par-van-damme-super-green-series-digi-grade-enhanced-aes-ebu","status":"publish","type":"product","link":"https:\/\/commercialaudio.pl\/sk\/produkt\/kabel-wieloparowy-110-ohm-z-indywidualnymi-powlokami-par-van-damme-super-green-series-digi-grade-enhanced-aes-ebu\/","title":{"rendered":"Viacp\u00e1rov\u00fd k\u00e1bel 110 OHM s povrchovou \u00fapravou jednotliv\u00fdch p\u00e1rov - Van Damme Super Green Series Digi Grade Enhanced AES\/EBU"},"content":{"rendered":"<h2 style=\"text-align: center;\"><b>VAN DAMME SUPER GREEN SERIES DIGI GRADE ENHANCED AES\/EBU 110 OHM s predizol\u00e1ciou <\/b><b style=\"text-align: center;\">- <\/b><b style=\"text-align: center;\">VIACVL\u00c1KOV\u00dd K\u00c1BEL<\/b><b style=\"text-align: center;\">110 ohmov <\/b><b style=\"text-align: center;\">S INDIVIDU\u00c1LNYMI PAROV\u00ddMI POVRCHMI<\/b><\/h2>\n<p><span style=\"font-weight: 400;\">Viacvodi\u010dov\u00fd k\u00e1bel 110 OHM s individu\u00e1lnymi izol\u00e1ciami jednotliv\u00fdch vodi\u010dov je vylep\u0161en\u00fd k\u00e1bel AES\/EBU zo s\u00e9rie <a href=\"https:\/\/commercialaudio.pl\/sk\/van-damme-elektroinstalacne-prislusenstvo\/\" target=\"_blank\" rel=\"noopener\">Van Damme<\/a> Super Green sa dod\u00e1va ako viacp\u00e1rov\u00fd k\u00e1bel s f\u00f3liov\u00fdm tienen\u00edm a spolo\u010dn\u00fdm opleten\u00fdm tienen\u00edm, ako aj ako jednop\u00e1rov\u00fd k\u00e1bel v pl\u00e1\u0161ti z PVC. Obe verzie s\u00fa optimalizovan\u00e9 pre prenos digit\u00e1lnych audio sign\u00e1lov s vzorkovacou frekvenciou 96 kHz na ve\u013ek\u00e9 vzdialenosti. V\u010faka viacp\u00e1rov\u00e9mu usporiadaniu, zalo\u017een\u00e9mu na osved\u010denej s\u00e9rii <a href=\"https:\/\/www.van-damme.com\/\" target=\"_blank\" rel=\"noopener\">Van Damme<\/a> Black Series \u2013 tento k\u00e1bel sa ide\u00e1lne osved\u010duje v n\u00e1ro\u010dn\u00fdch podmienkach koncertn\u00fdch turn\u00e9. Ke\u010f\u017ee zosil\u0148ova\u010de mnoh\u00fdch v\u00fdrobcov s\u00fa optimalizovan\u00e9 pre vstupy AES\/EBU 96 kHz, t\u00e1to s\u00e9ria predstavuje mimoriadne efekt\u00edvne rie\u0161enie na prenos sign\u00e1lu z mix\u00e1\u017eneho pultu na poz\u00edcii FOH do rackov\u00fdch skr\u00ed\u0148 so zosil\u0148ova\u010dmi umiestnen\u00fdch na p\u00f3diu. Okrem toho je jednop\u00e1rov\u00e1 verzia ide\u00e1lna na zapojenie rackov\u00fdch skr\u00ed\u0148 a st\u00e1lych in\u0161tal\u00e1ci\u00ed, ktor\u00e9 nevy\u017eaduj\u00fa bezhalog\u00e9nov\u00e9 (non-LSZH) pl\u00e1\u0161te.<\/span><\/p>\n<h4><strong>Technick\u00e9 \u0161pecifik\u00e1cie:<\/strong><\/h4>\n<ul>\n<li><strong>Maxim\u00e1lna d\u013a\u017eka cievky <\/strong>500 m<\/li>\n<li><strong>K\u00e1ble <\/strong>7 x 0,25 neizolovan\u00fdch vodi\u010dov z ultra\u010distej bezkysl\u00edkovej medi<\/li>\n<li><strong>Rozmery k\u00e1blov<\/strong> 7 \u00d7 0,25 mm, 0,34 mm\u00b2, AWG 22\/7<\/li>\n<li><strong>Izol\u00e1cia<\/strong>\u00a0Polyetyl\u00e9nov\u00e1 pena<\/li>\n<li><strong>Typ obrazovky<\/strong> Hlin\u00edkovo-polyesterov\u00e1 f\u00f3lia 24 \u00b5m &gt;150% na pokrytie<\/li>\n<li><strong>Odvodn\u00fd k\u00e1bel<\/strong> 7 x 0,16 mm poc\u00ednovan\u00e1 ultra\u010dist\u00e1 bezkysl\u00edkov\u00e1 me\u010f<\/li>\n<li><strong>Parot\u011bsn\u00e1 izol\u00e1cia <\/strong>PVC kompozit v odtieni Pebble Grey RAL 7032<\/li>\n<\/ul>\n<h5><strong>Celkov\u00e1 kon\u0161trukcia<\/strong><\/h5>\n<ul>\n<li><strong>Odde\u013eova\u010d<\/strong> M\u00e4kk\u00e1 p\u00e1ska<\/li>\n<li><strong>Vonkaj\u0161\u00ed oplet<\/strong> Pozinkovan\u00e9 meden\u00e9 oplotenie &gt; 85% krytie<\/li>\n<li><strong>Materi\u00e1l vonkaj\u0161ieho povrchu <\/strong>Pru\u017en\u00fd kompozit z PVC v odtieni Jet Black RAL 9005<\/li>\n<li><strong>R\u00e1dius ohybu<\/strong> 15-n\u00e1sobok celkov\u00e9ho priemeru<\/li>\n<\/ul>\n<h5><strong>1-p\u00e1rov\u00fd k\u00e1bel 268-431-050:<\/strong><\/h5>\n<ul>\n<li><strong>K\u00e1ble<\/strong> 7 x 0,25 mm neizolovan\u00e1, ultra\u010dist\u00e1 bezkysl\u00edkov\u00e1 me\u010f<\/li>\n<li><strong>Rozmery k\u00e1blov<\/strong> 7 \u00d7 0,25 mm, 0,34 mm\u00b2, AWG 22\/7<\/li>\n<li><strong>Izol\u00e1cia<\/strong> Polyetyl\u00e9n s penovou vrstvou<\/li>\n<li><strong>Typ obrazovky<\/strong> Hlin\u00edkovo-polyesterov\u00e1 f\u00f3lia 24 \u00b5m &gt;150% na pokrytie<\/li>\n<li><strong>Odvodn\u00fd k\u00e1bel<\/strong> 19 x 0,12 mm neizolovan\u00e1 ultra\u010dist\u00e1 bezkysl\u00edkov\u00e1 me\u010f<\/li>\n<li><strong>V\u0161eobecn\u00fd n\u00e1ter<\/strong> Pru\u017en\u00fd kompozit z PVC, farba Leaf Green RAL 6002<\/li>\n<li><strong>Celkov\u00fd priemer<\/strong> 4,80 \u00b1 0,15 mm<\/li>\n<li><strong>R\u00e1dius ohybu<\/strong> 10-n\u00e1sobok celkov\u00e9ho priemeru<\/li>\n<\/ul>\n<ul>\n<li><strong>Odpor<\/strong>\n<ul>\n<li>Odpor &lt; 58,8 \u03a9\/km<\/li>\n<li>Izol\u00e1cia &lt; 5000 M\u03a9\/km<\/li>\n<\/ul>\n<\/li>\n<li><strong>Kapacita<\/strong>\n<ul>\n<li>Medzi \u017eilami 40 pF\/m<\/li>\n<li>Medzi \u017eilou a stienen\u00edm 80 pF\/m<\/li>\n<\/ul>\n<\/li>\n<li><strong>Impedancia<\/strong> 110 \u00b1 201 TP3T \u03a9<\/li>\n<li><strong>Tlmenie<\/strong> pri 3 MHz 4,90 dB\/100 m<\/li>\n<\/ul>\n<div id=\"product-specifications\" class=\"vc_row wpb_row vc_row-fluid vc_custom_1538047796574\">\n<div class=\"wpb_column vc_column_container vc_col-sm-12\">\n<div class=\"vc_column-inner\">\n<div class=\"wpb_wrapper\">\n<div class=\"vc_tta-container\" data-vc-action=\"collapse\">\n<div class=\"vc_general vc_tta vc_tta-tabs vc_tta-color-grey vc_tta-style-classic vc_tta-shape-square vc_tta-o-shape-group vc_tta-tabs-position-top vc_tta-controls-align-left\">\n<div class=\"vc_tta-panels-container\">\n<div class=\"vc_tta-panels\">\n<div id=\"1537534903486-fd935797-f35124df-956f\" class=\"vc_tta-panel vc_active\" data-vc-content=\".vc_tta-panel-body\">\n<div class=\"vc_tta-panel-body\">\n<div class=\"wpb_vc_table wpb_content_element spec-tables spec-tables\">\n<table style=\"height: 92px; width: 1080px; border-style: solid; border-color: #000000;\" border=\"3px\">\n<tbody>\n<tr class=\"vc-th\" style=\"height: 23px;\">\n<td class=\"vc_table_cell\" style=\"height: 23px; width: 145px;\"><span class=\"vc_table_content\">\u010c\u00edslo modelu\u00a0<\/span><\/td>\n<td class=\"vc_table_cell\" style=\"height: 23px; width: 596px;\"><span class=\"vc_table_content\">Popis<\/span><\/td>\n<td style=\"width: 142px;\"><span class=\"vc_table_content\">K\u00f3d RAL<\/span><\/td>\n<td class=\"vc_table_cell\" style=\"height: 23px; width: 144px;\"><span class=\"vc_table_content\">D\u013a\u017eka cievky\u00a0<\/span><\/td>\n<\/tr>\n<tr>\n<td class=\"vc_table_cell\" style=\"width: 145px;\"><span class=\"vc_table_content\">268-434-050<\/span><\/td>\n<td class=\"vc_table_cell\" style=\"width: 596px;\"><span class=\"vc_table_content\">Van Damme Super Green Series Digi Grade, 4 p\u00e1ry, viacjadrov\u00e9<\/span><\/td>\n<td class=\"vc_table_cell\" style=\"width: 142px;\"><span class=\"vc_table_content\">13.30<\/span><\/td>\n<td class=\"vc_table_cell\" style=\"width: 144px;\"><span class=\"vc_table_content\">500 m<\/span><\/td>\n<\/tr>\n<tr>\n<td class=\"vc_table_cell\" style=\"width: 145px;\"><span class=\"vc_table_content\">268-438-050<\/span><\/td>\n<td class=\"vc_table_cell\" style=\"width: 596px;\"><span class=\"vc_table_content\">Van Damme Super Green Series Digi Grade, 8-p\u00e1rov\u00fd viac\u017eilov\u00fd k\u00e1bel<\/span><\/td>\n<td class=\"vc_table_cell\" style=\"width: 142px;\"><span class=\"vc_table_content\">17.20<\/span><\/td>\n<td class=\"vc_table_cell\" style=\"width: 144px;\"><span class=\"vc_table_content\">500 m<\/span><\/td>\n<\/tr>\n<tr>\n<td class=\"vc_table_cell\" style=\"width: 145px;\"><span class=\"vc_table_content\">268-432-050<\/span><\/td>\n<td class=\"vc_table_cell\" style=\"width: 596px;\"><span class=\"vc_table_content\">Van Damme Super Green Series Digi Grade, 12 p\u00e1rov, viac\u017eilov\u00fd k\u00e1bel<\/span><\/td>\n<td class=\"vc_table_cell\" style=\"width: 142px;\"><span class=\"vc_table_content\">21.00<\/span><\/td>\n<td class=\"vc_table_cell\" style=\"width: 144px;\"><span class=\"vc_table_content\">500 m<\/span><\/td>\n<\/tr>\n<tr>\n<td class=\"vc_table_cell\" style=\"width: 145px;\"><span class=\"vc_table_content\">268-431-050<\/span><\/td>\n<td class=\"vc_table_cell\" style=\"width: 596px;\"><span class=\"vc_table_content\">Van Damme Super Green Series Digi Grade, 1 p\u00e1r<\/span><\/td>\n<td class=\"vc_table_cell\" style=\"width: 142px;\"><span class=\"vc_table_content\">4.80<\/span><\/td>\n<td class=\"vc_table_cell\" style=\"width: 144px;\"><span class=\"vc_table_content\">500 m<\/span><\/td>\n<\/tr>\n<\/tbody>\n<\/table>\n<\/div>\n<\/div>\n<\/div>\n<\/div>\n<\/div>\n<\/div>\n<\/div>\n<\/div>\n<\/div>\n<\/div>\n<\/div>\n<p>&nbsp;<\/p>","protected":false},"excerpt":{"rendered":"<h1 style=\"text-align: center;\"><b>VAN DAMME SUPER GREEN SERIES DIGI GRADE ENHANCED AES\/EBU 110 OHM s predizol\u00e1ciou<\/b><\/h1>","protected":false},"featured_media":12079,"template":"","meta":{"_acf_changed":false,"_et_pb_use_builder":"","_et_pb_old_content":"","_et_gb_content_width":"","inline_featured_image":false},"product_cat":[303,300],"product_tag":[],"class_list":["post-12078","product","type-product","status-publish","has-post-thumbnail","product_cat-kable-cyfrowe","product_cat-van-damme","first","instock","shipping-taxable","product-type-simple"],"acf":[],"_links":{"self":[{"href":"https:\/\/commercialaudio.pl\/sk\/wp-json\/wp\/v2\/product\/12078","targetHints":{"allow":["GET"]}}],"collection":[{"href":"https:\/\/commercialaudio.pl\/sk\/wp-json\/wp\/v2\/product"}],"about":[{"href":"https:\/\/commercialaudio.pl\/sk\/wp-json\/wp\/v2\/types\/product"}],"wp:featuredmedia":[{"embeddable":true,"href":"https:\/\/commercialaudio.pl\/sk\/wp-json\/wp\/v2\/media\/12079"}],"wp:attachment":[{"href":"https:\/\/commercialaudio.pl\/sk\/wp-json\/wp\/v2\/media?parent=12078"}],"wp:term":[{"taxonomy":"product_cat","embeddable":true,"href":"https:\/\/commercialaudio.pl\/sk\/wp-json\/wp\/v2\/product_cat?post=12078"},{"taxonomy":"product_tag","embeddable":true,"href":"https:\/\/commercialaudio.pl\/sk\/wp-json\/wp\/v2\/product_tag?post=12078"}],"curies":[{"name":"wp","href":"https:\/\/api.w.org\/{rel}","templated":true}]}}