{"id":12179,"date":"2026-04-16T22:41:26","date_gmt":"2026-04-16T20:41:26","guid":{"rendered":"https:\/\/commercialaudio.pl\/?post_type=product&#038;p=12179"},"modified":"2026-04-21T10:00:06","modified_gmt":"2026-04-21T08:00:06","slug":"kabel-swiatlowodowy-van-damme-tourlight-tactical-fibre-cable","status":"publish","type":"product","link":"https:\/\/commercialaudio.pl\/sk\/produkt\/kabel-swiatlowodowy-van-damme-tourlight-tactical-fibre-cable\/","title":{"rendered":"Optick\u00fd k\u00e1bel - Taktick\u00fd optick\u00fd k\u00e1bel Van Damme Tourlight"},"content":{"rendered":"<h1 style=\"text-align: center;\"><b>VAN DAMME TOURLIGHT TACTICAL FIBRE CABLE &#8211; KABEL \u015aWIAT\u0141OWODOWY<\/b><\/h1>\n<p><span style=\"font-weight: 400;\">Optick\u00e9 k\u00e1ble Van Damme <\/span><b>Tourlight II Heavy Duty<\/b><span style=\"font-weight: 400;\"> a <\/span><b>Tourlight Low OD<\/b><span style=\"font-weight: 400;\"> boli navrhnut\u00e9 tak, aby sp\u013a\u0148ali pr\u00edsne po\u017eiadavky trhu s vonkaj\u0161\u00edmi prenosmi (<\/span><b>OB<\/b><span style=\"font-weight: 400;\">), koncertn\u00fdch turn\u00e9 (<\/span><b>turistika<\/b><span style=\"font-weight: 400;\">) a odvetvia organizovania podujat\u00ed (<\/span><b>AV<\/b><span style=\"font-weight: 400;\">).<\/span><\/p>\n<p><span style=\"font-weight: 400;\">Kon\u0161trukcia modelu <\/span><b>Tourlight II<\/b><span style=\"font-weight: 400;\"> \u2013 pozost\u00e1vaj\u00faca z vn\u00fatorn\u00e9ho polyuret\u00e1nov\u00e9ho pl\u00e1\u0161\u0165a nanesen\u00e9ho na jadro z aramidovej priadze, potiahnutej sklenenej priadze a vonkaj\u0161ieho pl\u00e1\u0161\u0165a z PVC \u2013 zaru\u010duje vynikaj\u00facu ochranu vl\u00e1kien a udr\u017eanie ich v pr\u00edpustn\u00fdch medziach posunu (<\/span><b>migra\u010dn\u00e9 limity<\/b><span style=\"font-weight: 400;\">). K\u00e1bel <\/span><b>Tourlight Low OD<\/b><span style=\"font-weight: 400;\"> (so zmen\u0161en\u00fdm priemerom) m\u00e1 aramidov\u00e9 jadro a pevn\u00fd vonkaj\u0161\u00ed pl\u00e1\u0161\u0165 z polyuret\u00e1nu, v\u010faka \u010domu je optimalizovan\u00fd na kr\u00ed\u017eenie a pou\u017eitie na k\u00e1blov\u00fdch bubnoch.<\/span><\/p>\n<p><span style=\"font-weight: 400;\">Syst\u00e9my Tourlight s\u00fa certifikovan\u00e9 spolo\u010dnos\u0165ou <\/span><b>Neutrik AG<\/b><span style=\"font-weight: 400;\"> na pou\u017eitie s konektormi <\/span><b>OpticalCon<\/b><span style=\"font-weight: 400;\">, s\u00fa tie\u017e kompatibiln\u00e9 s konektormi typu \u201elente\u201c <\/span><b>HMA<\/b><span style=\"font-weight: 400;\"> (<\/span><b>Roz\u0161\u00edren\u00fd l\u00fa\u010d<\/b><span style=\"font-weight: 400;\">) a \u010fal\u0161\u00edmi podobn\u00fdmi rie\u0161eniami. Hotov\u00e9 syst\u00e9my Tourlight si z\u00edskali d\u00f4veru odborn\u00edkov po celom svete.<\/span><\/p>\n<h4><strong>Technick\u00e9 \u0161pecifik\u00e1cie:<\/strong><\/h4>\n<h5><strong>Tourlight II:<br \/>\n<\/strong>288-004-050 OM3 multim\u00f3dov\u00e9<\/h5>\n<ul>\n<li><strong>Typ vl\u00e1kna <\/strong>ISO\/IEC 11801 OM3<\/li>\n<li><strong>Priemer jadra<\/strong> 50 \u00b1 2 \u00b5m<\/li>\n<li><strong>Priemer pl\u00e1\u0161\u0165a <\/strong>125 \u00b1 1 \u00b5m<\/li>\n<\/ul>\n<h5>OM3 multim\u00f3d:<\/h5>\n<ul>\n<li><strong>Tlmenie pri 850 nm\u00a0<\/strong>\u2264 2,80 dB\/km<\/li>\n<li><strong>Tlmenie pri 1300 nm <\/strong><span class=\"vc_table_content\">\u2264 0,80 dB\/km<\/span><\/li>\n<li><strong>Priepustnos\u0165 pri 850 nm <\/strong>\u2265 1500 MHz\/km<\/li>\n<li><strong><strong>Priepustnos\u0165 pri 1300 nm <\/strong><\/strong>\u2265 500 MHz\/km<\/li>\n<\/ul>\n<h5>288-004-009<\/h5>\n<ul>\n<li><strong>Typ vl\u00e1kna <\/strong>ISO\/IEC 11801 OS1<\/li>\n<li><strong>Priemer jadra<\/strong> 9 \u00b1 0,40 \u00b5m<\/li>\n<li><strong>Priemer pl\u00e1\u0161\u0165a <\/strong>125 \u00b1 0,7 \u00b5m<\/li>\n<\/ul>\n<h5>OS1 jednovidov\u00fd:<\/h5>\n<ul>\n<li><strong><strong>Tlmenie pri 1310 nm <\/strong><\/strong>\u2264 0,35 dB\/km<\/li>\n<li><strong>Tlmenie pri 1383 nm\u00a0<\/strong>\u2264 0,35 dB\/km<\/li>\n<li><strong>Tlmenie pri 1550 nm\u00a0<\/strong>\u2264 0,25 dB\/km<\/li>\n<li><strong>Tlmenie pri 1625 nm\u00a0<\/strong>\u2264 0,28 dB\/km<\/li>\n<\/ul>\n<h5><strong>V\u0161eobecn\u00e1 kon\u0161trukcia:<\/strong><\/h5>\n<ul>\n<li><strong>Materi\u00e1l obkladu<\/strong> Polyesterov\u00fd elastom\u00e9r<\/li>\n<li><strong>Priemer pokrytia<\/strong> 900 \u00b5m<\/li>\n<li><strong>Farby<\/strong> Modr\u00e1, \u017elt\u00e1, \u010derven\u00e1, biela<\/li>\n<li><strong>V\u00fdstu\u017en\u00e9 prvky<\/strong> Aramidov\u00e1 priadza<\/li>\n<li><strong>Vn\u00fatorn\u00fd pl\u00e1\u0161\u0165<\/strong> Polyuret\u00e1n<\/li>\n<li><strong>Brnenie<\/strong> Povle\u010den\u00e1 sklenen\u00e1 priadza<\/li>\n<li><strong>Materi\u00e1l povrchu<\/strong> \u0160peci\u00e1lny kompozit z PVC v odtieni Jet Black RAL 9005<\/li>\n<li><strong>Celkov\u00fd priemer<\/strong> 8,50 \u00b1 0,50 mm<\/li>\n<li><strong>R\u00e1dius ohybu<\/strong>a 10-n\u00e1sobok celkov\u00e9ho priemeru<\/li>\n<\/ul>\n<h5><strong>Mechanick\u00e9 sk\u00fa\u0161ky:<\/strong><\/h5>\n<ul>\n<li><strong>Pevnostn\u00e9 vlastnosti pri \u0165ahu <\/strong>IEC 60794-1-2-E1: 2400 N<\/li>\n<li><strong>Odolnos\u0165 proti rozdrveniu <\/strong>IEC 60794-1-2-E3: 4000 N\/100 mm<\/li>\n<li><strong>\u00dader <\/strong>IEC 60794-1-2-E4: 15 Nm<\/li>\n<\/ul>\n<h5><strong>Tourlight Low OD:<br \/>\n<\/strong>288-104-050<\/h5>\n<ul>\n<li><strong>Typ vl\u00e1kna <\/strong>ISO\/IEC 11801 OM3<\/li>\n<li><strong>Priemer jadra<\/strong> 50 \u00b1 2,5 \u00b5m<\/li>\n<li><strong>Priemer pl\u00e1\u0161\u0165a <\/strong>125 \u00b1 1 \u00b5m<\/li>\n<\/ul>\n<h5>OM3 multim\u00f3d:<\/h5>\n<ul>\n<li><strong>Tlmenie pri 850 nm <\/strong>\u2264 2,80 dB\/km<\/li>\n<li><strong>Tlmenie pri 1300 nm\u00a0<\/strong>\u2264 0,80 dB\/km<\/li>\n<li><strong>Priepustnos\u0165 pri 850 nm\u00a0<\/strong>\u2265 1500 MHz\/km<\/li>\n<li><strong>Priepustnos\u0165 pri 1300 nm\u00a0<\/strong>\u2265 500 MHz\/km<\/li>\n<\/ul>\n<h5>288-104-009<\/h5>\n<ul>\n<li><strong>Typ vl\u00e1kna <\/strong>ISO\/IEC 11801 OS1<\/li>\n<li><strong>Priemer jadra<\/strong> 9 \u00b1 0,40 \u00b5m<\/li>\n<li><strong>Priemer pl\u00e1\u0161\u0165a <\/strong>125 \u00b1 0,7 \u00b5m<\/li>\n<\/ul>\n<h5>OS1 jednovidov\u00fd:<\/h5>\n<ul>\n<li><strong>Tlmenie pri 1310 nm\u00a0<\/strong>\u2264 0,35 dB\/km<\/li>\n<li><strong>Tlmenie pri 1550 nm\u00a0<\/strong>\u2264 0,25 dB\/km<\/li>\n<\/ul>\n<h5><strong>V\u0161eobecn\u00e1 kon\u0161trukcia:<\/strong><\/h5>\n<ul>\n<li><strong>Materi\u00e1l obkladu<\/strong> Polyesterov\u00fd elastom\u00e9r<\/li>\n<li><strong>Priemer pokrytia<\/strong> 900 \u00b5m<\/li>\n<li><strong>Farby<\/strong> Modr\u00e1, \u017elt\u00e1, \u010derven\u00e1, biela<\/li>\n<li><strong>V\u00fdstu\u017en\u00e9 prvky<\/strong> Aramidov\u00e1 priadza<\/li>\n<li><strong>Materi\u00e1l povrchu<\/strong> \u0160peci\u00e1lny kompozit z PVC v odtieni Jet Black RAL 9005<\/li>\n<li><strong>Celkov\u00fd priemer<\/strong> 5,80 \u00b1 0,30 mm<\/li>\n<li><strong>R\u00e1dius ohybu<\/strong>a 15-n\u00e1sobok celkov\u00e9ho priemeru<\/li>\n<\/ul>\n<h5><strong>Mechanick\u00e9 sk\u00fa\u0161ky:<\/strong><\/h5>\n<ul>\n<li><strong>Pevnostn\u00e9 vlastnosti pri \u0165ahu <\/strong>IEC 60794-1-2-E1: 2400 N<\/li>\n<\/ul>\n<ul>\n<li style=\"list-style-type: none;\"><\/li>\n<\/ul>\n<div id=\"product-specifications\" class=\"vc_row wpb_row vc_row-fluid vc_custom_1538047796574\">\n<div class=\"wpb_column vc_column_container vc_col-sm-12\">\n<div class=\"vc_column-inner\">\n<div class=\"wpb_wrapper\">\n<div class=\"vc_tta-container\" data-vc-action=\"collapse\"><\/div>\n<\/div>\n<\/div>\n<\/div>\n<\/div>\n<div id=\"product-specifications\" class=\"vc_row wpb_row vc_row-fluid vc_custom_1538047796574\">\n<div class=\"wpb_column vc_column_container vc_col-sm-12\">\n<div class=\"vc_column-inner\">\n<div class=\"wpb_wrapper\">\n<div class=\"vc_tta-container\" data-vc-action=\"collapse\">\n<div class=\"vc_general vc_tta vc_tta-tabs vc_tta-color-grey vc_tta-style-classic vc_tta-shape-square vc_tta-o-shape-group vc_tta-tabs-position-top vc_tta-controls-align-left\">\n<div class=\"vc_tta-panels-container\">\n<div class=\"vc_tta-panels\">\n<div id=\"1537534903486-fd935797-f35124df-956f\" class=\"vc_tta-panel vc_active\" data-vc-content=\".vc_tta-panel-body\">\n<div class=\"vc_tta-panel-body\">\n<div class=\"wpb_vc_table wpb_content_element spec-tables spec-tables\">\n<table style=\"height: 48px; width: 1080px; border-style: solid; border-color: #000000;\" border=\"3px\">\n<tbody>\n<tr class=\"vc-th\" style=\"height: 23px;\">\n<td class=\"vc_table_cell\" style=\"height: 23px; width: 106px;\"><span class=\"vc_table_content\">\u010c\u00edslo modelu\u00a0<\/span><\/td>\n<td class=\"vc_table_cell\" style=\"height: 23px; width: 473px;\"><span class=\"vc_table_content\">Popis<\/span><\/td>\n<td style=\"width: 116px; height: 23px;\">D\u013a\u017eka cievky<\/td>\n<\/tr>\n<tr>\n<td class=\"vc_table_cell\" style=\"width: 106px;\"><span class=\"vc_table_content\">288-004-050<\/span><\/td>\n<td class=\"vc_table_cell\" style=\"width: 473px;\"><span class=\"vc_table_content\">Van Damme Tourlight II OM3 multim\u00f3dov\u00e9 4-\u017eilov\u00e9 optick\u00e9 vl\u00e1kno<\/span><\/td>\n<td class=\"vc_table_cell\" style=\"width: 116px;\"><span class=\"vc_table_content\">500 m<\/span><\/td>\n<\/tr>\n<tr>\n<td class=\"vc_table_cell\" style=\"width: 106px;\"><span class=\"vc_table_content\">288-004-009<\/span><\/td>\n<td class=\"vc_table_cell\" style=\"width: 473px;\"><span class=\"vc_table_content\">Van Damme Tourlight II OS1 jednovlnov\u00fd 4-\u017eilov\u00fd optick\u00fd k\u00e1bel<\/span><\/td>\n<td class=\"vc_table_cell\" style=\"width: 116px;\"><span class=\"vc_table_content\">500 m<\/span><\/td>\n<\/tr>\n<tr>\n<td class=\"vc_table_cell\" style=\"width: 106px;\"><span class=\"vc_table_content\">288-104-050<\/span><\/td>\n<td class=\"vc_table_cell\" style=\"width: 473px;\"><span class=\"vc_table_content\">Van Damme Tourlight Low OD OM3 multim\u00f3dov\u00e9 4-\u017eilov\u00e9 optick\u00e9 vl\u00e1kno<\/span><\/td>\n<td class=\"vc_table_cell\" style=\"width: 116px;\"><span class=\"vc_table_content\">500 m<\/span><\/td>\n<\/tr>\n<tr>\n<td class=\"vc_table_cell\" style=\"width: 106px;\"><span class=\"vc_table_content\">288-104-009<\/span><\/td>\n<td class=\"vc_table_cell\" style=\"width: 473px;\"><span class=\"vc_table_content\">Van Damme Tourlight Low OD OS1 jednore\u017eimov\u00e9 4-\u017eilov\u00e9 optick\u00e9 vl\u00e1kno<\/span><\/td>\n<td class=\"vc_table_cell\" style=\"width: 116px;\"><span class=\"vc_table_content\">1000 m<\/span><\/td>\n<\/tr>\n<tr>\n<td class=\"vc_table_cell\" style=\"width: 106px;\"><span class=\"vc_table_content\">268-662-022<\/span><\/td>\n<td class=\"vc_table_cell\" style=\"width: 473px;\"><span class=\"vc_table_content\">Van Damme TourCat 2 x Cat 6A, 2 x AES p\u00e1r, 3 x 2,5 mm\u00b2 viac\u017eilov\u00fd nap\u00e1jac\u00ed k\u00e1bel<\/span><\/td>\n<td class=\"vc_table_cell\" style=\"width: 116px;\"><span class=\"vc_table_content\">500 m<\/span><\/td>\n<\/tr>\n<tr>\n<td class=\"vc_table_cell\" style=\"width: 106px;\"><span class=\"vc_table_content\">268-622-084<\/span><\/td>\n<td class=\"vc_table_cell\" style=\"width: 473px;\"><span class=\"vc_table_content\">Van Damme TourCat 4 x Cat 6A, 8 x AES p\u00e1rov\u00fdch vodi\u010dov, 3 x 2,5 mm\u00b2 viac\u017eilov\u00fd nap\u00e1jac\u00ed k\u00e1bel<\/span><\/td>\n<td class=\"vc_table_cell\" style=\"width: 116px;\"><span class=\"vc_table_content\">500 m<\/span><\/td>\n<\/tr>\n<\/tbody>\n<\/table>\n<\/div>\n<\/div>\n<\/div>\n<\/div>\n<\/div>\n<\/div>\n<\/div>\n<\/div>\n<\/div>\n<\/div>\n<\/div>\n<p>&nbsp;<\/p>","protected":false},"excerpt":{"rendered":"<h1 style=\"text-align: center;\"><b>VAN DAMME TOURLIGHT TACTICAL FIBRE CABLE<\/b><\/h1>","protected":false},"featured_media":12180,"template":"","meta":{"_acf_changed":false,"_et_pb_use_builder":"","_et_pb_old_content":"","_et_gb_content_width":"","inline_featured_image":false},"product_cat":[309,311,300],"product_tag":[],"class_list":["post-12179","product","type-product","status-publish","has-post-thumbnail","product_cat-kable-cat-i-swiatlowodowe","product_cat-kable-swiatlowodowe","product_cat-van-damme","first","instock","shipping-taxable","product-type-simple"],"acf":[],"_links":{"self":[{"href":"https:\/\/commercialaudio.pl\/sk\/wp-json\/wp\/v2\/product\/12179","targetHints":{"allow":["GET"]}}],"collection":[{"href":"https:\/\/commercialaudio.pl\/sk\/wp-json\/wp\/v2\/product"}],"about":[{"href":"https:\/\/commercialaudio.pl\/sk\/wp-json\/wp\/v2\/types\/product"}],"wp:featuredmedia":[{"embeddable":true,"href":"https:\/\/commercialaudio.pl\/sk\/wp-json\/wp\/v2\/media\/12180"}],"wp:attachment":[{"href":"https:\/\/commercialaudio.pl\/sk\/wp-json\/wp\/v2\/media?parent=12179"}],"wp:term":[{"taxonomy":"product_cat","embeddable":true,"href":"https:\/\/commercialaudio.pl\/sk\/wp-json\/wp\/v2\/product_cat?post=12179"},{"taxonomy":"product_tag","embeddable":true,"href":"https:\/\/commercialaudio.pl\/sk\/wp-json\/wp\/v2\/product_tag?post=12179"}],"curies":[{"name":"wp","href":"https:\/\/api.w.org\/{rel}","templated":true}]}}