{"id":2500,"date":"2021-05-19T17:27:48","date_gmt":"2021-05-19T15:27:48","guid":{"rendered":"https:\/\/commercialaudio.pl\/?post_type=product&#038;p=2500"},"modified":"2024-09-27T12:05:00","modified_gmt":"2024-09-27T10:05:00","slug":"controlspace-ex","status":"publish","type":"product","link":"https:\/\/commercialaudio.pl\/sk\/produkt\/controlspace-ex\/","title":{"rendered":"Controlspace EX"},"content":{"rendered":"<p>ControlSpace EX nale\u017cy do serii procesor\u00f3w DSP Bose Professional o otwartej architekturze, kt\u00f3re przeznaczone s\u0105 do szeregu zastosowa\u0144 &#8211; od ma\u0142ych, samodzielnych projekt\u00f3w po du\u017ce systemy sieciowe. Dzi\u0119ki wysokiej jako\u015bci obwodom analogowym, zaawansowanemu przetwarzaniu sygna\u0142u cyfrowego i zintegrowanemu wyj\u015bciu AmpLink, procesory DSP Bose Professional zosta\u0142y zaprojektowane z my\u015bl\u0105 o precyzji i najwy\u017cszej wydajno\u015bci. Seria procesor\u00f3w DSP dedykowana dla system\u00f3w konferencyjnych. ControlSpace EX pozwol\u0105 na obs\u0142ug\u0119 system\u00f3w audio o r\u00f3\u017cnych rozmiarach. Procesory EX s\u0105 te\u017c cz\u0119\u015bci\u0105 wszechstronnej rodziny produkt\u00f3w konferencyjnych;<span class=\"Apple-converted-space\">\u00a0 <\/span>zosil\u0148ova\u010dov, koncov\u00fdch zariaden\u00ed Dante a reproduktorov Bose.<span class=\"Apple-converted-space\">\u00a0<\/span> Sign\u00e1lne procesory Bose Professional predstavuj\u00fa v\u00fdber zariaden\u00ed, ktor\u00fdch rozmanitos\u0165 umo\u017e\u0148uje prisp\u00f4sobenie sa ak\u00e9muko\u013evek projektu. Od men\u0161\u00edch in\u0161tal\u00e1ci\u00ed a\u017e po rozsiahle viacz\u00f3nov\u00e9 ozvu\u010denie objektov. Procesory Bose pom\u00f4\u017eu projektantovi vytvori\u0165 univerz\u00e1lny, \u013eahko ovl\u00e1date\u013en\u00fd syst\u00e9m, ktor\u00fd zabezpe\u010d\u00ed pln\u00fa kontrolu nad tokom a spracovan\u00edm sign\u00e1lov a spln\u00ed o\u010dak\u00e1vania ka\u017ed\u00e9ho z\u00e1kazn\u00edka. Procesory Bose spolupracuj\u00fa so syst\u00e9mami inteligentn\u00fdch budov prostredn\u00edctvom univerz\u00e1lnej s\u00e9riovej zbernice, \u010do zaru\u010duje jednoduch\u00fa integr\u00e1ciu do zlo\u017eit\u00fdch in\u0161tal\u00e1ci\u00ed.<br \/>\n&nbsp;<\/p>\n<div class='one_fourth'>\n\t\t\t\t\t<div id=\"attachment_2501\" style=\"width: 510px\" class=\"wp-caption aligncenter\"><a href=\"https:\/\/commercialaudio.pl\/sk\/produkt\/digitalny-riadiaci-procesor-ex-1280\/\" target=\"_blank\" rel=\"noopener\"><img loading=\"lazy\" decoding=\"async\" aria-describedby=\"caption-attachment-2501\" class=\"wp-image-2501\" src=\"https:\/\/commercialaudio.pl\/wp-content\/uploads\/2021\/05\/commercial-audio-procesor-bose-controlspace-1280.jpg\" alt=\"Procesor Bose ControlSpace 1280\" width=\"500\" height=\"500\" srcset=\"https:\/\/commercialaudio.pl\/wp-content\/uploads\/2021\/05\/commercial-audio-procesor-bose-controlspace-1280.jpg 500w, https:\/\/commercialaudio.pl\/wp-content\/uploads\/2021\/05\/commercial-audio-procesor-bose-controlspace-1280-480x480.jpg 480w\" sizes=\"(min-width: 0px) and (max-width: 480px) 480px, (min-width: 481px) 500px, 100vw\" \/><\/a><p id=\"caption-attachment-2501\" class=\"wp-caption-text\">Procesor Bose Professional ControlSpace EX-1280<\/p><\/div>\n\t\t\t\t<\/div> <div class='one_fourth'>\n\t\t\t\t\t<div id=\"attachment_2486\" style=\"width: 510px\" class=\"wp-caption aligncenter\"><a href=\"https:\/\/commercialaudio.pl\/sk\/produkt\/signalovy-procesor-bose-ex-12aec\/\" target=\"_blank\" rel=\"noopener\"><img loading=\"lazy\" decoding=\"async\" aria-describedby=\"caption-attachment-2486\" class=\"wp-image-2486\" src=\"https:\/\/commercialaudio.pl\/wp-content\/uploads\/2021\/05\/commercial-audio-procesor-bose-controlspace-ex12ec.jpg\" alt=\"Procesor Bose Professional ControlSpace EX12EC\" width=\"500\" height=\"500\" srcset=\"https:\/\/commercialaudio.pl\/wp-content\/uploads\/2021\/05\/commercial-audio-procesor-bose-controlspace-ex12ec.jpg 500w, https:\/\/commercialaudio.pl\/wp-content\/uploads\/2021\/05\/commercial-audio-procesor-bose-controlspace-ex12ec-480x480.jpg 480w\" sizes=\"(min-width: 0px) and (max-width: 480px) 480px, (min-width: 481px) 500px, 100vw\" \/><\/a><p id=\"caption-attachment-2486\" class=\"wp-caption-text\">Procesor Bose Professional ControlSpace EX-12AEC<\/p><\/div>\n\t\t\t\t<\/div> <div class='one_fourth'>\n\t\t\t\t\t<div id=\"attachment_2487\" style=\"width: 510px\" class=\"wp-caption aligncenter\"><a href=\"https:\/\/commercialaudio.pl\/sk\/produkt\/konferencny-procesor-ex-440c\/\" target=\"_blank\" rel=\"noopener\"><img loading=\"lazy\" decoding=\"async\" aria-describedby=\"caption-attachment-2487\" class=\"wp-image-2487\" src=\"https:\/\/commercialaudio.pl\/wp-content\/uploads\/2021\/05\/commercial-audio-procesor-bose-controlspace-ex440c.jpg\" alt=\"Procesor Bose ControlSpace EX440C\" width=\"500\" height=\"500\" srcset=\"https:\/\/commercialaudio.pl\/wp-content\/uploads\/2021\/05\/commercial-audio-procesor-bose-controlspace-ex440c.jpg 500w, https:\/\/commercialaudio.pl\/wp-content\/uploads\/2021\/05\/commercial-audio-procesor-bose-controlspace-ex440c-480x480.jpg 480w\" sizes=\"(min-width: 0px) and (max-width: 480px) 480px, (min-width: 481px) 500px, 100vw\" \/><\/a><p id=\"caption-attachment-2487\" class=\"wp-caption-text\">Procesor Bose Professional ControlSpace EX-440C<\/p><\/div>\n\t\t\t\t<\/div> <div class='one_fourth et_column_last'>\n\t\t\t\t\t<div id=\"attachment_2488\" style=\"width: 810px\" class=\"wp-caption aligncenter\"><a href=\"https:\/\/commercialaudio.pl\/sk\/produkt\/konferencny-procesor-bose-ex-1280c\/\" target=\"_blank\" rel=\"noopener\"><img loading=\"lazy\" decoding=\"async\" aria-describedby=\"caption-attachment-2488\" class=\"wp-image-2488 size-full\" src=\"https:\/\/commercialaudio.pl\/wp-content\/uploads\/2021\/05\/commercial-audio-procesor-bose-controlspace-1280c.jpg\" alt=\"Procesor Bose ControlSpace 1280C\" width=\"800\" height=\"800\" srcset=\"https:\/\/commercialaudio.pl\/wp-content\/uploads\/2021\/05\/commercial-audio-procesor-bose-controlspace-1280c.jpg 800w, https:\/\/commercialaudio.pl\/wp-content\/uploads\/2021\/05\/commercial-audio-procesor-bose-controlspace-1280c-480x480.jpg 480w\" sizes=\"(min-width: 0px) and (max-width: 480px) 480px, (min-width: 481px) 800px, 100vw\" \/><\/a><p id=\"caption-attachment-2488\" class=\"wp-caption-text\">Procesor Bose Professional ControlSpace EX-1280C<\/p><\/div>\n\t\t\t\t<\/div><div class='clear'><\/div><\/p>\n<div class='one_fourth'>\n\t\t\t\t\t<div id=\"attachment_9506\" style=\"width: 310px\" class=\"wp-caption aligncenter\"><a href=\"https:\/\/commercialaudio.pl\/sk\/produkt\/koncovy-bod-dante-controlspace-ex-8ml\/\" target=\"_blank\" rel=\"noopener\"><img loading=\"lazy\" decoding=\"async\" aria-describedby=\"caption-attachment-9506\" class=\"wp-image-9506 size-full\" src=\"https:\/\/commercialaudio.pl\/wp-content\/uploads\/2024\/09\/endpoint_ex_8ml_min.png\" alt=\"koncov\u00fd bod\" width=\"300\" height=\"300\" srcset=\"https:\/\/commercialaudio.pl\/wp-content\/uploads\/2024\/09\/endpoint_ex_8ml_min.png 300w, https:\/\/commercialaudio.pl\/wp-content\/uploads\/2024\/09\/endpoint_ex_8ml_min-150x150.png 150w, https:\/\/commercialaudio.pl\/wp-content\/uploads\/2024\/09\/endpoint_ex_8ml_min-100x100.png 100w, https:\/\/commercialaudio.pl\/wp-content\/uploads\/2024\/09\/endpoint_ex_8ml_min-64x64.png 64w\" sizes=\"(max-width: 300px) 100vw, 300px\" \/><\/a><p id=\"caption-attachment-9506\" class=\"wp-caption-text\">Koncov\u00fd bod Dante - Bose Professional ControlSpace EX-8ML<\/p><\/div>\n\t\t\t\t<\/div>\n<div class='one_fourth'>\n\t\t\t\t\t<div id=\"attachment_9509\" style=\"width: 310px\" class=\"wp-caption aligncenter\"><a href=\"https:\/\/commercialaudio.pl\/sk\/produkt\/koncovy-bod-dante-controlspace-ex-4ml\/\" target=\"_blank\" rel=\"noopener\"><img loading=\"lazy\" decoding=\"async\" aria-describedby=\"caption-attachment-9509\" class=\"wp-image-9509 size-full\" src=\"https:\/\/commercialaudio.pl\/wp-content\/uploads\/2024\/09\/endpoint_dante_ex_4ml_min.png\" alt=\"koncov\u00fd bod dante\" width=\"300\" height=\"300\" srcset=\"https:\/\/commercialaudio.pl\/wp-content\/uploads\/2024\/09\/endpoint_dante_ex_4ml_min.png 300w, https:\/\/commercialaudio.pl\/wp-content\/uploads\/2024\/09\/endpoint_dante_ex_4ml_min-150x150.png 150w, https:\/\/commercialaudio.pl\/wp-content\/uploads\/2024\/09\/endpoint_dante_ex_4ml_min-100x100.png 100w, https:\/\/commercialaudio.pl\/wp-content\/uploads\/2024\/09\/endpoint_dante_ex_4ml_min-64x64.png 64w\" sizes=\"(max-width: 300px) 100vw, 300px\" \/><\/a><p id=\"caption-attachment-9509\" class=\"wp-caption-text\">Koncov\u00fd bod Dante - Bose Professional ControlSpace EX-4ML<\/p><\/div>\n\t\t\t\t<\/div>\n<div class='one_fourth et_column_last'>\n\t\t\t\t\t<div id=\"attachment_9512\" style=\"width: 310px\" class=\"wp-caption aligncenter\"><a href=\"https:\/\/commercialaudio.pl\/sk\/produkt\/koncovy-bod-controlspace-ex-uh\/\" target=\"_blank\" rel=\"noopener\"><img loading=\"lazy\" decoding=\"async\" aria-describedby=\"caption-attachment-9512\" class=\"wp-image-9512 size-full\" src=\"https:\/\/commercialaudio.pl\/wp-content\/uploads\/2024\/09\/punkt_koncowy_ex_uh_min.png\" alt=\"koncov\u00fd bod\" width=\"300\" height=\"300\" srcset=\"https:\/\/commercialaudio.pl\/wp-content\/uploads\/2024\/09\/punkt_koncowy_ex_uh_min.png 300w, https:\/\/commercialaudio.pl\/wp-content\/uploads\/2024\/09\/punkt_koncowy_ex_uh_min-150x150.png 150w, https:\/\/commercialaudio.pl\/wp-content\/uploads\/2024\/09\/punkt_koncowy_ex_uh_min-100x100.png 100w, https:\/\/commercialaudio.pl\/wp-content\/uploads\/2024\/09\/punkt_koncowy_ex_uh_min-64x64.png 64w\" sizes=\"(max-width: 300px) 100vw, 300px\" \/><\/a><p id=\"caption-attachment-9512\" class=\"wp-caption-text\">Endpoint Dante &#8211; Bose Professional ControlSpace EX-UH<\/p><\/div>\n\t\t\t\t<\/div><div class='clear'><\/div>","protected":false},"excerpt":{"rendered":"<h1 style=\"text-align: center;\"><strong>Controlspace EX<\/strong><\/h1>","protected":false},"featured_media":2487,"template":"","meta":{"_acf_changed":false,"_et_pb_use_builder":"off","_et_pb_old_content":"ControlSpace EX nale\u017cy do serii procesor\u00f3w DSP Bose Professional o otwartej architekturze, kt\u00f3re przeznaczone s\u0105 do szeregu zastosowa\u0144 - od ma\u0142ych, samodzielnych projekt\u00f3w po du\u017ce systemy sieciowe. Dzi\u0119ki wysokiej jako\u015bci obwodom analogowym, zaawansowanemu przetwarzaniu sygna\u0142u cyfrowego i zintegrowanemu wyj\u015bciu AmpLink, procesory DSP Bose Professional zosta\u0142y zaprojektowane z my\u015bl\u0105 o precyzji i najwy\u017cszej wydajno\u015bci.\r\n\r\nSeria procesor\u00f3w DSP dedykowana dla system\u00f3w konferencyjnych. ControlSpace EX pozwol\u0105 na obs\u0142ug\u0119 system\u00f3w audio o r\u00f3\u017cnych rozmiarach. Procesory EX s\u0105 te\u017c cz\u0119\u015bci\u0105 wszechstronnej rodziny produkt\u00f3w konferencyjnych;<span class=\"Apple-converted-space\">\u00a0 <\/span>wzmacniaczy, Dante Endpoints i g\u0142o\u015bnik\u00f3w Bose.<span class=\"Apple-converted-space\">\u00a0<\/span>\r\n\r\nProcesory sygna\u0142owe Bose Professional to wyb\u00f3r urz\u0105dze\u0144 o r\u00f3\u017cnorodno\u015bci umo\u017cliwiaj\u0105cej adaptacj\u0119 do ka\u017cdego projektu. Od mniejszych instalacji poprzez rozbudowane, wielostrefowe nag\u0142o\u015bnienie obiekt\u00f3w. Procesory Bose pomog\u0105 stworzy\u0107 projektantowi wszechstronny, \u0142atwy w obs\u0142udze system kt\u00f3ry b\u0119dzie zapewnia\u0142 pe\u0142n\u0105 kontrol\u0119 nad przep\u0142ywem i przetwarzaniem sygna\u0142\u00f3w i spe\u0142ni oczekiwania ka\u017cdego klienta. Procesory Bose wsp\u00f3\u0142pracuj\u0105 z systemami inteligentnego budynku za pomoc\u0105 uniwersalnej magistrali szeregowej co zapewnia \u0142atwo\u015b\u0107 integracji w z\u0142o\u017conych instalacjach.\r\n\r\n\u00a0\r\n\r\n[one_fourth]\r\n\r\n[caption id=\"attachment_2501\" align=\"aligncenter\" width=\"500\"]<a href=\"https:\/\/commercialaudio.pl\/wp-content\/uploads\/2021\/05\/tds_ControlSpace_EX-1280.pdf\" target=\"_blank\" rel=\"noopener\"><img class=\"wp-image-2501\" src=\"https:\/\/commercialaudio.pl\/wp-content\/uploads\/2021\/05\/commercial-audio-procesor-bose-controlspace-1280.jpg\" alt=\"Procesor Bose ControlSpace 1280\" width=\"500\" height=\"500\" \/><\/a> Procesor Bose ControlSpace 1280[\/caption]\r\n\r\n[\/one_fourth]\r\n\r\n[one_fourth]\r\n\r\n[caption id=\"attachment_2486\" align=\"aligncenter\" width=\"500\"]<img class=\"wp-image-2486\" src=\"https:\/\/commercialaudio.pl\/wp-content\/uploads\/2021\/05\/commercial-audio-procesor-bose-controlspace-ex12ec.jpg\" alt=\"Procesor Bose ControlSpace EX12EC\" width=\"500\" height=\"500\" \/> Procesor Bose ControlSpace EX12EC[\/caption]\r\n\r\n[\/one_fourth]\r\n\r\n[one_fourth]\r\n\r\n[caption id=\"attachment_2487\" align=\"aligncenter\" width=\"500\"]<img class=\"wp-image-2487\" src=\"https:\/\/commercialaudio.pl\/wp-content\/uploads\/2021\/05\/commercial-audio-procesor-bose-controlspace-ex440c.jpg\" alt=\"Procesor Bose ControlSpace EX440C\" width=\"500\" height=\"500\" \/> Procesor Bose ControlSpace EX440C[\/caption]\r\n\r\n[\/one_fourth]\r\n\r\n[one_fourth_last]\r\n\r\n[caption id=\"attachment_2488\" align=\"aligncenter\" width=\"500\"]<img class=\"wp-image-2488\" src=\"https:\/\/commercialaudio.pl\/wp-content\/uploads\/2021\/05\/commercial-audio-procesor-bose-controlspace-1280c.jpg\" alt=\"Procesor Bose ControlSpace 1280C \" width=\"500\" height=\"500\" \/> Procesor Bose ControlSpace 1280C[\/caption]\r\n\r\n[\/one_fourth_last]","_et_gb_content_width":"","inline_featured_image":false},"product_cat":[19],"product_tag":[],"class_list":["post-2500","product","type-product","status-publish","has-post-thumbnail","product_cat-procesory-sygnalowe","first","instock","shipping-taxable","product-type-simple"],"acf":[],"_links":{"self":[{"href":"https:\/\/commercialaudio.pl\/sk\/wp-json\/wp\/v2\/product\/2500","targetHints":{"allow":["GET"]}}],"collection":[{"href":"https:\/\/commercialaudio.pl\/sk\/wp-json\/wp\/v2\/product"}],"about":[{"href":"https:\/\/commercialaudio.pl\/sk\/wp-json\/wp\/v2\/types\/product"}],"wp:featuredmedia":[{"embeddable":true,"href":"https:\/\/commercialaudio.pl\/sk\/wp-json\/wp\/v2\/media\/2487"}],"wp:attachment":[{"href":"https:\/\/commercialaudio.pl\/sk\/wp-json\/wp\/v2\/media?parent=2500"}],"wp:term":[{"taxonomy":"product_cat","embeddable":true,"href":"https:\/\/commercialaudio.pl\/sk\/wp-json\/wp\/v2\/product_cat?post=2500"},{"taxonomy":"product_tag","embeddable":true,"href":"https:\/\/commercialaudio.pl\/sk\/wp-json\/wp\/v2\/product_tag?post=2500"}],"curies":[{"name":"wp","href":"https:\/\/api.w.org\/{rel}","templated":true}]}}